{"id":555,"date":"2023-02-10T14:46:25","date_gmt":"2023-02-10T14:46:25","guid":{"rendered":"https:\/\/www.belfoodservice.ch\/recettes\/camembert-alpenhain-pane-avec-legumes\/"},"modified":"2025-10-28T12:26:41","modified_gmt":"2025-10-28T12:26:41","slug":"camembert-alpenhain-pane-avec-legumes","status":"publish","type":"recette","link":"https:\/\/www.belfoodservice.ch\/de\/rezepte\/camembert-alpenhain-pane-avec-legumes\/","title":{"rendered":"Back-Camembert Alpenhain\u00ae mit Gem\u00fcse"},"content":{"rendered":"<div id=\"wpzoom-premium-recipe-card\" class=\"wp-block-wpzoom-recipe-card-block-recipe-card header-content-align-left block-alignment-left is-style-default wpzoom-recipe-card-block-adjustable-servings\">\n\t\t\t<div class=\"recipe-card-image\">\n\t\t\t<figure>\n\t\t\t\t<img width=\"400\" height=\"400\" src=\"https:\/\/www.belfoodservice.ch\/wp-content\/uploads\/2023\/02\/1050.1623336215.jpg\" class=\"wpzoom-recipe-card-image\" alt=\"Back-Camembert Alpenhain\u00ae mit Gem\u00fcse\" decoding=\"async\" loading=\"lazy\" id=\"331\" data-pin-media=\"https:\/\/www.belfoodservice.ch\/wp-content\/uploads\/2023\/02\/1050.1623336215.jpg\" data-pin-description=\"Back-Camembert Alpenhain\u00ae mit Gem\u00fcse\" srcset=\"https:\/\/www.belfoodservice.ch\/wp-content\/uploads\/2023\/02\/1050.1623336215.jpg 400w, https:\/\/www.belfoodservice.ch\/wp-content\/uploads\/2023\/02\/1050.1623336215-300x300.jpg 300w, https:\/\/www.belfoodservice.ch\/wp-content\/uploads\/2023\/02\/1050.1623336215-150x150.jpg 150w\" sizes=\"(max-width: 400px) 100vw, 400px\" \/>\t\t\t\t<figcaption>\n\t\t\t\t\t\t\t\t\t\t<div class=\"wpzoom-recipe-card-print-link\">\n\t            <a class=\"btn-print-link no-print\" href=\"#wpzoom-premium-recipe-card\" title=\"Print directions\" data-servings-size=\"10\" data-recipe-id=\"555\" data-recipe-altunit=\"\">\n\t            \t<svg class=\"wpzoom-rcb-icon-print-link\" width=\"32\" height=\"32\" viewBox=\"0 0 19 18\" fill=\"none\" xmlns=\"http:\/\/www.w3.org\/2000\/svg\">\n                        <path d=\"M5 7.2C4.822 7.2 4.64799 7.25278 4.49999 7.35168C4.35198 7.45057 4.23663 7.59113 4.16851 7.75558C4.10039 7.92004 4.08257 8.101 4.11729 8.27558C4.15202 8.45016 4.23774 8.61053 4.3636 8.7364C4.48947 8.86226 4.64984 8.94798 4.82442 8.98271C4.999 9.01743 5.17996 8.99961 5.34441 8.93149C5.50887 8.86337 5.64943 8.74802 5.74832 8.60001C5.84722 8.45201 5.9 8.278 5.9 8.1C5.9 7.8613 5.80518 7.63239 5.6364 7.4636C5.46761 7.29482 5.23869 7.2 5 7.2ZM15.8 3.6H14.9V0.9C14.9 0.661305 14.8052 0.432387 14.6364 0.263604C14.4676 0.0948211 14.2387 0 14 0H5C4.76131 0 4.53239 0.0948211 4.3636 0.263604C4.19482 0.432387 4.1 0.661305 4.1 0.9V3.6H3.2C2.48392 3.6 1.79716 3.88446 1.29081 4.39081C0.784464 4.89716 0.5 5.58392 0.5 6.3V11.7C0.5 12.4161 0.784464 13.1028 1.29081 13.6092C1.79716 14.1155 2.48392 14.4 3.2 14.4H4.1V17.1C4.1 17.3387 4.19482 17.5676 4.3636 17.7364C4.53239 17.9052 4.76131 18 5 18H14C14.2387 18 14.4676 17.9052 14.6364 17.7364C14.8052 17.5676 14.9 17.3387 14.9 17.1V14.4H15.8C16.5161 14.4 17.2028 14.1155 17.7092 13.6092C18.2155 13.1028 18.5 12.4161 18.5 11.7V6.3C18.5 5.58392 18.2155 4.89716 17.7092 4.39081C17.2028 3.88446 16.5161 3.6 15.8 3.6ZM5.9 1.8H13.1V3.6H5.9V1.8ZM13.1 16.2H5.9V12.6H13.1V16.2ZM16.7 11.7C16.7 11.9387 16.6052 12.1676 16.4364 12.3364C16.2676 12.5052 16.0387 12.6 15.8 12.6H14.9V11.7C14.9 11.4613 14.8052 11.2324 14.6364 11.0636C14.4676 10.8948 14.2387 10.8 14 10.8H5C4.76131 10.8 4.53239 10.8948 4.3636 11.0636C4.19482 11.2324 4.1 11.4613 4.1 11.7V12.6H3.2C2.9613 12.6 2.73239 12.5052 2.5636 12.3364C2.39482 12.1676 2.3 11.9387 2.3 11.7V6.3C2.3 6.0613 2.39482 5.83239 2.5636 5.6636C2.73239 5.49482 2.9613 5.4 3.2 5.4H15.8C16.0387 5.4 16.2676 5.49482 16.4364 5.6636C16.6052 5.83239 16.7 6.0613 16.7 6.3V11.7Z\"\/>\n                        <\/svg>\n\t                <span>Print<\/span>\n\t            <\/a>\n\t        <\/div>\t\t\t\t<\/figcaption>\n\t\t\t<\/figure>\n\t\t<\/div><!-- \/.recipe-card-image -->\n\t\t<div class=\"recipe-card-heading\">\n\t\t<h2 class=\"recipe-card-title\">Back-Camembert Alpenhain\u00ae mit Gem\u00fcse<\/h2>\n\t\t<div class=\"wpzoom-rating-stars-container\" data-rating=\"0.0\" data-rating-total=\"0\" data-recipe-id=\"555\" data-user-can-rate=\"1\">\n\t\t\t\t<ul class=\"wpzoom-rating-stars\"><li class=\"wpz-empty-star wpz-star-icon\"><\/li><li class=\"wpz-empty-star wpz-star-icon\"><\/li><li class=\"wpz-empty-star wpz-star-icon\"><\/li><li class=\"wpz-empty-star wpz-star-icon\"><\/li><li class=\"wpz-empty-star wpz-star-icon\"><\/li><\/ul><span class=\"wpzoom-rating-stars-average\"><small class=\"wpzoom-rating-average\">0<\/small> <small>from<\/small> <small class=\"wpzoom-rating-total-votes\">0<\/small> <small>votes<\/small><\/span>\n\t\t\t\t<em class=\"wpzoom-rating-stars-tooltip\"><\/em>\n\t\t\t<\/div>\t\t\t\t\t<\/div><!-- \/.recipe-card-heading -->\n\n\t\n\t\t\t<div class=\"recipe-card-details\">\n\t\t\t<div class=\"details-items\"><div class=\"detail-item detail-item-0\"><span class=\"detail-item-icon oldicon oldicon-food\"><\/span><span class=\"detail-item-label\">Portionen<\/span><div class=\"detail-item-value adjustable-quantity no-print\">\n\t\t\t\t\t\t\t<input class=\"detail-item-adjustable-servings\" type=\"number\" data-servings=\"10\" data-original-servings=\"10\" value=\"10\" min=\"1\" step=\"1\"\/>\n\t\t\t\t\t\t<\/div><p class=\"detail-item-value only-print-visible\">10<\/p><span class=\"detail-item-unit\">portionen<\/span><\/div><div class=\"detail-item detail-item-1\"><span class=\"detail-item-icon oldicon oldicon-clock\"><\/span><span class=\"detail-item-label\">Vorbereitungszeit<\/span><p class=\"detail-item-value\">25<\/p><span class=\"detail-item-unit\">Minuten<\/span><\/div><\/div>\n\t\t<\/div>\n\t\n\t\n\t\n\t\n\t\n    \n\t\t\n\t\t\t<div class=\"recipe-card-ingredients\">\n\t\t\t<h3 class=\"ingredients-title\">Zutaten<\/h3>\n            \t\t\t<ul class=\"ingredients-list layout-1-column\"><li id=\"wpzoom-rcb-ingredient-item-63e628f8b28f1\" class=\"ingredient-item\"><span class=\"tick-circle\"><\/span><p class=\"ingredient-item-name is-strikethrough-active\"><span class=\"wpzoom-rcb-ingredient wpzoom-rcb-ingredient-amount\">10<\/span> <span class=\"wpzoom-rcb-ingredient wpzoom-rcb-ingredient-unit\">Stk.<\/span> <span class=\"wpzoom-rcb-alt-ingredient wpzoom-rcb-ingredient-alt-amount\">10<\/span>  <span class=\"wpzoom-rcb-ingredient-name\">Back Camembert (Alpenhain\u00ae)<\/span><\/p><\/li><li id=\"wpzoom-rcb-ingredient-item-63e628f8b28f2\" class=\"ingredient-item\"><span class=\"tick-circle\"><\/span><p class=\"ingredient-item-name is-strikethrough-active\"><span class=\"wpzoom-rcb-ingredient wpzoom-rcb-ingredient-amount\">1.4<\/span> <span class=\"wpzoom-rcb-ingredient wpzoom-rcb-ingredient-unit\">kg<\/span> <span class=\"wpzoom-rcb-alt-ingredient wpzoom-rcb-ingredient-alt-amount\">1.4<\/span>  <span class=\"wpzoom-rcb-ingredient-name\">Geschwellte Kartoffeln<\/span><\/p><\/li><li id=\"wpzoom-rcb-ingredient-item-63e628f8b28f3\" class=\"ingredient-item\"><span class=\"tick-circle\"><\/span><p class=\"ingredient-item-name is-strikethrough-active\"><span class=\"wpzoom-rcb-ingredient wpzoom-rcb-ingredient-amount\">300<\/span> <span class=\"wpzoom-rcb-ingredient wpzoom-rcb-ingredient-unit\">g<\/span> <span class=\"wpzoom-rcb-alt-ingredient wpzoom-rcb-ingredient-alt-amount\">300<\/span>  <span class=\"wpzoom-rcb-ingredient-name\">Stangensellerie<\/span><\/p><\/li><li id=\"wpzoom-rcb-ingredient-item-63e628f8b28f4\" class=\"ingredient-item\"><span class=\"tick-circle\"><\/span><p class=\"ingredient-item-name is-strikethrough-active\"><span class=\"wpzoom-rcb-ingredient wpzoom-rcb-ingredient-amount\">20<\/span> <span class=\"wpzoom-rcb-ingredient wpzoom-rcb-ingredient-unit\">EL<\/span> <span class=\"wpzoom-rcb-alt-ingredient wpzoom-rcb-ingredient-alt-amount\">20<\/span>  <span class=\"wpzoom-rcb-ingredient-name\">\u00d6L<\/span><\/p><\/li><li id=\"wpzoom-rcb-ingredient-item-1676028267456132\" class=\"ingredient-item\"><span class=\"tick-circle\"><\/span><p class=\"ingredient-item-name is-strikethrough-active\"><span class=\"wpzoom-rcb-ingredient wpzoom-rcb-ingredient-amount\">10<\/span> <span class=\"wpzoom-rcb-ingredient wpzoom-rcb-ingredient-unit\">EL<\/span> <span class=\"wpzoom-rcb-alt-ingredient wpzoom-rcb-ingredient-alt-amount\">10<\/span>  <span class=\"wpzoom-rcb-ingredient-name\">Weisser Balsamico<\/span><\/p><\/li><li id=\"wpzoom-rcb-ingredient-item-1676028268133137\" class=\"ingredient-item\"><span class=\"tick-circle\"><\/span><p class=\"ingredient-item-name is-strikethrough-active\"><span class=\"wpzoom-rcb-ingredient wpzoom-rcb-ingredient-amount\">1<\/span>  <span class=\"wpzoom-rcb-alt-ingredient wpzoom-rcb-ingredient-alt-amount\">1<\/span>  <span class=\"wpzoom-rcb-ingredient-name\">Eier (optional)<\/span><\/p><\/li><li id=\"wpzoom-rcb-ingredient-item-1676040170815196\" class=\"ingredient-item\"><span class=\"tick-circle\"><\/span><p class=\"ingredient-item-name is-strikethrough-active\">    <span class=\"wpzoom-rcb-ingredient-name\">Sprossen<\/span><\/p><\/li><li id=\"wpzoom-rcb-ingredient-item-1676040187218209\" class=\"ingredient-item\"><span class=\"tick-circle\"><\/span><p class=\"ingredient-item-name is-strikethrough-active\">    <span class=\"wpzoom-rcb-ingredient-name\">Salz, Pfeffer<\/span><\/p><\/li><\/ul>\n\t\t<\/div>\n\t\n\t\n\t\t\t<div class=\"recipe-card-directions\">\n\t\t\t<h3 class=\"directions-title\">Zubereitung<\/h3>\n\t\t\t<ul class=\"directions-list\"><li id=\"wpzoom-rcb-direction-step-63e628f8b28f5\" class=\"direction-step\">Kartoffeln im Dampfkochtop schwellen danach in W\u00fcrfel schneiden<\/li><li id=\"wpzoom-rcb-direction-step-63e628f8b28f6\" class=\"direction-step\">Stangensellerie in W\u00fcrfel schneiden und im \u00d6l and\u00fcnsten<\/li><li id=\"wpzoom-rcb-direction-step-63e628f8b28f7\" class=\"direction-step\">Kartoffel W\u00fcrfel zum Sellerie geben und kurz mit erw\u00e4rmen (lauwarm) danach in eine Sch\u00fcssel umf\u00fcllen<\/li><li id=\"wpzoom-rcb-direction-step-63e628f8b28f8\" class=\"direction-step\">Balsamico beigeben und mit Salz Pfeffer abschmecken<\/li><li id=\"wpzoom-rcb-direction-step-1676040253886243\" class=\"direction-step\">Back Camembert (Alpenhain\u00ae) auf Gem\u00fcse drapieren<\/li><li id=\"wpzoom-rcb-direction-step-1676040257378248\" class=\"direction-step\">Spiegelei anbraten und auf Teller anrichten (Optional)<\/li><\/ul>\n\t\t<\/div>\n\t\n\t\n\t\n\t\n\t\n\t\n\t\n\t\n\t\n\t\t\t\n\t\t\n\t\t\t\t\n\t\t\n\t\t\t<script type=\"application\/ld+json\">{\"@context\":\"https:\\\/\\\/schema.org\",\"@type\":\"Recipe\",\"name\":\"Back-Camembert Alpenhain\\u00ae mit Gem\\u00fcse\",\"image\":[\"https:\\\/\\\/www.belfoodservice.ch\\\/wp-content\\\/uploads\\\/2023\\\/02\\\/1050.1623336215.jpg\",\"https:\\\/\\\/www.belfoodservice.ch\\\/wp-content\\\/uploads\\\/2023\\\/02\\\/1050.1623336215-400x375.jpg\",\"https:\\\/\\\/www.belfoodservice.ch\\\/wp-content\\\/uploads\\\/2023\\\/02\\\/1050.1623336215-400x270.jpg\"],\"description\":\"\",\"keywords\":[],\"author\":{\"@type\":\"Person\",\"name\":\"Sabrina Berges\"},\"datePublished\":\"2023-02-10T14:46:25+00:00\",\"prepTime\":\"PT25M\",\"cookTime\":\"\",\"totalTime\":\"\",\"recipeCategory\":[],\"recipeCuisine\":[],\"recipeYield\":[\"10\",\"10 portionen\"],\"nutrition\":{\"@type\":\"NutritionInformation\"},\"recipeIngredient\":[\"10 Stk. Back Camembert (Alpenhain\\u00ae)\",\"1.4 kg Geschwellte Kartoffeln\",\"300 g Stangensellerie\",\"20 EL \\u00d6L\",\"10 EL Weisser Balsamico\",\"1  Eier (optional)\",\"Sprossen\",\"Salz, Pfeffer\"],\"recipeInstructions\":[{\"@type\":\"HowToStep\",\"name\":\"Kartoffeln im Dampfkochtop schwellen danach in W\\u00fcrfel schneiden\",\"text\":\"Kartoffeln im Dampfkochtop schwellen danach in W\\u00fcrfel schneiden\",\"url\":\"https:\\\/\\\/www.belfoodservice.ch\\\/de\\\/rezepte\\\/camembert-alpenhain-pane-avec-legumes\\\/#wpzoom-rcb-direction-step-63e628f8b28f5\",\"image\":\"\"},{\"@type\":\"HowToStep\",\"name\":\"Stangensellerie in W\\u00fcrfel schneiden und im \\u00d6l and\\u00fcnsten\",\"text\":\"Stangensellerie in W\\u00fcrfel schneiden und im \\u00d6l and\\u00fcnsten\",\"url\":\"https:\\\/\\\/www.belfoodservice.ch\\\/de\\\/rezepte\\\/camembert-alpenhain-pane-avec-legumes\\\/#wpzoom-rcb-direction-step-63e628f8b28f6\",\"image\":\"\"},{\"@type\":\"HowToStep\",\"name\":\"Kartoffel W\\u00fcrfel zum Sellerie geben und kurz mit erw\\u00e4rmen (lauwarm) danach in eine Sch\\u00fcssel umf\\u00fcllen\",\"text\":\"Kartoffel W\\u00fcrfel zum Sellerie geben und kurz mit erw\\u00e4rmen (lauwarm) danach in eine Sch\\u00fcssel umf\\u00fcllen\",\"url\":\"https:\\\/\\\/www.belfoodservice.ch\\\/de\\\/rezepte\\\/camembert-alpenhain-pane-avec-legumes\\\/#wpzoom-rcb-direction-step-63e628f8b28f7\",\"image\":\"\"},{\"@type\":\"HowToStep\",\"name\":\"Balsamico beigeben und mit Salz Pfeffer abschmecken\",\"text\":\"Balsamico beigeben und mit Salz Pfeffer abschmecken\",\"url\":\"https:\\\/\\\/www.belfoodservice.ch\\\/de\\\/rezepte\\\/camembert-alpenhain-pane-avec-legumes\\\/#wpzoom-rcb-direction-step-63e628f8b28f8\",\"image\":\"\"},{\"@type\":\"HowToStep\",\"name\":\"Back Camembert (Alpenhain\\u00ae) auf Gem\\u00fcse drapieren\",\"text\":\"Back Camembert (Alpenhain\\u00ae) auf Gem\\u00fcse drapieren\",\"url\":\"https:\\\/\\\/www.belfoodservice.ch\\\/de\\\/rezepte\\\/camembert-alpenhain-pane-avec-legumes\\\/#wpzoom-rcb-direction-step-1676040253886243\",\"image\":\"\"},{\"@type\":\"HowToStep\",\"name\":\"Spiegelei anbraten und auf Teller anrichten (Optional)\",\"text\":\"Spiegelei anbraten und auf Teller anrichten (Optional)\",\"url\":\"https:\\\/\\\/www.belfoodservice.ch\\\/de\\\/rezepte\\\/camembert-alpenhain-pane-avec-legumes\\\/#wpzoom-rcb-direction-step-1676040257378248\",\"image\":\"\"}]}<\/script>\n\t<\/div><!-- \/.wp-block-wpzoom-recipe-card-block-recipe-card -->\n\n<style id=\"wpzoom-rcb-block-template-default-inline-css\" type=\"text\/css\">\n\t.wp-block-wpzoom-recipe-card-block-recipe-card.is-style-default .recipe-card-image .wpzoom-recipe-card-print-link .btn-print-link {\n                background-color: #222222;\n            }\n.wp-block-wpzoom-recipe-card-block-recipe-card.is-style-default .details-items .detail-item .detail-item-icon {\n                color: #222222;\n            }\n<\/style>","protected":false},"featured_media":463,"template":"","meta":{"inline_featured_image":false},"marque":[46],"recette-type":[66],"acf":[],"yoast_head":"<!-- This site is optimized with the Yoast SEO plugin v20.7 - https:\/\/yoast.com\/wordpress\/plugins\/seo\/ -->\n<title>Back-Camembert Alpenhain\u00ae mit Gem\u00fcse - Bel Foodservice<\/title>\n<meta name=\"robots\" content=\"index, follow, max-snippet:-1, max-image-preview:large, max-video-preview:-1\" \/>\n<link rel=\"canonical\" href=\"https:\/\/www.belfoodservice.ch\/de\/rezepte\/camembert-alpenhain-pane-avec-legumes\/\" \/>\n<meta property=\"og:locale\" content=\"de_DE\" \/>\n<meta property=\"og:type\" content=\"article\" \/>\n<meta property=\"og:title\" content=\"Back-Camembert Alpenhain\u00ae mit Gem\u00fcse - Bel Foodservice\" \/>\n<meta property=\"og:url\" content=\"https:\/\/www.belfoodservice.ch\/de\/rezepte\/camembert-alpenhain-pane-avec-legumes\/\" \/>\n<meta property=\"og:site_name\" content=\"Bel Foodservice\" \/>\n<meta property=\"article:modified_time\" content=\"2025-10-28T12:26:41+00:00\" \/>\n<meta property=\"og:image\" content=\"https:\/\/www.belfoodservice.ch\/wp-content\/uploads\/2023\/02\/1050.1623336215.jpg\" \/>\n\t<meta property=\"og:image:width\" content=\"400\" \/>\n\t<meta property=\"og:image:height\" content=\"400\" \/>\n\t<meta property=\"og:image:type\" content=\"image\/jpeg\" \/>\n<meta name=\"twitter:card\" content=\"summary_large_image\" \/>\n<script type=\"application\/ld+json\" class=\"yoast-schema-graph\">{\"@context\":\"https:\/\/schema.org\",\"@graph\":[{\"@type\":\"WebPage\",\"@id\":\"https:\/\/www.belfoodservice.ch\/de\/rezepte\/camembert-alpenhain-pane-avec-legumes\/\",\"url\":\"https:\/\/www.belfoodservice.ch\/de\/rezepte\/camembert-alpenhain-pane-avec-legumes\/\",\"name\":\"Back-Camembert Alpenhain\u00ae mit Gem\u00fcse - Bel Foodservice\",\"isPartOf\":{\"@id\":\"https:\/\/www.belfoodservice.ch\/de\/#website\"},\"datePublished\":\"2023-02-10T14:46:25+00:00\",\"dateModified\":\"2025-10-28T12:26:41+00:00\",\"breadcrumb\":{\"@id\":\"https:\/\/www.belfoodservice.ch\/de\/rezepte\/camembert-alpenhain-pane-avec-legumes\/#breadcrumb\"},\"inLanguage\":\"de-DE\",\"potentialAction\":[{\"@type\":\"ReadAction\",\"target\":[\"https:\/\/www.belfoodservice.ch\/de\/rezepte\/camembert-alpenhain-pane-avec-legumes\/\"]}]},{\"@type\":\"BreadcrumbList\",\"@id\":\"https:\/\/www.belfoodservice.ch\/de\/rezepte\/camembert-alpenhain-pane-avec-legumes\/#breadcrumb\",\"itemListElement\":[{\"@type\":\"ListItem\",\"position\":1,\"name\":\"Home\",\"item\":\"https:\/\/www.belfoodservice.ch\/de\/\"},{\"@type\":\"ListItem\",\"position\":2,\"name\":\"Back-Camembert Alpenhain\u00ae mit Gem\u00fcse\"}]},{\"@type\":\"WebSite\",\"@id\":\"https:\/\/www.belfoodservice.ch\/de\/#website\",\"url\":\"https:\/\/www.belfoodservice.ch\/de\/\",\"name\":\"Bel Foodservice\",\"description\":\"\",\"publisher\":{\"@id\":\"https:\/\/www.belfoodservice.ch\/de\/#organization\"},\"potentialAction\":[{\"@type\":\"SearchAction\",\"target\":{\"@type\":\"EntryPoint\",\"urlTemplate\":\"https:\/\/www.belfoodservice.ch\/de\/?s={search_term_string}\"},\"query-input\":\"required name=search_term_string\"}],\"inLanguage\":\"de-DE\"},{\"@type\":\"Organization\",\"@id\":\"https:\/\/www.belfoodservice.ch\/de\/#organization\",\"name\":\"Bel Foodservice\",\"url\":\"https:\/\/www.belfoodservice.ch\/de\/\",\"logo\":{\"@type\":\"ImageObject\",\"inLanguage\":\"de-DE\",\"@id\":\"https:\/\/www.belfoodservice.ch\/de\/#\/schema\/logo\/image\/\",\"url\":\"https:\/\/www.belfoodservice.ch\/wp-content\/uploads\/2023\/02\/logo.png\",\"contentUrl\":\"https:\/\/www.belfoodservice.ch\/wp-content\/uploads\/2023\/02\/logo.png\",\"width\":450,\"height\":140,\"caption\":\"Bel Foodservice\"},\"image\":{\"@id\":\"https:\/\/www.belfoodservice.ch\/de\/#\/schema\/logo\/image\/\"}}]}<\/script>\n<!-- \/ Yoast SEO plugin. -->","yoast_head_json":{"title":"Back-Camembert Alpenhain\u00ae mit Gem\u00fcse - Bel Foodservice","robots":{"index":"index","follow":"follow","max-snippet":"max-snippet:-1","max-image-preview":"max-image-preview:large","max-video-preview":"max-video-preview:-1"},"canonical":"https:\/\/www.belfoodservice.ch\/de\/rezepte\/camembert-alpenhain-pane-avec-legumes\/","og_locale":"de_DE","og_type":"article","og_title":"Back-Camembert Alpenhain\u00ae mit Gem\u00fcse - Bel Foodservice","og_url":"https:\/\/www.belfoodservice.ch\/de\/rezepte\/camembert-alpenhain-pane-avec-legumes\/","og_site_name":"Bel Foodservice","article_modified_time":"2025-10-28T12:26:41+00:00","og_image":[{"width":400,"height":400,"url":"https:\/\/www.belfoodservice.ch\/wp-content\/uploads\/2023\/02\/1050.1623336215.jpg","type":"image\/jpeg"}],"twitter_card":"summary_large_image","schema":{"@context":"https:\/\/schema.org","@graph":[{"@type":"WebPage","@id":"https:\/\/www.belfoodservice.ch\/de\/rezepte\/camembert-alpenhain-pane-avec-legumes\/","url":"https:\/\/www.belfoodservice.ch\/de\/rezepte\/camembert-alpenhain-pane-avec-legumes\/","name":"Back-Camembert Alpenhain\u00ae mit Gem\u00fcse - Bel Foodservice","isPartOf":{"@id":"https:\/\/www.belfoodservice.ch\/de\/#website"},"datePublished":"2023-02-10T14:46:25+00:00","dateModified":"2025-10-28T12:26:41+00:00","breadcrumb":{"@id":"https:\/\/www.belfoodservice.ch\/de\/rezepte\/camembert-alpenhain-pane-avec-legumes\/#breadcrumb"},"inLanguage":"de-DE","potentialAction":[{"@type":"ReadAction","target":["https:\/\/www.belfoodservice.ch\/de\/rezepte\/camembert-alpenhain-pane-avec-legumes\/"]}]},{"@type":"BreadcrumbList","@id":"https:\/\/www.belfoodservice.ch\/de\/rezepte\/camembert-alpenhain-pane-avec-legumes\/#breadcrumb","itemListElement":[{"@type":"ListItem","position":1,"name":"Home","item":"https:\/\/www.belfoodservice.ch\/de\/"},{"@type":"ListItem","position":2,"name":"Back-Camembert Alpenhain\u00ae mit Gem\u00fcse"}]},{"@type":"WebSite","@id":"https:\/\/www.belfoodservice.ch\/de\/#website","url":"https:\/\/www.belfoodservice.ch\/de\/","name":"Bel Foodservice","description":"","publisher":{"@id":"https:\/\/www.belfoodservice.ch\/de\/#organization"},"potentialAction":[{"@type":"SearchAction","target":{"@type":"EntryPoint","urlTemplate":"https:\/\/www.belfoodservice.ch\/de\/?s={search_term_string}"},"query-input":"required name=search_term_string"}],"inLanguage":"de-DE"},{"@type":"Organization","@id":"https:\/\/www.belfoodservice.ch\/de\/#organization","name":"Bel Foodservice","url":"https:\/\/www.belfoodservice.ch\/de\/","logo":{"@type":"ImageObject","inLanguage":"de-DE","@id":"https:\/\/www.belfoodservice.ch\/de\/#\/schema\/logo\/image\/","url":"https:\/\/www.belfoodservice.ch\/wp-content\/uploads\/2023\/02\/logo.png","contentUrl":"https:\/\/www.belfoodservice.ch\/wp-content\/uploads\/2023\/02\/logo.png","width":450,"height":140,"caption":"Bel Foodservice"},"image":{"@id":"https:\/\/www.belfoodservice.ch\/de\/#\/schema\/logo\/image\/"}}]}},"_links":{"self":[{"href":"https:\/\/www.belfoodservice.ch\/de\/wp-json\/wp\/v2\/recette\/555"}],"collection":[{"href":"https:\/\/www.belfoodservice.ch\/de\/wp-json\/wp\/v2\/recette"}],"about":[{"href":"https:\/\/www.belfoodservice.ch\/de\/wp-json\/wp\/v2\/types\/recette"}],"wp:featuredmedia":[{"embeddable":true,"href":"https:\/\/www.belfoodservice.ch\/de\/wp-json\/wp\/v2\/media\/463"}],"wp:attachment":[{"href":"https:\/\/www.belfoodservice.ch\/de\/wp-json\/wp\/v2\/media?parent=555"}],"wp:term":[{"taxonomy":"marque","embeddable":true,"href":"https:\/\/www.belfoodservice.ch\/de\/wp-json\/wp\/v2\/marque?post=555"},{"taxonomy":"recette-type","embeddable":true,"href":"https:\/\/www.belfoodservice.ch\/de\/wp-json\/wp\/v2\/recette-type?post=555"}],"curies":[{"name":"wp","href":"https:\/\/api.w.org\/{rel}","templated":true}]}}