{"id":531,"date":"2023-02-06T16:06:14","date_gmt":"2023-02-06T16:06:14","guid":{"rendered":"https:\/\/www.belfoodservice.ch\/entreprise\/"},"modified":"2024-03-12T15:26:40","modified_gmt":"2024-03-12T15:26:40","slug":"entreprise","status":"publish","type":"page","link":"https:\/\/www.belfoodservice.ch\/de\/entreprise\/","title":{"rendered":"\u00dcber uns"},"content":{"rendered":"\n<p>Die Bel Suisse SA wurde im Jahr 1973 gegr\u00fcndet. Sie ist die Schweizer Tochtergesellschaft des weltweit t\u00e4tigen Konzerns Fromagerie Bel SA mit Sitz in Paris. Dieser geh\u00f6rt zu den weltweit f\u00fchrenden Herstellern von Markenk\u00e4se und ist mit seinen Marken in \u00fcber 130 L\u00e4ndern vertreten.<\/p>\n\n\n\n<p>Heute vermarktet die Bel Suisse SA in der Schweiz erfolgreich die Marken Babybel\u00ae, Kiri\u00ae, La Vache qui rit\u00ae, Boursin\u00ae, Cantafrais\u00ae und Cantadou\u00ae. Die Bel Suisse SA bietet leckeren Markenk\u00e4se f\u00fcr jeden Geschmack und f\u00fcr jedes Alter. Die Produktpalette reicht von mild bis w\u00fcrzig und von genussvoll bis fr\u00f6hlich verspielt. K\u00e4se von Bel macht Spa\u00df und zaubert ein L\u00e4cheln auf Ihr Gesicht.<\/p>\n\n\n\n<p>Neben dem Geschmack und der konstant hohen Qualit\u00e4t der Produkte sorgen auch das sympathische Erscheinungsbild und die frische Kommunikation f\u00fcr gro\u00dfe Bekanntheit der Marken. Vor allem sind es aber die Mitarbeiter, die den Erfolg der Marken sichern. Jeder Einzelne setzt sich leidenschaftlich f\u00fcr die Erreichung der herausfordernden Ziele und die Zufriedenstellung unserer Kunden und Konsumenten ein.<\/p>\n\n\n\n<h2 class=\"wp-block-heading has-text-align-center h1\">Philosophie<\/h2>\n\n\n\n<h3 class=\"wp-block-heading has-text-align-center\"><em>For All For Good<\/em><\/h3>\n\n\n\n<p>Die Identit\u00e4t von Bel, dr\u00fcckt die Entschlossenheit des Unternehmens aus, seine Mission zum Motor seines verantwortungsvollen und profitablen Gesch\u00e4ftsmodells zu machen. Als \u00fcber 150 Jahre altes Familienunternehmen will Bel eine treibende Kraft auf dem Weg zu neuen Ern\u00e4hrungsgewohnheiten sein.<\/p>\n\n\n\n<p>Antoine Fievet, Chairman und Chief Executive Office der Bel Gruppe: &#8220;F\u00fcnf Generationen nach Gr\u00fcndung unseres Unternehmens haben wir einen Meilenstein erreicht. Wir stehen heute vor der Herausforderung, eine wachsende Weltbev\u00f6lkerung zu ern\u00e4hren und gleichzeitig die Ressourcen unseres Planeten zu schonen. Das Gesch\u00e4ftsmodell f\u00fcr Lebensmittel, das wir alle kennen, ist veraltet. Es ist an der Zeit, den Weg f\u00fcr ges\u00fcndere und verantwortungsbewusstere Lebensmittel f\u00fcr alle zu beschreiten \u2013 wir Lebensmittelhersteller m\u00fcssen dabei echte Antworten geben. Durch unsere neue Unternehmenssignatur &#8220;For All. For Good.&#8221; erkl\u00e4ren wir, dass nachhaltige und integrative Lebensmittel m\u00f6glich sind, indem wir ein positives Gesch\u00e4ftsmodell mit allen Beteiligten, einschlie\u00dflich Produzenten, Einzelh\u00e4ndlern, Experten und Verbrauchern, entwickeln.<\/p>\n\n\n\n<p>&#8220;For All. For Good.&#8221; dr\u00fcckt Bel&#8217;s starkes Engagement und Handlungsf\u00e4higkeit aus, um Marken anzubieten, die innovativ, positiv und nachhaltig sind. Dieses Streben nach st\u00e4ndiger Verbesserung zeigt sich in den ehrgeizigen Verpflichtungen von Bel in den Bereichen Ern\u00e4hrung, nachhaltige Landwirtschaft, verantwortungsbewusste Verpackungen, Reduzierung des \u00f6kologischen Fu\u00dfabdrucks und bessere Verf\u00fcgbarkeit seiner Produkte.<\/p>\n\n\n\n\n\t<section id=\"block_0d3617544b483bd2de127bfd007ea887\" class=\"brands-section\">\n\t\t<div class=\"brands-carousel\">\n\t\t\t\t\t\t\t\t\t\t\t\t\t\t\t\t<div class=\"slide\">\n\t\t\t\t\t\t\t\t\t\t\t\t\t<a href=\"https:\/\/www.belfoodservice.ch\/de\/marque-alpenhain\/\">\n\t\t\t\t\t\t\t\t<img width=\"300\" height=\"166\" src=\"https:\/\/www.belfoodservice.ch\/wp-content\/uploads\/2023\/02\/marque-alpenhain.jpg\" class=\"attachment-thumbnail_768 size-thumbnail_768\" alt=\"\" decoding=\"async\" loading=\"lazy\" \/>\t\t\t\t\t\t\t<\/a>\n\t\t\t\t\t\t\t\t\t\t\t<\/div>\n\t\t\t\t\t\t\t\t\t\t\t\t\t\t\t\t\t\t\t\t<div class=\"slide\">\n\t\t\t\t\t\t\t\t\t\t\t\t\t<a href=\"https:\/\/www.belfoodservice.ch\/de\/marque-babybel\/\">\n\t\t\t\t\t\t\t\t<img width=\"300\" height=\"262\" src=\"https:\/\/www.belfoodservice.ch\/wp-content\/uploads\/2023\/05\/marque-mini-babybel.png\" class=\"attachment-thumbnail_768 size-thumbnail_768\" alt=\"\" decoding=\"async\" loading=\"lazy\" srcset=\"https:\/\/www.belfoodservice.ch\/wp-content\/uploads\/2023\/05\/marque-mini-babybel.png 300w, https:\/\/www.belfoodservice.ch\/wp-content\/uploads\/2023\/05\/marque-mini-babybel-100x87.png 100w\" sizes=\"(max-width: 300px) 100vw, 300px\" \/>\t\t\t\t\t\t\t<\/a>\n\t\t\t\t\t\t\t\t\t\t\t<\/div>\n\t\t\t\t\t\t\t\t\t\t\t\t\t\t\t\t\t\t\t\t<div class=\"slide\">\n\t\t\t\t\t\t\t\t\t\t\t\t\t<a href=\"https:\/\/www.belfoodservice.ch\/de\/marque-cantadou\/\">\n\t\t\t\t\t\t\t\t<img width=\"300\" height=\"120\" src=\"https:\/\/www.belfoodservice.ch\/wp-content\/uploads\/2023\/02\/marque-cantadou.jpg\" class=\"attachment-thumbnail_768 size-thumbnail_768\" alt=\"\" decoding=\"async\" loading=\"lazy\" \/>\t\t\t\t\t\t\t<\/a>\n\t\t\t\t\t\t\t\t\t\t\t<\/div>\n\t\t\t\t\t\t\t\t\t\t\t\t\t\t\t\t\t\t\t\t<div class=\"slide\">\n\t\t\t\t\t\t\t\t\t\t\t\t\t<a href=\"https:\/\/www.belfoodservice.ch\/de\/marque-kiri\/\">\n\t\t\t\t\t\t\t\t<img width=\"300\" height=\"180\" src=\"https:\/\/www.belfoodservice.ch\/wp-content\/uploads\/2023\/02\/marque-kiri.jpg\" class=\"attachment-thumbnail_768 size-thumbnail_768\" alt=\"\" decoding=\"async\" loading=\"lazy\" \/>\t\t\t\t\t\t\t<\/a>\n\t\t\t\t\t\t\t\t\t\t\t<\/div>\n\t\t\t\t\t\t\t\t\t\t\t\t\t\t\t\t\t\t\t\t<div class=\"slide\">\n\t\t\t\t\t\t\t\t\t\t\t\t\t<a href=\"https:\/\/www.belfoodservice.ch\/de\/marque-vache-qui-rit\/\">\n\t\t\t\t\t\t\t\t<img width=\"300\" height=\"220\" src=\"https:\/\/www.belfoodservice.ch\/wp-content\/uploads\/2023\/02\/marque-lvqr.jpg\" class=\"attachment-thumbnail_768 size-thumbnail_768\" alt=\"\" decoding=\"async\" loading=\"lazy\" \/>\t\t\t\t\t\t\t<\/a>\n\t\t\t\t\t\t\t\t\t\t\t<\/div>\n\t\t\t\t\t\t\t\t\t\t\t\t\t\t\t\t\t\t\t\t<div class=\"slide\">\n\t\t\t\t\t\t\t\t\t\t\t\t\t<a href=\"https:\/\/www.belfoodservice.ch\/de\/marque-cantafrais\/\">\n\t\t\t\t\t\t\t\t<img width=\"300\" height=\"112\" src=\"https:\/\/www.belfoodservice.ch\/wp-content\/uploads\/2023\/02\/marque-cantafrais.jpg\" class=\"attachment-thumbnail_768 size-thumbnail_768\" alt=\"\" decoding=\"async\" loading=\"lazy\" \/>\t\t\t\t\t\t\t<\/a>\n\t\t\t\t\t\t\t\t\t\t\t<\/div>\n\t\t\t\t\t\t\t\t\t\t\t\t\t\t\t\t\t\t\t\t<div class=\"slide\">\n\t\t\t\t\t\t\t\t\t\t\t\t\t<img width=\"85\" height=\"85\" src=\"https:\/\/www.belfoodservice.ch\/wp-content\/uploads\/2023\/02\/maria-grimal.png\" class=\"attachment-thumbnail_768 size-thumbnail_768\" alt=\"\" decoding=\"async\" loading=\"lazy\" \/>\t\t\t\t\t\t\t\t\t\t\t<\/div>\n\t\t\t\t\t\t\t\t\t\t\t\t\t\t\t\t\t\t\t\t<div class=\"slide\">\n\t\t\t\t\t\t\t\t\t\t\t\t\t<img width=\"123\" height=\"52\" src=\"https:\/\/www.belfoodservice.ch\/wp-content\/uploads\/2023\/02\/xetabel.png\" class=\"attachment-thumbnail_768 size-thumbnail_768\" alt=\"\" decoding=\"async\" loading=\"lazy\" \/>\t\t\t\t\t\t\t\t\t\t\t<\/div>\n\t\t\t\t\t\t\t\t\t<\/div>\n\t<\/section>\n","protected":false},"excerpt":{"rendered":"<p>Die Bel Suisse SA wurde im Jahr 1973 gegr\u00fcndet. Sie ist die Schweizer Tochtergesellschaft des weltweit t\u00e4tigen Konzerns Fromagerie Bel SA mit Sitz in Paris. Dieser geh\u00f6rt zu den weltweit f\u00fchrenden Herstellern von Markenk\u00e4se und ist mit seinen Marken in \u00fcber 130 L\u00e4ndern vertreten. Heute vermarktet die Bel Suisse SA in der Schweiz erfolgreich die [&hellip;]<\/p>\n","protected":false},"author":1,"featured_media":0,"parent":0,"menu_order":0,"comment_status":"closed","ping_status":"closed","template":"","meta":{"inline_featured_image":false},"acf":[],"yoast_head":"<!-- This site is optimized with the Yoast SEO plugin v20.7 - https:\/\/yoast.com\/wordpress\/plugins\/seo\/ -->\n<title>\u00dcber uns - Bel Foodservice<\/title>\n<meta name=\"robots\" content=\"index, follow, max-snippet:-1, max-image-preview:large, max-video-preview:-1\" \/>\n<link rel=\"canonical\" href=\"https:\/\/www.belfoodservice.ch\/de\/entreprise\/\" \/>\n<meta property=\"og:locale\" content=\"de_DE\" \/>\n<meta property=\"og:type\" content=\"article\" \/>\n<meta property=\"og:title\" content=\"\u00dcber uns - Bel Foodservice\" \/>\n<meta property=\"og:description\" content=\"Die Bel Suisse SA wurde im Jahr 1973 gegr\u00fcndet. Sie ist die Schweizer Tochtergesellschaft des weltweit t\u00e4tigen Konzerns Fromagerie Bel SA mit Sitz in Paris. Dieser geh\u00f6rt zu den weltweit f\u00fchrenden Herstellern von Markenk\u00e4se und ist mit seinen Marken in \u00fcber 130 L\u00e4ndern vertreten. Heute vermarktet die Bel Suisse SA in der Schweiz erfolgreich die [&hellip;]\" \/>\n<meta property=\"og:url\" content=\"https:\/\/www.belfoodservice.ch\/de\/entreprise\/\" \/>\n<meta property=\"og:site_name\" content=\"Bel Foodservice\" \/>\n<meta property=\"article:modified_time\" content=\"2024-03-12T15:26:40+00:00\" \/>\n<meta name=\"twitter:card\" content=\"summary_large_image\" \/>\n<meta name=\"twitter:label1\" content=\"Est. reading time\" \/>\n\t<meta name=\"twitter:data1\" content=\"3 Minuten\" \/>\n<script type=\"application\/ld+json\" class=\"yoast-schema-graph\">{\"@context\":\"https:\/\/schema.org\",\"@graph\":[{\"@type\":\"WebPage\",\"@id\":\"https:\/\/www.belfoodservice.ch\/de\/entreprise\/\",\"url\":\"https:\/\/www.belfoodservice.ch\/de\/entreprise\/\",\"name\":\"\u00dcber uns - Bel Foodservice\",\"isPartOf\":{\"@id\":\"https:\/\/www.belfoodservice.ch\/de\/#website\"},\"datePublished\":\"2023-02-06T16:06:14+00:00\",\"dateModified\":\"2024-03-12T15:26:40+00:00\",\"breadcrumb\":{\"@id\":\"https:\/\/www.belfoodservice.ch\/de\/entreprise\/#breadcrumb\"},\"inLanguage\":\"de-DE\",\"potentialAction\":[{\"@type\":\"ReadAction\",\"target\":[\"https:\/\/www.belfoodservice.ch\/de\/entreprise\/\"]}]},{\"@type\":\"BreadcrumbList\",\"@id\":\"https:\/\/www.belfoodservice.ch\/de\/entreprise\/#breadcrumb\",\"itemListElement\":[{\"@type\":\"ListItem\",\"position\":1,\"name\":\"Home\",\"item\":\"https:\/\/www.belfoodservice.ch\/de\/\"},{\"@type\":\"ListItem\",\"position\":2,\"name\":\"\u00dcber uns\"}]},{\"@type\":\"WebSite\",\"@id\":\"https:\/\/www.belfoodservice.ch\/de\/#website\",\"url\":\"https:\/\/www.belfoodservice.ch\/de\/\",\"name\":\"Bel Foodservice\",\"description\":\"\",\"publisher\":{\"@id\":\"https:\/\/www.belfoodservice.ch\/de\/#organization\"},\"potentialAction\":[{\"@type\":\"SearchAction\",\"target\":{\"@type\":\"EntryPoint\",\"urlTemplate\":\"https:\/\/www.belfoodservice.ch\/de\/?s={search_term_string}\"},\"query-input\":\"required name=search_term_string\"}],\"inLanguage\":\"de-DE\"},{\"@type\":\"Organization\",\"@id\":\"https:\/\/www.belfoodservice.ch\/de\/#organization\",\"name\":\"Bel Foodservice\",\"url\":\"https:\/\/www.belfoodservice.ch\/de\/\",\"logo\":{\"@type\":\"ImageObject\",\"inLanguage\":\"de-DE\",\"@id\":\"https:\/\/www.belfoodservice.ch\/de\/#\/schema\/logo\/image\/\",\"url\":\"https:\/\/www.belfoodservice.ch\/wp-content\/uploads\/2023\/02\/logo.png\",\"contentUrl\":\"https:\/\/www.belfoodservice.ch\/wp-content\/uploads\/2023\/02\/logo.png\",\"width\":450,\"height\":140,\"caption\":\"Bel Foodservice\"},\"image\":{\"@id\":\"https:\/\/www.belfoodservice.ch\/de\/#\/schema\/logo\/image\/\"}}]}<\/script>\n<!-- \/ Yoast SEO plugin. -->","yoast_head_json":{"title":"\u00dcber uns - Bel Foodservice","robots":{"index":"index","follow":"follow","max-snippet":"max-snippet:-1","max-image-preview":"max-image-preview:large","max-video-preview":"max-video-preview:-1"},"canonical":"https:\/\/www.belfoodservice.ch\/de\/entreprise\/","og_locale":"de_DE","og_type":"article","og_title":"\u00dcber uns - Bel Foodservice","og_description":"Die Bel Suisse SA wurde im Jahr 1973 gegr\u00fcndet. Sie ist die Schweizer Tochtergesellschaft des weltweit t\u00e4tigen Konzerns Fromagerie Bel SA mit Sitz in Paris. Dieser geh\u00f6rt zu den weltweit f\u00fchrenden Herstellern von Markenk\u00e4se und ist mit seinen Marken in \u00fcber 130 L\u00e4ndern vertreten. Heute vermarktet die Bel Suisse SA in der Schweiz erfolgreich die [&hellip;]","og_url":"https:\/\/www.belfoodservice.ch\/de\/entreprise\/","og_site_name":"Bel Foodservice","article_modified_time":"2024-03-12T15:26:40+00:00","twitter_card":"summary_large_image","twitter_misc":{"Est. reading time":"3 Minuten"},"schema":{"@context":"https:\/\/schema.org","@graph":[{"@type":"WebPage","@id":"https:\/\/www.belfoodservice.ch\/de\/entreprise\/","url":"https:\/\/www.belfoodservice.ch\/de\/entreprise\/","name":"\u00dcber uns - Bel Foodservice","isPartOf":{"@id":"https:\/\/www.belfoodservice.ch\/de\/#website"},"datePublished":"2023-02-06T16:06:14+00:00","dateModified":"2024-03-12T15:26:40+00:00","breadcrumb":{"@id":"https:\/\/www.belfoodservice.ch\/de\/entreprise\/#breadcrumb"},"inLanguage":"de-DE","potentialAction":[{"@type":"ReadAction","target":["https:\/\/www.belfoodservice.ch\/de\/entreprise\/"]}]},{"@type":"BreadcrumbList","@id":"https:\/\/www.belfoodservice.ch\/de\/entreprise\/#breadcrumb","itemListElement":[{"@type":"ListItem","position":1,"name":"Home","item":"https:\/\/www.belfoodservice.ch\/de\/"},{"@type":"ListItem","position":2,"name":"\u00dcber uns"}]},{"@type":"WebSite","@id":"https:\/\/www.belfoodservice.ch\/de\/#website","url":"https:\/\/www.belfoodservice.ch\/de\/","name":"Bel Foodservice","description":"","publisher":{"@id":"https:\/\/www.belfoodservice.ch\/de\/#organization"},"potentialAction":[{"@type":"SearchAction","target":{"@type":"EntryPoint","urlTemplate":"https:\/\/www.belfoodservice.ch\/de\/?s={search_term_string}"},"query-input":"required name=search_term_string"}],"inLanguage":"de-DE"},{"@type":"Organization","@id":"https:\/\/www.belfoodservice.ch\/de\/#organization","name":"Bel Foodservice","url":"https:\/\/www.belfoodservice.ch\/de\/","logo":{"@type":"ImageObject","inLanguage":"de-DE","@id":"https:\/\/www.belfoodservice.ch\/de\/#\/schema\/logo\/image\/","url":"https:\/\/www.belfoodservice.ch\/wp-content\/uploads\/2023\/02\/logo.png","contentUrl":"https:\/\/www.belfoodservice.ch\/wp-content\/uploads\/2023\/02\/logo.png","width":450,"height":140,"caption":"Bel Foodservice"},"image":{"@id":"https:\/\/www.belfoodservice.ch\/de\/#\/schema\/logo\/image\/"}}]}},"_links":{"self":[{"href":"https:\/\/www.belfoodservice.ch\/de\/wp-json\/wp\/v2\/pages\/531"}],"collection":[{"href":"https:\/\/www.belfoodservice.ch\/de\/wp-json\/wp\/v2\/pages"}],"about":[{"href":"https:\/\/www.belfoodservice.ch\/de\/wp-json\/wp\/v2\/types\/page"}],"author":[{"embeddable":true,"href":"https:\/\/www.belfoodservice.ch\/de\/wp-json\/wp\/v2\/users\/1"}],"replies":[{"embeddable":true,"href":"https:\/\/www.belfoodservice.ch\/de\/wp-json\/wp\/v2\/comments?post=531"}],"version-history":[{"count":4,"href":"https:\/\/www.belfoodservice.ch\/de\/wp-json\/wp\/v2\/pages\/531\/revisions"}],"predecessor-version":[{"id":1131,"href":"https:\/\/www.belfoodservice.ch\/de\/wp-json\/wp\/v2\/pages\/531\/revisions\/1131"}],"wp:attachment":[{"href":"https:\/\/www.belfoodservice.ch\/de\/wp-json\/wp\/v2\/media?parent=531"}],"curies":[{"name":"wp","href":"https:\/\/api.w.org\/{rel}","templated":true}]}}