{"id":529,"date":"2023-02-07T10:03:18","date_gmt":"2023-02-07T10:03:18","guid":{"rendered":"https:\/\/www.belfoodservice.ch\/marque-alpenhain\/"},"modified":"2023-08-31T06:04:44","modified_gmt":"2023-08-31T06:04:44","slug":"marque-alpenhain","status":"publish","type":"page","link":"https:\/\/www.belfoodservice.ch\/de\/marque-alpenhain\/","title":{"rendered":"Alpenhain\u00ae"},"content":{"rendered":"<div class=\"wp-block-image\">\n<figure class=\"alignright size-full\"><img decoding=\"async\" loading=\"lazy\" width=\"210\" height=\"116\" src=\"https:\/\/www.belfoodservice.ch\/wp-content\/uploads\/2023\/08\/Alpenhain-Logo.png\" alt=\"\" class=\"wp-image-932\" srcset=\"https:\/\/www.belfoodservice.ch\/wp-content\/uploads\/2023\/08\/Alpenhain-Logo.png 210w, https:\/\/www.belfoodservice.ch\/wp-content\/uploads\/2023\/08\/Alpenhain-Logo-100x55.png 100w\" sizes=\"(max-width: 210px) 100vw, 210px\" \/><\/figure><\/div>\n\n\n<p>Als f\u00fchrender Hersteller von K\u00e4sespezialit\u00e4ten verarbeitet die Alpenhain K\u00e4sespezialit\u00e4ten GmbH seit 1905 Milch aus dem Alpenvorland. Das Familienunternehmen ist bereits in vierter Generation im oberbayrischen Lehen beheimatet. \u00dcber 450 Mitarbeiter und Auszubildende sorgen f\u00fcr die Verarbeitung von j\u00e4hrlich knapp 90 Millionen Litern frischer Alpenmilch zu Produkten aus nat\u00fcrlichen Zutaten \u2013 ohne Zusatz von Geschmacksverst\u00e4rkern, Konservierungs- und Farbstoffen. Der Schwerpunkt liegt auf der Herstellung und Verarbeitung von Camembert. Das Unternehmen feierte 2020 das 40-j\u00e4hrige Jubil\u00e4um f\u00fcr Back-Camembert. Alpenhain beliefert Kunden im Lebensmitteleinzelhandel sowie Gro\u00dfverbraucher in Deutschland und exportiert in \u00fcber 40 L\u00e4nder weltweit. Weitere Informationen finden Sie unter <a href=\"http:\/\/www.alpenhain.de\">www.alpenhain.de<\/a>.<\/p>\n\n\n\n<h3 class=\"wp-block-heading\">Zum Alpenhain\u00ae Sortiment.<\/h3>\n\n\n\n\n\t<section id=\"block_056a1d4fe804137d1df27d391c796a40\" class=\"related-products-section\">\n\t\t<div class=\"products resources-grid\">\n\t\t\t\t\t\t\t\t\t\t\t<div class=\"col\">\n\t<div class=\"product product-block\">\n\t\t<a class=\"img-wrap\" href=\"https:\/\/www.belfoodservice.ch\/produits\/alpenhain-rotter-klosterkase\/\">\n\t\t\t<img width=\"768\" height=\"432\" src=\"https:\/\/www.belfoodservice.ch\/wp-content\/uploads\/2023\/02\/2023.11._Alpenhain-Rotterkaese-Layout-mit-Laktosefrei-Icon-2-pdf.jpg\" class=\"attachment-thumbnail_768 size-thumbnail_768 wp-post-image\" alt=\"\" decoding=\"async\" loading=\"lazy\" \/>\t\t<\/a>\n\n\t\t<h3 class=\"product-title\"><a href=\"https:\/\/www.belfoodservice.ch\/produits\/alpenhain-rotter-klosterkase\/\" rel=\"bookmark\">Alpenhain\u00ae Rotter Klosterk\u00e4se<\/a><\/h3>\n\t\t\t\t\t<div class=\"product-weight\">Gewicht: 850 g<\/div>\n\t\t\n\t\t\t\t\t<div class=\"product-delivery-unit\">VE: 1 bloc \u00e0 850g<\/div>\n\t\t\n\t\t<a class=\"btn\" href=\"https:\/\/www.belfoodservice.ch\/produits\/alpenhain-rotter-klosterkase\/\">Entdecken Sie das Produkt<\/a>\n\t<\/div>\n<\/div>\n\n\t\t\t\t\t\t\t\t\t\t\t<div class=\"col\">\n\t<div class=\"product product-block\">\n\t\t<a class=\"img-wrap\" href=\"https:\/\/www.belfoodservice.ch\/produits\/alpenhain-camembert-pane\/\">\n\t\t\t<img width=\"768\" height=\"768\" src=\"https:\/\/www.belfoodservice.ch\/wp-content\/uploads\/2023\/02\/picture.16233361694-768x768.jpg\" class=\"attachment-thumbnail_768 size-thumbnail_768 wp-post-image\" alt=\"\" decoding=\"async\" loading=\"lazy\" srcset=\"https:\/\/www.belfoodservice.ch\/wp-content\/uploads\/2023\/02\/picture.16233361694-768x768.jpg 768w, https:\/\/www.belfoodservice.ch\/wp-content\/uploads\/2023\/02\/picture.16233361694-300x300.jpg 300w, https:\/\/www.belfoodservice.ch\/wp-content\/uploads\/2023\/02\/picture.16233361694-150x150.jpg 150w, https:\/\/www.belfoodservice.ch\/wp-content\/uploads\/2023\/02\/picture.16233361694.jpg 785w\" sizes=\"(max-width: 768px) 100vw, 768px\" \/>\t\t<\/a>\n\n\t\t<h3 class=\"product-title\"><a href=\"https:\/\/www.belfoodservice.ch\/produits\/alpenhain-camembert-pane\/\" rel=\"bookmark\">Alpenhain\u00ae Camembert pan\u00e9<\/a><\/h3>\n\t\t\t\t\t<div class=\"product-weight\">Gewicht: 2.250 kg<\/div>\n\t\t\n\t\t\t\t\t<div class=\"product-delivery-unit\">VE: 1 carton \u00e0 30 portions de 75 g<\/div>\n\t\t\n\t\t<a class=\"btn\" href=\"https:\/\/www.belfoodservice.ch\/produits\/alpenhain-camembert-pane\/\">Entdecken Sie das Produkt<\/a>\n\t<\/div>\n<\/div>\n\n\t\t\t\t\t\t\t\t<\/div>\n\t<\/section>\n\n\n\n\n\t<section id=\"block_77e6e5f186767ec9a1b3bcd58325d21b\" class=\"brands-section\">\n\t\t<div class=\"brands-carousel\">\n\t\t\t\t\t\t\t\t\t\t\t\t\t\t\t\t<div class=\"slide\">\n\t\t\t\t\t\t\t\t\t\t\t\t\t<a href=\"https:\/\/www.belfoodservice.ch\/de\/marque-alpenhain\/\">\n\t\t\t\t\t\t\t\t<img width=\"300\" height=\"166\" src=\"https:\/\/www.belfoodservice.ch\/wp-content\/uploads\/2023\/02\/marque-alpenhain.jpg\" class=\"attachment-thumbnail_768 size-thumbnail_768\" alt=\"\" decoding=\"async\" loading=\"lazy\" \/>\t\t\t\t\t\t\t<\/a>\n\t\t\t\t\t\t\t\t\t\t\t<\/div>\n\t\t\t\t\t\t\t\t\t\t\t\t\t\t\t\t\t\t\t\t<div class=\"slide\">\n\t\t\t\t\t\t\t\t\t\t\t\t\t<a href=\"https:\/\/www.belfoodservice.ch\/de\/marque-babybel\/\">\n\t\t\t\t\t\t\t\t<img width=\"300\" height=\"262\" src=\"https:\/\/www.belfoodservice.ch\/wp-content\/uploads\/2023\/05\/marque-mini-babybel.png\" class=\"attachment-thumbnail_768 size-thumbnail_768\" alt=\"\" decoding=\"async\" loading=\"lazy\" srcset=\"https:\/\/www.belfoodservice.ch\/wp-content\/uploads\/2023\/05\/marque-mini-babybel.png 300w, https:\/\/www.belfoodservice.ch\/wp-content\/uploads\/2023\/05\/marque-mini-babybel-100x87.png 100w\" sizes=\"(max-width: 300px) 100vw, 300px\" \/>\t\t\t\t\t\t\t<\/a>\n\t\t\t\t\t\t\t\t\t\t\t<\/div>\n\t\t\t\t\t\t\t\t\t\t\t\t\t\t\t\t\t\t\t\t<div class=\"slide\">\n\t\t\t\t\t\t\t\t\t\t\t\t\t<a href=\"https:\/\/www.belfoodservice.ch\/de\/marque-cantadou\/\">\n\t\t\t\t\t\t\t\t<img width=\"300\" height=\"120\" src=\"https:\/\/www.belfoodservice.ch\/wp-content\/uploads\/2023\/02\/marque-cantadou.jpg\" class=\"attachment-thumbnail_768 size-thumbnail_768\" alt=\"\" decoding=\"async\" loading=\"lazy\" \/>\t\t\t\t\t\t\t<\/a>\n\t\t\t\t\t\t\t\t\t\t\t<\/div>\n\t\t\t\t\t\t\t\t\t\t\t\t\t\t\t\t\t\t\t\t<div class=\"slide\">\n\t\t\t\t\t\t\t\t\t\t\t\t\t<a href=\"https:\/\/www.belfoodservice.ch\/de\/marque-kiri\/\">\n\t\t\t\t\t\t\t\t<img width=\"300\" height=\"180\" src=\"https:\/\/www.belfoodservice.ch\/wp-content\/uploads\/2023\/02\/marque-kiri.jpg\" class=\"attachment-thumbnail_768 size-thumbnail_768\" alt=\"\" decoding=\"async\" loading=\"lazy\" \/>\t\t\t\t\t\t\t<\/a>\n\t\t\t\t\t\t\t\t\t\t\t<\/div>\n\t\t\t\t\t\t\t\t\t\t\t\t\t\t\t\t\t\t\t\t<div class=\"slide\">\n\t\t\t\t\t\t\t\t\t\t\t\t\t<a href=\"https:\/\/www.belfoodservice.ch\/de\/marque-vache-qui-rit\/\">\n\t\t\t\t\t\t\t\t<img width=\"300\" height=\"220\" src=\"https:\/\/www.belfoodservice.ch\/wp-content\/uploads\/2023\/02\/marque-lvqr.jpg\" class=\"attachment-thumbnail_768 size-thumbnail_768\" alt=\"\" decoding=\"async\" loading=\"lazy\" \/>\t\t\t\t\t\t\t<\/a>\n\t\t\t\t\t\t\t\t\t\t\t<\/div>\n\t\t\t\t\t\t\t\t\t\t\t\t\t\t\t\t\t\t\t\t<div class=\"slide\">\n\t\t\t\t\t\t\t\t\t\t\t\t\t<a href=\"https:\/\/www.belfoodservice.ch\/de\/marque-cantafrais\/\">\n\t\t\t\t\t\t\t\t<img width=\"300\" height=\"112\" src=\"https:\/\/www.belfoodservice.ch\/wp-content\/uploads\/2023\/02\/marque-cantafrais.jpg\" class=\"attachment-thumbnail_768 size-thumbnail_768\" alt=\"\" decoding=\"async\" loading=\"lazy\" \/>\t\t\t\t\t\t\t<\/a>\n\t\t\t\t\t\t\t\t\t\t\t<\/div>\n\t\t\t\t\t\t\t\t\t\t\t\t\t\t\t\t\t\t\t\t<div class=\"slide\">\n\t\t\t\t\t\t\t\t\t\t\t\t\t<img width=\"85\" height=\"85\" src=\"https:\/\/www.belfoodservice.ch\/wp-content\/uploads\/2023\/02\/maria-grimal.png\" class=\"attachment-thumbnail_768 size-thumbnail_768\" alt=\"\" decoding=\"async\" loading=\"lazy\" \/>\t\t\t\t\t\t\t\t\t\t\t<\/div>\n\t\t\t\t\t\t\t\t\t\t\t\t\t\t\t\t\t\t\t\t<div class=\"slide\">\n\t\t\t\t\t\t\t\t\t\t\t\t\t<img width=\"123\" height=\"52\" src=\"https:\/\/www.belfoodservice.ch\/wp-content\/uploads\/2023\/02\/xetabel.png\" class=\"attachment-thumbnail_768 size-thumbnail_768\" alt=\"\" decoding=\"async\" loading=\"lazy\" \/>\t\t\t\t\t\t\t\t\t\t\t<\/div>\n\t\t\t\t\t\t\t\t\t<\/div>\n\t<\/section>\n","protected":false},"excerpt":{"rendered":"<p>Als f\u00fchrender Hersteller von K\u00e4sespezialit\u00e4ten verarbeitet die Alpenhain K\u00e4sespezialit\u00e4ten GmbH seit 1905 Milch aus dem Alpenvorland. Das Familienunternehmen ist bereits in vierter Generation im oberbayrischen Lehen beheimatet. \u00dcber 450 Mitarbeiter und Auszubildende sorgen f\u00fcr die Verarbeitung von j\u00e4hrlich knapp 90 Millionen Litern frischer Alpenmilch zu Produkten aus nat\u00fcrlichen Zutaten \u2013 ohne Zusatz von Geschmacksverst\u00e4rkern, Konservierungs- [&hellip;]<\/p>\n","protected":false},"author":1,"featured_media":0,"parent":0,"menu_order":0,"comment_status":"closed","ping_status":"closed","template":"","meta":{"inline_featured_image":false},"acf":[],"yoast_head":"<!-- This site is optimized with the Yoast SEO plugin v20.7 - https:\/\/yoast.com\/wordpress\/plugins\/seo\/ -->\n<title>Alpenhain\u00ae - Bel Foodservice<\/title>\n<meta name=\"robots\" content=\"index, follow, max-snippet:-1, max-image-preview:large, max-video-preview:-1\" \/>\n<link rel=\"canonical\" href=\"https:\/\/www.belfoodservice.ch\/de\/marque-alpenhain\/\" \/>\n<meta property=\"og:locale\" content=\"de_DE\" \/>\n<meta property=\"og:type\" content=\"article\" \/>\n<meta property=\"og:title\" content=\"Alpenhain\u00ae - Bel Foodservice\" \/>\n<meta property=\"og:description\" content=\"Als f\u00fchrender Hersteller von K\u00e4sespezialit\u00e4ten verarbeitet die Alpenhain K\u00e4sespezialit\u00e4ten GmbH seit 1905 Milch aus dem Alpenvorland. Das Familienunternehmen ist bereits in vierter Generation im oberbayrischen Lehen beheimatet. \u00dcber 450 Mitarbeiter und Auszubildende sorgen f\u00fcr die Verarbeitung von j\u00e4hrlich knapp 90 Millionen Litern frischer Alpenmilch zu Produkten aus nat\u00fcrlichen Zutaten \u2013 ohne Zusatz von Geschmacksverst\u00e4rkern, Konservierungs- [&hellip;]\" \/>\n<meta property=\"og:url\" content=\"https:\/\/www.belfoodservice.ch\/de\/marque-alpenhain\/\" \/>\n<meta property=\"og:site_name\" content=\"Bel Foodservice\" \/>\n<meta property=\"article:modified_time\" content=\"2023-08-31T06:04:44+00:00\" \/>\n<meta property=\"og:image\" content=\"https:\/\/www.belfoodservice.ch\/wp-content\/uploads\/2023\/08\/Alpenhain-Logo.png\" \/>\n<meta name=\"twitter:card\" content=\"summary_large_image\" \/>\n<meta name=\"twitter:label1\" content=\"Est. reading time\" \/>\n\t<meta name=\"twitter:data1\" content=\"1 Minute\" \/>\n<script type=\"application\/ld+json\" class=\"yoast-schema-graph\">{\"@context\":\"https:\/\/schema.org\",\"@graph\":[{\"@type\":\"WebPage\",\"@id\":\"https:\/\/www.belfoodservice.ch\/de\/marque-alpenhain\/\",\"url\":\"https:\/\/www.belfoodservice.ch\/de\/marque-alpenhain\/\",\"name\":\"Alpenhain\u00ae - Bel Foodservice\",\"isPartOf\":{\"@id\":\"https:\/\/www.belfoodservice.ch\/de\/#website\"},\"datePublished\":\"2023-02-07T10:03:18+00:00\",\"dateModified\":\"2023-08-31T06:04:44+00:00\",\"breadcrumb\":{\"@id\":\"https:\/\/www.belfoodservice.ch\/de\/marque-alpenhain\/#breadcrumb\"},\"inLanguage\":\"de-DE\",\"potentialAction\":[{\"@type\":\"ReadAction\",\"target\":[\"https:\/\/www.belfoodservice.ch\/de\/marque-alpenhain\/\"]}]},{\"@type\":\"BreadcrumbList\",\"@id\":\"https:\/\/www.belfoodservice.ch\/de\/marque-alpenhain\/#breadcrumb\",\"itemListElement\":[{\"@type\":\"ListItem\",\"position\":1,\"name\":\"Home\",\"item\":\"https:\/\/www.belfoodservice.ch\/de\/\"},{\"@type\":\"ListItem\",\"position\":2,\"name\":\"Alpenhain\u00ae\"}]},{\"@type\":\"WebSite\",\"@id\":\"https:\/\/www.belfoodservice.ch\/de\/#website\",\"url\":\"https:\/\/www.belfoodservice.ch\/de\/\",\"name\":\"Bel Foodservice\",\"description\":\"\",\"publisher\":{\"@id\":\"https:\/\/www.belfoodservice.ch\/de\/#organization\"},\"potentialAction\":[{\"@type\":\"SearchAction\",\"target\":{\"@type\":\"EntryPoint\",\"urlTemplate\":\"https:\/\/www.belfoodservice.ch\/de\/?s={search_term_string}\"},\"query-input\":\"required name=search_term_string\"}],\"inLanguage\":\"de-DE\"},{\"@type\":\"Organization\",\"@id\":\"https:\/\/www.belfoodservice.ch\/de\/#organization\",\"name\":\"Bel Foodservice\",\"url\":\"https:\/\/www.belfoodservice.ch\/de\/\",\"logo\":{\"@type\":\"ImageObject\",\"inLanguage\":\"de-DE\",\"@id\":\"https:\/\/www.belfoodservice.ch\/de\/#\/schema\/logo\/image\/\",\"url\":\"https:\/\/www.belfoodservice.ch\/wp-content\/uploads\/2023\/02\/logo.png\",\"contentUrl\":\"https:\/\/www.belfoodservice.ch\/wp-content\/uploads\/2023\/02\/logo.png\",\"width\":450,\"height\":140,\"caption\":\"Bel Foodservice\"},\"image\":{\"@id\":\"https:\/\/www.belfoodservice.ch\/de\/#\/schema\/logo\/image\/\"}}]}<\/script>\n<!-- \/ Yoast SEO plugin. -->","yoast_head_json":{"title":"Alpenhain\u00ae - Bel Foodservice","robots":{"index":"index","follow":"follow","max-snippet":"max-snippet:-1","max-image-preview":"max-image-preview:large","max-video-preview":"max-video-preview:-1"},"canonical":"https:\/\/www.belfoodservice.ch\/de\/marque-alpenhain\/","og_locale":"de_DE","og_type":"article","og_title":"Alpenhain\u00ae - Bel Foodservice","og_description":"Als f\u00fchrender Hersteller von K\u00e4sespezialit\u00e4ten verarbeitet die Alpenhain K\u00e4sespezialit\u00e4ten GmbH seit 1905 Milch aus dem Alpenvorland. Das Familienunternehmen ist bereits in vierter Generation im oberbayrischen Lehen beheimatet. \u00dcber 450 Mitarbeiter und Auszubildende sorgen f\u00fcr die Verarbeitung von j\u00e4hrlich knapp 90 Millionen Litern frischer Alpenmilch zu Produkten aus nat\u00fcrlichen Zutaten \u2013 ohne Zusatz von Geschmacksverst\u00e4rkern, Konservierungs- [&hellip;]","og_url":"https:\/\/www.belfoodservice.ch\/de\/marque-alpenhain\/","og_site_name":"Bel Foodservice","article_modified_time":"2023-08-31T06:04:44+00:00","og_image":[{"url":"https:\/\/www.belfoodservice.ch\/wp-content\/uploads\/2023\/08\/Alpenhain-Logo.png"}],"twitter_card":"summary_large_image","twitter_misc":{"Est. reading time":"1 Minute"},"schema":{"@context":"https:\/\/schema.org","@graph":[{"@type":"WebPage","@id":"https:\/\/www.belfoodservice.ch\/de\/marque-alpenhain\/","url":"https:\/\/www.belfoodservice.ch\/de\/marque-alpenhain\/","name":"Alpenhain\u00ae - Bel Foodservice","isPartOf":{"@id":"https:\/\/www.belfoodservice.ch\/de\/#website"},"datePublished":"2023-02-07T10:03:18+00:00","dateModified":"2023-08-31T06:04:44+00:00","breadcrumb":{"@id":"https:\/\/www.belfoodservice.ch\/de\/marque-alpenhain\/#breadcrumb"},"inLanguage":"de-DE","potentialAction":[{"@type":"ReadAction","target":["https:\/\/www.belfoodservice.ch\/de\/marque-alpenhain\/"]}]},{"@type":"BreadcrumbList","@id":"https:\/\/www.belfoodservice.ch\/de\/marque-alpenhain\/#breadcrumb","itemListElement":[{"@type":"ListItem","position":1,"name":"Home","item":"https:\/\/www.belfoodservice.ch\/de\/"},{"@type":"ListItem","position":2,"name":"Alpenhain\u00ae"}]},{"@type":"WebSite","@id":"https:\/\/www.belfoodservice.ch\/de\/#website","url":"https:\/\/www.belfoodservice.ch\/de\/","name":"Bel Foodservice","description":"","publisher":{"@id":"https:\/\/www.belfoodservice.ch\/de\/#organization"},"potentialAction":[{"@type":"SearchAction","target":{"@type":"EntryPoint","urlTemplate":"https:\/\/www.belfoodservice.ch\/de\/?s={search_term_string}"},"query-input":"required name=search_term_string"}],"inLanguage":"de-DE"},{"@type":"Organization","@id":"https:\/\/www.belfoodservice.ch\/de\/#organization","name":"Bel Foodservice","url":"https:\/\/www.belfoodservice.ch\/de\/","logo":{"@type":"ImageObject","inLanguage":"de-DE","@id":"https:\/\/www.belfoodservice.ch\/de\/#\/schema\/logo\/image\/","url":"https:\/\/www.belfoodservice.ch\/wp-content\/uploads\/2023\/02\/logo.png","contentUrl":"https:\/\/www.belfoodservice.ch\/wp-content\/uploads\/2023\/02\/logo.png","width":450,"height":140,"caption":"Bel Foodservice"},"image":{"@id":"https:\/\/www.belfoodservice.ch\/de\/#\/schema\/logo\/image\/"}}]}},"_links":{"self":[{"href":"https:\/\/www.belfoodservice.ch\/de\/wp-json\/wp\/v2\/pages\/529"}],"collection":[{"href":"https:\/\/www.belfoodservice.ch\/de\/wp-json\/wp\/v2\/pages"}],"about":[{"href":"https:\/\/www.belfoodservice.ch\/de\/wp-json\/wp\/v2\/types\/page"}],"author":[{"embeddable":true,"href":"https:\/\/www.belfoodservice.ch\/de\/wp-json\/wp\/v2\/users\/1"}],"replies":[{"embeddable":true,"href":"https:\/\/www.belfoodservice.ch\/de\/wp-json\/wp\/v2\/comments?post=529"}],"version-history":[{"count":4,"href":"https:\/\/www.belfoodservice.ch\/de\/wp-json\/wp\/v2\/pages\/529\/revisions"}],"predecessor-version":[{"id":935,"href":"https:\/\/www.belfoodservice.ch\/de\/wp-json\/wp\/v2\/pages\/529\/revisions\/935"}],"wp:attachment":[{"href":"https:\/\/www.belfoodservice.ch\/de\/wp-json\/wp\/v2\/media?parent=529"}],"curies":[{"name":"wp","href":"https:\/\/api.w.org\/{rel}","templated":true}]}}