{"id":525,"date":"2023-02-07T10:28:05","date_gmt":"2023-02-07T10:28:05","guid":{"rendered":"https:\/\/www.belfoodservice.ch\/marque-cantadou\/"},"modified":"2025-06-23T07:49:20","modified_gmt":"2025-06-23T07:49:20","slug":"marque-cantadou","status":"publish","type":"page","link":"https:\/\/www.belfoodservice.ch\/de\/marque-cantadou\/","title":{"rendered":"Cantadou\u00ae"},"content":{"rendered":"<div class=\"wp-block-image\">\n<figure class=\"alignright size-full is-resized\"><img decoding=\"async\" src=\"https:\/\/www.belfoodservice.ch\/wp-content\/uploads\/2023\/02\/marque-cantadou.jpg\" alt=\"\" class=\"wp-image-76\" width=\"150\"\/><\/figure><\/div>\n\n\n<p>CANTADOU\u00ae die Frischk\u00e4se Marke mit <strong>qualitativ hochwertigen Zutaten<\/strong>, inspiriert von den D\u00fcften und Geschm\u00e4ckern der Provence. Die <strong>Frische<\/strong> und der un\u00fcbertroffene <strong>Geschmack<\/strong> von CANTADOU\u00ae sind eine Gaumenfreude. Die franz\u00f6sische Frischk\u00e4sespezialit\u00e4t mit \u00fcber 40 Jahren Tradition ist ein Allround-Talent f\u00fcr die <strong>kalte und warme K\u00fcche<\/strong>.<\/p>\n\n\n\n<div style=\"height:45px\" aria-hidden=\"true\" class=\"wp-block-spacer\"><\/div>\n\n\n\n<h2 class=\"wp-block-heading\">Das sagt Mario Garcia zu Cantadou<\/h2>\n\n\n\n<figure class=\"wp-block-video alignleft statementvideo\"><video controls poster=\"https:\/\/www.belfoodservice.ch\/wp-content\/uploads\/2025\/06\/Standbild_BEL_Statements.jpg\" src=\"https:\/\/www.belfoodservice.ch\/wp-content\/uploads\/2025\/06\/BEL_Statement_08.mp4\"><\/video><\/figure>\n\n\n\n<div style=\"height:45px\" aria-hidden=\"true\" class=\"wp-block-spacer\"><\/div>\n\n\n\n\n\t<section id=\"block_218f64422cae56fb916489136df849f9\" class=\"links-section\">\n\t\t\t\t\t\t\t\t\t\t\t\t<div class=\"link\">\n\t\t\t\t\t<a class=\"btn\" href=\"https:\/\/www.cantadou.ch\/de\/\" target=\"_blank\">Mehr Informationen zu CANTADOU\u00ae<\/a>\t\t\t\t<\/div>\n\t\t\t\t\t\t<\/section>\n\n\n\n<h3 class=\"wp-block-heading\">Zum Cantadou\u00ae Sortiment\u00ae.<\/h3>\n\n\n\n\n\t<section id=\"block_e26100d640035c0d411a6943ec670f83\" class=\"related-products-section\">\n\t\t<div class=\"products resources-grid\">\n\t\t\t\t\t\t\t\t\t\t\t<div class=\"col\">\n\t<div class=\"product product-block\">\n\t\t<a class=\"img-wrap\" href=\"https:\/\/www.belfoodservice.ch\/produits\/cantadou-nature\/\">\n\t\t\t<img width=\"768\" height=\"768\" src=\"https:\/\/www.belfoodservice.ch\/wp-content\/uploads\/2023\/02\/picture.1642673478-768x768.png\" class=\"attachment-thumbnail_768 size-thumbnail_768 wp-post-image\" alt=\"\" decoding=\"async\" loading=\"lazy\" srcset=\"https:\/\/www.belfoodservice.ch\/wp-content\/uploads\/2023\/02\/picture.1642673478-768x768.png 768w, https:\/\/www.belfoodservice.ch\/wp-content\/uploads\/2023\/02\/picture.1642673478-300x300.png 300w, https:\/\/www.belfoodservice.ch\/wp-content\/uploads\/2023\/02\/picture.1642673478-1024x1024.png 1024w, https:\/\/www.belfoodservice.ch\/wp-content\/uploads\/2023\/02\/picture.1642673478-150x150.png 150w, https:\/\/www.belfoodservice.ch\/wp-content\/uploads\/2023\/02\/picture.1642673478.png 1200w\" sizes=\"(max-width: 768px) 100vw, 768px\" \/>\t\t<\/a>\n\n\t\t<h3 class=\"product-title\"><a href=\"https:\/\/www.belfoodservice.ch\/produits\/cantadou-nature\/\" rel=\"bookmark\">Cantadou\u00ae Nature<\/a><\/h3>\n\t\t\t\t\t<div class=\"product-weight\">Gewicht: 1.250 kg<\/div>\n\t\t\n\t\t\t\t\t<div class=\"product-delivery-unit\">VE: 1 Terrine \u00e0 1.250 kg<\/div>\n\t\t\n\t\t<a class=\"btn\" href=\"https:\/\/www.belfoodservice.ch\/produits\/cantadou-nature\/\">Entdecken Sie das Produkt<\/a>\n\t<\/div>\n<\/div>\n\n\t\t\t\t\t\t\t\t\t\t\t<div class=\"col\">\n\t<div class=\"product product-block\">\n\t\t<a class=\"img-wrap\" href=\"https:\/\/www.belfoodservice.ch\/produits\/cantadou-ail-et-fines-herbes\/\">\n\t\t\t<img width=\"768\" height=\"768\" src=\"https:\/\/www.belfoodservice.ch\/wp-content\/uploads\/2023\/02\/picture.1642673434-768x768.png\" class=\"attachment-thumbnail_768 size-thumbnail_768 wp-post-image\" alt=\"\" decoding=\"async\" loading=\"lazy\" srcset=\"https:\/\/www.belfoodservice.ch\/wp-content\/uploads\/2023\/02\/picture.1642673434-768x768.png 768w, https:\/\/www.belfoodservice.ch\/wp-content\/uploads\/2023\/02\/picture.1642673434-300x300.png 300w, https:\/\/www.belfoodservice.ch\/wp-content\/uploads\/2023\/02\/picture.1642673434-1024x1024.png 1024w, https:\/\/www.belfoodservice.ch\/wp-content\/uploads\/2023\/02\/picture.1642673434-150x150.png 150w, https:\/\/www.belfoodservice.ch\/wp-content\/uploads\/2023\/02\/picture.1642673434.png 1200w\" sizes=\"(max-width: 768px) 100vw, 768px\" \/>\t\t<\/a>\n\n\t\t<h3 class=\"product-title\"><a href=\"https:\/\/www.belfoodservice.ch\/produits\/cantadou-ail-et-fines-herbes\/\" rel=\"bookmark\">Cantadou\u00ae Ail et Fines Herbes<\/a><\/h3>\n\t\t\t\t\t<div class=\"product-weight\">Gewicht: 1.250 kg<\/div>\n\t\t\n\t\t\t\t\t<div class=\"product-delivery-unit\">VE: 1 Terrine \u00e0 1.250 kg<\/div>\n\t\t\n\t\t<a class=\"btn\" href=\"https:\/\/www.belfoodservice.ch\/produits\/cantadou-ail-et-fines-herbes\/\">Entdecken Sie das Produkt<\/a>\n\t<\/div>\n<\/div>\n\n\t\t\t\t\t\t\t\t\t\t\t<div class=\"col\">\n\t<div class=\"product product-block\">\n\t\t<a class=\"img-wrap\" href=\"https:\/\/www.belfoodservice.ch\/produits\/cantadou-raifort\/\">\n\t\t\t<img width=\"768\" height=\"768\" src=\"https:\/\/www.belfoodservice.ch\/wp-content\/uploads\/2023\/02\/picture.1642673459-768x768.png\" class=\"attachment-thumbnail_768 size-thumbnail_768 wp-post-image\" alt=\"\" decoding=\"async\" loading=\"lazy\" srcset=\"https:\/\/www.belfoodservice.ch\/wp-content\/uploads\/2023\/02\/picture.1642673459-768x768.png 768w, https:\/\/www.belfoodservice.ch\/wp-content\/uploads\/2023\/02\/picture.1642673459-300x300.png 300w, https:\/\/www.belfoodservice.ch\/wp-content\/uploads\/2023\/02\/picture.1642673459-1024x1024.png 1024w, https:\/\/www.belfoodservice.ch\/wp-content\/uploads\/2023\/02\/picture.1642673459-150x150.png 150w, https:\/\/www.belfoodservice.ch\/wp-content\/uploads\/2023\/02\/picture.1642673459.png 1200w\" sizes=\"(max-width: 768px) 100vw, 768px\" \/>\t\t<\/a>\n\n\t\t<h3 class=\"product-title\"><a href=\"https:\/\/www.belfoodservice.ch\/produits\/cantadou-raifort\/\" rel=\"bookmark\">Cantadou\u00ae Raifort<\/a><\/h3>\n\t\t\t\t\t<div class=\"product-weight\">Gewicht: 1.250 kg<\/div>\n\t\t\n\t\t\t\t\t<div class=\"product-delivery-unit\">VE: 1 Terrine \u00e0 1.250 kg<\/div>\n\t\t\n\t\t<a class=\"btn\" href=\"https:\/\/www.belfoodservice.ch\/produits\/cantadou-raifort\/\">Entdecken Sie das Produkt<\/a>\n\t<\/div>\n<\/div>\n\n\t\t\t\t\t\t\t\t\t\t\t<div class=\"col\">\n\t<div class=\"product product-block\">\n\t\t<a class=\"img-wrap\" href=\"https:\/\/www.belfoodservice.ch\/produits\/cantadou-ail-et-fines-herbes-2\/\">\n\t\t\t<img width=\"768\" height=\"768\" src=\"https:\/\/www.belfoodservice.ch\/wp-content\/uploads\/2023\/02\/picture.1623336166-768x768.jpg\" class=\"attachment-thumbnail_768 size-thumbnail_768 wp-post-image\" alt=\"\" decoding=\"async\" loading=\"lazy\" srcset=\"https:\/\/www.belfoodservice.ch\/wp-content\/uploads\/2023\/02\/picture.1623336166-768x768.jpg 768w, https:\/\/www.belfoodservice.ch\/wp-content\/uploads\/2023\/02\/picture.1623336166-300x300.jpg 300w, https:\/\/www.belfoodservice.ch\/wp-content\/uploads\/2023\/02\/picture.1623336166-1024x1024.jpg 1024w, https:\/\/www.belfoodservice.ch\/wp-content\/uploads\/2023\/02\/picture.1623336166-150x150.jpg 150w, https:\/\/www.belfoodservice.ch\/wp-content\/uploads\/2023\/02\/picture.1623336166.jpg 1200w\" sizes=\"(max-width: 768px) 100vw, 768px\" \/>\t\t<\/a>\n\n\t\t<h3 class=\"product-title\"><a href=\"https:\/\/www.belfoodservice.ch\/produits\/cantadou-ail-et-fines-herbes-2\/\" rel=\"bookmark\">Cantadou\u00ae Ail et Fines Herbes<\/a><\/h3>\n\t\t\t\t\t<div class=\"product-weight\">Gewicht: 900 g<\/div>\n\t\t\n\t\t\t\t\t<div class=\"product-delivery-unit\">VE: 1 carton \u00e0 54 portions de 16.66g<\/div>\n\t\t\n\t\t<a class=\"btn\" href=\"https:\/\/www.belfoodservice.ch\/produits\/cantadou-ail-et-fines-herbes-2\/\">Entdecken Sie das Produkt<\/a>\n\t<\/div>\n<\/div>\n\n\t\t\t\t\t\t\t\t<\/div>\n\t<\/section>\n\n\n\n\n\t<section id=\"block_c0bf8d049539f18762b1cc5c681838fd\" class=\"brands-section\">\n\t\t<div class=\"brands-carousel\">\n\t\t\t\t\t\t\t\t\t\t\t\t\t\t\t\t<div class=\"slide\">\n\t\t\t\t\t\t\t\t\t\t\t\t\t<a href=\"https:\/\/www.belfoodservice.ch\/de\/marque-alpenhain\/\">\n\t\t\t\t\t\t\t\t<img width=\"300\" height=\"166\" src=\"https:\/\/www.belfoodservice.ch\/wp-content\/uploads\/2023\/02\/marque-alpenhain.jpg\" class=\"attachment-thumbnail_768 size-thumbnail_768\" alt=\"\" decoding=\"async\" loading=\"lazy\" \/>\t\t\t\t\t\t\t<\/a>\n\t\t\t\t\t\t\t\t\t\t\t<\/div>\n\t\t\t\t\t\t\t\t\t\t\t\t\t\t\t\t\t\t\t\t<div class=\"slide\">\n\t\t\t\t\t\t\t\t\t\t\t\t\t<a href=\"https:\/\/www.belfoodservice.ch\/de\/marque-babybel\/\">\n\t\t\t\t\t\t\t\t<img width=\"300\" height=\"262\" src=\"https:\/\/www.belfoodservice.ch\/wp-content\/uploads\/2023\/05\/marque-mini-babybel.png\" class=\"attachment-thumbnail_768 size-thumbnail_768\" alt=\"\" decoding=\"async\" loading=\"lazy\" srcset=\"https:\/\/www.belfoodservice.ch\/wp-content\/uploads\/2023\/05\/marque-mini-babybel.png 300w, https:\/\/www.belfoodservice.ch\/wp-content\/uploads\/2023\/05\/marque-mini-babybel-100x87.png 100w\" sizes=\"(max-width: 300px) 100vw, 300px\" \/>\t\t\t\t\t\t\t<\/a>\n\t\t\t\t\t\t\t\t\t\t\t<\/div>\n\t\t\t\t\t\t\t\t\t\t\t\t\t\t\t\t\t\t\t\t<div class=\"slide\">\n\t\t\t\t\t\t\t\t\t\t\t\t\t<a href=\"https:\/\/www.belfoodservice.ch\/de\/marque-cantadou\/\">\n\t\t\t\t\t\t\t\t<img width=\"300\" height=\"120\" src=\"https:\/\/www.belfoodservice.ch\/wp-content\/uploads\/2023\/02\/marque-cantadou.jpg\" class=\"attachment-thumbnail_768 size-thumbnail_768\" alt=\"\" decoding=\"async\" loading=\"lazy\" \/>\t\t\t\t\t\t\t<\/a>\n\t\t\t\t\t\t\t\t\t\t\t<\/div>\n\t\t\t\t\t\t\t\t\t\t\t\t\t\t\t\t\t\t\t\t<div class=\"slide\">\n\t\t\t\t\t\t\t\t\t\t\t\t\t<a href=\"https:\/\/www.belfoodservice.ch\/de\/marque-kiri\/\">\n\t\t\t\t\t\t\t\t<img width=\"300\" height=\"180\" src=\"https:\/\/www.belfoodservice.ch\/wp-content\/uploads\/2023\/02\/marque-kiri.jpg\" class=\"attachment-thumbnail_768 size-thumbnail_768\" alt=\"\" decoding=\"async\" loading=\"lazy\" \/>\t\t\t\t\t\t\t<\/a>\n\t\t\t\t\t\t\t\t\t\t\t<\/div>\n\t\t\t\t\t\t\t\t\t\t\t\t\t\t\t\t\t\t\t\t<div class=\"slide\">\n\t\t\t\t\t\t\t\t\t\t\t\t\t<a href=\"https:\/\/www.belfoodservice.ch\/de\/marque-vache-qui-rit\/\">\n\t\t\t\t\t\t\t\t<img width=\"300\" height=\"220\" src=\"https:\/\/www.belfoodservice.ch\/wp-content\/uploads\/2023\/02\/marque-lvqr.jpg\" class=\"attachment-thumbnail_768 size-thumbnail_768\" alt=\"\" decoding=\"async\" loading=\"lazy\" \/>\t\t\t\t\t\t\t<\/a>\n\t\t\t\t\t\t\t\t\t\t\t<\/div>\n\t\t\t\t\t\t\t\t\t\t\t\t\t\t\t\t\t\t\t\t<div class=\"slide\">\n\t\t\t\t\t\t\t\t\t\t\t\t\t<a href=\"https:\/\/www.belfoodservice.ch\/de\/marque-cantafrais\/\">\n\t\t\t\t\t\t\t\t<img width=\"300\" height=\"112\" src=\"https:\/\/www.belfoodservice.ch\/wp-content\/uploads\/2023\/02\/marque-cantafrais.jpg\" class=\"attachment-thumbnail_768 size-thumbnail_768\" alt=\"\" decoding=\"async\" loading=\"lazy\" \/>\t\t\t\t\t\t\t<\/a>\n\t\t\t\t\t\t\t\t\t\t\t<\/div>\n\t\t\t\t\t\t\t\t\t\t\t\t\t\t\t\t\t\t\t\t<div class=\"slide\">\n\t\t\t\t\t\t\t\t\t\t\t\t\t<img width=\"85\" height=\"85\" src=\"https:\/\/www.belfoodservice.ch\/wp-content\/uploads\/2023\/02\/maria-grimal.png\" class=\"attachment-thumbnail_768 size-thumbnail_768\" alt=\"\" decoding=\"async\" loading=\"lazy\" \/>\t\t\t\t\t\t\t\t\t\t\t<\/div>\n\t\t\t\t\t\t\t\t\t\t\t\t\t\t\t\t\t\t\t\t<div class=\"slide\">\n\t\t\t\t\t\t\t\t\t\t\t\t\t<img width=\"123\" height=\"52\" src=\"https:\/\/www.belfoodservice.ch\/wp-content\/uploads\/2023\/02\/xetabel.png\" class=\"attachment-thumbnail_768 size-thumbnail_768\" alt=\"\" decoding=\"async\" loading=\"lazy\" \/>\t\t\t\t\t\t\t\t\t\t\t<\/div>\n\t\t\t\t\t\t\t\t\t<\/div>\n\t<\/section>\n","protected":false},"excerpt":{"rendered":"<p>CANTADOU\u00ae die Frischk\u00e4se Marke mit qualitativ hochwertigen Zutaten, inspiriert von den D\u00fcften und Geschm\u00e4ckern der Provence. Die Frische und der un\u00fcbertroffene Geschmack von CANTADOU\u00ae sind eine Gaumenfreude. Die franz\u00f6sische Frischk\u00e4sespezialit\u00e4t mit \u00fcber 40 Jahren Tradition ist ein Allround-Talent f\u00fcr die kalte und warme K\u00fcche. Das sagt Mario Garcia zu Cantadou Zum Cantadou\u00ae Sortiment\u00ae.<\/p>\n","protected":false},"author":1,"featured_media":0,"parent":0,"menu_order":0,"comment_status":"closed","ping_status":"closed","template":"","meta":{"inline_featured_image":false},"acf":[],"yoast_head":"<!-- This site is optimized with the Yoast SEO plugin v20.7 - https:\/\/yoast.com\/wordpress\/plugins\/seo\/ -->\n<title>Cantadou\u00ae - Bel Foodservice<\/title>\n<meta name=\"robots\" content=\"index, follow, max-snippet:-1, max-image-preview:large, max-video-preview:-1\" \/>\n<link rel=\"canonical\" href=\"https:\/\/www.belfoodservice.ch\/de\/marque-cantadou\/\" \/>\n<meta property=\"og:locale\" content=\"de_DE\" \/>\n<meta property=\"og:type\" content=\"article\" \/>\n<meta property=\"og:title\" content=\"Cantadou\u00ae - Bel Foodservice\" \/>\n<meta property=\"og:description\" content=\"CANTADOU\u00ae die Frischk\u00e4se Marke mit qualitativ hochwertigen Zutaten, inspiriert von den D\u00fcften und Geschm\u00e4ckern der Provence. Die Frische und der un\u00fcbertroffene Geschmack von CANTADOU\u00ae sind eine Gaumenfreude. Die franz\u00f6sische Frischk\u00e4sespezialit\u00e4t mit \u00fcber 40 Jahren Tradition ist ein Allround-Talent f\u00fcr die kalte und warme K\u00fcche. Das sagt Mario Garcia zu Cantadou Zum Cantadou\u00ae Sortiment\u00ae.\" \/>\n<meta property=\"og:url\" content=\"https:\/\/www.belfoodservice.ch\/de\/marque-cantadou\/\" \/>\n<meta property=\"og:site_name\" content=\"Bel Foodservice\" \/>\n<meta property=\"article:modified_time\" content=\"2025-06-23T07:49:20+00:00\" \/>\n<meta property=\"og:image\" content=\"https:\/\/www.belfoodservice.ch\/wp-content\/uploads\/2023\/02\/marque-cantadou.jpg\" \/>\n<meta name=\"twitter:card\" content=\"summary_large_image\" \/>\n<meta name=\"twitter:label1\" content=\"Est. reading time\" \/>\n\t<meta name=\"twitter:data1\" content=\"1 Minute\" \/>\n<script type=\"application\/ld+json\" class=\"yoast-schema-graph\">{\"@context\":\"https:\/\/schema.org\",\"@graph\":[{\"@type\":\"WebPage\",\"@id\":\"https:\/\/www.belfoodservice.ch\/de\/marque-cantadou\/\",\"url\":\"https:\/\/www.belfoodservice.ch\/de\/marque-cantadou\/\",\"name\":\"Cantadou\u00ae - Bel Foodservice\",\"isPartOf\":{\"@id\":\"https:\/\/www.belfoodservice.ch\/de\/#website\"},\"datePublished\":\"2023-02-07T10:28:05+00:00\",\"dateModified\":\"2025-06-23T07:49:20+00:00\",\"breadcrumb\":{\"@id\":\"https:\/\/www.belfoodservice.ch\/de\/marque-cantadou\/#breadcrumb\"},\"inLanguage\":\"de-DE\",\"potentialAction\":[{\"@type\":\"ReadAction\",\"target\":[\"https:\/\/www.belfoodservice.ch\/de\/marque-cantadou\/\"]}]},{\"@type\":\"BreadcrumbList\",\"@id\":\"https:\/\/www.belfoodservice.ch\/de\/marque-cantadou\/#breadcrumb\",\"itemListElement\":[{\"@type\":\"ListItem\",\"position\":1,\"name\":\"Home\",\"item\":\"https:\/\/www.belfoodservice.ch\/de\/\"},{\"@type\":\"ListItem\",\"position\":2,\"name\":\"Cantadou\u00ae\"}]},{\"@type\":\"WebSite\",\"@id\":\"https:\/\/www.belfoodservice.ch\/de\/#website\",\"url\":\"https:\/\/www.belfoodservice.ch\/de\/\",\"name\":\"Bel Foodservice\",\"description\":\"\",\"publisher\":{\"@id\":\"https:\/\/www.belfoodservice.ch\/de\/#organization\"},\"potentialAction\":[{\"@type\":\"SearchAction\",\"target\":{\"@type\":\"EntryPoint\",\"urlTemplate\":\"https:\/\/www.belfoodservice.ch\/de\/?s={search_term_string}\"},\"query-input\":\"required name=search_term_string\"}],\"inLanguage\":\"de-DE\"},{\"@type\":\"Organization\",\"@id\":\"https:\/\/www.belfoodservice.ch\/de\/#organization\",\"name\":\"Bel Foodservice\",\"url\":\"https:\/\/www.belfoodservice.ch\/de\/\",\"logo\":{\"@type\":\"ImageObject\",\"inLanguage\":\"de-DE\",\"@id\":\"https:\/\/www.belfoodservice.ch\/de\/#\/schema\/logo\/image\/\",\"url\":\"https:\/\/www.belfoodservice.ch\/wp-content\/uploads\/2023\/02\/logo.png\",\"contentUrl\":\"https:\/\/www.belfoodservice.ch\/wp-content\/uploads\/2023\/02\/logo.png\",\"width\":450,\"height\":140,\"caption\":\"Bel Foodservice\"},\"image\":{\"@id\":\"https:\/\/www.belfoodservice.ch\/de\/#\/schema\/logo\/image\/\"}}]}<\/script>\n<!-- \/ Yoast SEO plugin. -->","yoast_head_json":{"title":"Cantadou\u00ae - Bel Foodservice","robots":{"index":"index","follow":"follow","max-snippet":"max-snippet:-1","max-image-preview":"max-image-preview:large","max-video-preview":"max-video-preview:-1"},"canonical":"https:\/\/www.belfoodservice.ch\/de\/marque-cantadou\/","og_locale":"de_DE","og_type":"article","og_title":"Cantadou\u00ae - Bel Foodservice","og_description":"CANTADOU\u00ae die Frischk\u00e4se Marke mit qualitativ hochwertigen Zutaten, inspiriert von den D\u00fcften und Geschm\u00e4ckern der Provence. Die Frische und der un\u00fcbertroffene Geschmack von CANTADOU\u00ae sind eine Gaumenfreude. Die franz\u00f6sische Frischk\u00e4sespezialit\u00e4t mit \u00fcber 40 Jahren Tradition ist ein Allround-Talent f\u00fcr die kalte und warme K\u00fcche. Das sagt Mario Garcia zu Cantadou Zum Cantadou\u00ae Sortiment\u00ae.","og_url":"https:\/\/www.belfoodservice.ch\/de\/marque-cantadou\/","og_site_name":"Bel Foodservice","article_modified_time":"2025-06-23T07:49:20+00:00","og_image":[{"url":"https:\/\/www.belfoodservice.ch\/wp-content\/uploads\/2023\/02\/marque-cantadou.jpg"}],"twitter_card":"summary_large_image","twitter_misc":{"Est. reading time":"1 Minute"},"schema":{"@context":"https:\/\/schema.org","@graph":[{"@type":"WebPage","@id":"https:\/\/www.belfoodservice.ch\/de\/marque-cantadou\/","url":"https:\/\/www.belfoodservice.ch\/de\/marque-cantadou\/","name":"Cantadou\u00ae - Bel Foodservice","isPartOf":{"@id":"https:\/\/www.belfoodservice.ch\/de\/#website"},"datePublished":"2023-02-07T10:28:05+00:00","dateModified":"2025-06-23T07:49:20+00:00","breadcrumb":{"@id":"https:\/\/www.belfoodservice.ch\/de\/marque-cantadou\/#breadcrumb"},"inLanguage":"de-DE","potentialAction":[{"@type":"ReadAction","target":["https:\/\/www.belfoodservice.ch\/de\/marque-cantadou\/"]}]},{"@type":"BreadcrumbList","@id":"https:\/\/www.belfoodservice.ch\/de\/marque-cantadou\/#breadcrumb","itemListElement":[{"@type":"ListItem","position":1,"name":"Home","item":"https:\/\/www.belfoodservice.ch\/de\/"},{"@type":"ListItem","position":2,"name":"Cantadou\u00ae"}]},{"@type":"WebSite","@id":"https:\/\/www.belfoodservice.ch\/de\/#website","url":"https:\/\/www.belfoodservice.ch\/de\/","name":"Bel Foodservice","description":"","publisher":{"@id":"https:\/\/www.belfoodservice.ch\/de\/#organization"},"potentialAction":[{"@type":"SearchAction","target":{"@type":"EntryPoint","urlTemplate":"https:\/\/www.belfoodservice.ch\/de\/?s={search_term_string}"},"query-input":"required name=search_term_string"}],"inLanguage":"de-DE"},{"@type":"Organization","@id":"https:\/\/www.belfoodservice.ch\/de\/#organization","name":"Bel Foodservice","url":"https:\/\/www.belfoodservice.ch\/de\/","logo":{"@type":"ImageObject","inLanguage":"de-DE","@id":"https:\/\/www.belfoodservice.ch\/de\/#\/schema\/logo\/image\/","url":"https:\/\/www.belfoodservice.ch\/wp-content\/uploads\/2023\/02\/logo.png","contentUrl":"https:\/\/www.belfoodservice.ch\/wp-content\/uploads\/2023\/02\/logo.png","width":450,"height":140,"caption":"Bel Foodservice"},"image":{"@id":"https:\/\/www.belfoodservice.ch\/de\/#\/schema\/logo\/image\/"}}]}},"_links":{"self":[{"href":"https:\/\/www.belfoodservice.ch\/de\/wp-json\/wp\/v2\/pages\/525"}],"collection":[{"href":"https:\/\/www.belfoodservice.ch\/de\/wp-json\/wp\/v2\/pages"}],"about":[{"href":"https:\/\/www.belfoodservice.ch\/de\/wp-json\/wp\/v2\/types\/page"}],"author":[{"embeddable":true,"href":"https:\/\/www.belfoodservice.ch\/de\/wp-json\/wp\/v2\/users\/1"}],"replies":[{"embeddable":true,"href":"https:\/\/www.belfoodservice.ch\/de\/wp-json\/wp\/v2\/comments?post=525"}],"version-history":[{"count":8,"href":"https:\/\/www.belfoodservice.ch\/de\/wp-json\/wp\/v2\/pages\/525\/revisions"}],"predecessor-version":[{"id":1240,"href":"https:\/\/www.belfoodservice.ch\/de\/wp-json\/wp\/v2\/pages\/525\/revisions\/1240"}],"wp:attachment":[{"href":"https:\/\/www.belfoodservice.ch\/de\/wp-json\/wp\/v2\/media?parent=525"}],"curies":[{"name":"wp","href":"https:\/\/api.w.org\/{rel}","templated":true}]}}