{"id":523,"date":"2023-02-07T10:33:22","date_gmt":"2023-02-07T10:33:22","guid":{"rendered":"https:\/\/www.belfoodservice.ch\/marque-cantafrais\/"},"modified":"2023-03-06T08:50:23","modified_gmt":"2023-03-06T08:50:23","slug":"marque-cantafrais","status":"publish","type":"page","link":"https:\/\/www.belfoodservice.ch\/de\/marque-cantafrais\/","title":{"rendered":"Cantafrais\u00ae"},"content":{"rendered":"<div class=\"wp-block-image\">\n<figure class=\"alignright size-full is-resized\"><img decoding=\"async\" src=\"https:\/\/www.belfoodservice.ch\/wp-content\/uploads\/2023\/02\/marque-cantafrais.jpg\" alt=\"\" class=\"wp-image-79\" width=\"150\"\/><\/figure><\/div>\n\n\n<p>Ultra-facile \u00e0 tartiner, CANTAFRAIS\u00ae apporte une touche de fra\u00eecheur suppl\u00e9mentaire \u00e0 vos cr\u00e9ations. Son go\u00fbt naturel est id\u00e9al comme base \u00e0 surmonter d&#8217;herbes et d&#8217;\u00e9pices.<\/p>\n\n\n\n<h3 class=\"wp-block-heading\">D\u00e9couvrez sans plus attendre l&#8217;ensemble des produits de la gamme Cantafrais<sup>\u00ae<\/sup>.<\/h3>\n\n\n\n\n\t<section id=\"block_7a67d9d3b9b6362f4a1f832964f930d8\" class=\"related-products-section\">\n\t\t<div class=\"products resources-grid\">\n\t\t\t\t\t\t\t\t\t\t\t<div class=\"col\">\n\t<div class=\"product product-block\">\n\t\t<a class=\"img-wrap\" href=\"https:\/\/www.belfoodservice.ch\/produits\/cantafrais-nature\/\">\n\t\t\t<img width=\"768\" height=\"768\" src=\"https:\/\/www.belfoodservice.ch\/wp-content\/uploads\/2023\/02\/picture.16233361661-768x768.jpg\" class=\"attachment-thumbnail_768 size-thumbnail_768 wp-post-image\" alt=\"\" decoding=\"async\" loading=\"lazy\" srcset=\"https:\/\/www.belfoodservice.ch\/wp-content\/uploads\/2023\/02\/picture.16233361661-768x768.jpg 768w, https:\/\/www.belfoodservice.ch\/wp-content\/uploads\/2023\/02\/picture.16233361661-300x300.jpg 300w, https:\/\/www.belfoodservice.ch\/wp-content\/uploads\/2023\/02\/picture.16233361661-1024x1024.jpg 1024w, https:\/\/www.belfoodservice.ch\/wp-content\/uploads\/2023\/02\/picture.16233361661-150x150.jpg 150w, https:\/\/www.belfoodservice.ch\/wp-content\/uploads\/2023\/02\/picture.16233361661.jpg 1200w\" sizes=\"(max-width: 768px) 100vw, 768px\" \/>\t\t<\/a>\n\n\t\t<h3 class=\"product-title\"><a href=\"https:\/\/www.belfoodservice.ch\/produits\/cantafrais-nature\/\" rel=\"bookmark\">Cantafrais\u00ae Nature<\/a><\/h3>\n\t\t\t\t\t<div class=\"product-weight\">Gewicht: 500 g<\/div>\n\t\t\n\t\t\t\t\t<div class=\"product-delivery-unit\">VE: 1 Terrine \u00e0 500g<\/div>\n\t\t\n\t\t<a class=\"btn\" href=\"https:\/\/www.belfoodservice.ch\/produits\/cantafrais-nature\/\">Entdecken Sie das Produkt<\/a>\n\t<\/div>\n<\/div>\n\n\t\t\t\t\t\t\t\t<\/div>\n\t<\/section>\n\n\n\n\n\t<section id=\"block_2a0df8331795e7566023061d19213480\" class=\"brands-section\">\n\t\t<div class=\"brands-carousel\">\n\t\t\t\t\t\t\t\t\t\t\t\t\t\t\t\t<div class=\"slide\">\n\t\t\t\t\t\t\t\t\t\t\t\t\t<a href=\"https:\/\/www.belfoodservice.ch\/de\/marque-alpenhain\/\">\n\t\t\t\t\t\t\t\t<img width=\"300\" height=\"166\" src=\"https:\/\/www.belfoodservice.ch\/wp-content\/uploads\/2023\/02\/marque-alpenhain.jpg\" class=\"attachment-thumbnail_768 size-thumbnail_768\" alt=\"\" decoding=\"async\" loading=\"lazy\" \/>\t\t\t\t\t\t\t<\/a>\n\t\t\t\t\t\t\t\t\t\t\t<\/div>\n\t\t\t\t\t\t\t\t\t\t\t\t\t\t\t\t\t\t\t\t<div class=\"slide\">\n\t\t\t\t\t\t\t\t\t\t\t\t\t<a href=\"https:\/\/www.belfoodservice.ch\/de\/marque-babybel\/\">\n\t\t\t\t\t\t\t\t<img width=\"300\" height=\"262\" src=\"https:\/\/www.belfoodservice.ch\/wp-content\/uploads\/2023\/05\/marque-mini-babybel.png\" class=\"attachment-thumbnail_768 size-thumbnail_768\" alt=\"\" decoding=\"async\" loading=\"lazy\" srcset=\"https:\/\/www.belfoodservice.ch\/wp-content\/uploads\/2023\/05\/marque-mini-babybel.png 300w, https:\/\/www.belfoodservice.ch\/wp-content\/uploads\/2023\/05\/marque-mini-babybel-100x87.png 100w\" sizes=\"(max-width: 300px) 100vw, 300px\" \/>\t\t\t\t\t\t\t<\/a>\n\t\t\t\t\t\t\t\t\t\t\t<\/div>\n\t\t\t\t\t\t\t\t\t\t\t\t\t\t\t\t\t\t\t\t<div class=\"slide\">\n\t\t\t\t\t\t\t\t\t\t\t\t\t<a href=\"https:\/\/www.belfoodservice.ch\/de\/marque-cantadou\/\">\n\t\t\t\t\t\t\t\t<img width=\"300\" height=\"120\" src=\"https:\/\/www.belfoodservice.ch\/wp-content\/uploads\/2023\/02\/marque-cantadou.jpg\" class=\"attachment-thumbnail_768 size-thumbnail_768\" alt=\"\" decoding=\"async\" loading=\"lazy\" \/>\t\t\t\t\t\t\t<\/a>\n\t\t\t\t\t\t\t\t\t\t\t<\/div>\n\t\t\t\t\t\t\t\t\t\t\t\t\t\t\t\t\t\t\t\t<div class=\"slide\">\n\t\t\t\t\t\t\t\t\t\t\t\t\t<a href=\"https:\/\/www.belfoodservice.ch\/de\/marque-kiri\/\">\n\t\t\t\t\t\t\t\t<img width=\"300\" height=\"180\" src=\"https:\/\/www.belfoodservice.ch\/wp-content\/uploads\/2023\/02\/marque-kiri.jpg\" class=\"attachment-thumbnail_768 size-thumbnail_768\" alt=\"\" decoding=\"async\" loading=\"lazy\" \/>\t\t\t\t\t\t\t<\/a>\n\t\t\t\t\t\t\t\t\t\t\t<\/div>\n\t\t\t\t\t\t\t\t\t\t\t\t\t\t\t\t\t\t\t\t<div class=\"slide\">\n\t\t\t\t\t\t\t\t\t\t\t\t\t<a href=\"https:\/\/www.belfoodservice.ch\/de\/marque-vache-qui-rit\/\">\n\t\t\t\t\t\t\t\t<img width=\"300\" height=\"220\" src=\"https:\/\/www.belfoodservice.ch\/wp-content\/uploads\/2023\/02\/marque-lvqr.jpg\" class=\"attachment-thumbnail_768 size-thumbnail_768\" alt=\"\" decoding=\"async\" loading=\"lazy\" \/>\t\t\t\t\t\t\t<\/a>\n\t\t\t\t\t\t\t\t\t\t\t<\/div>\n\t\t\t\t\t\t\t\t\t\t\t\t\t\t\t\t\t\t\t\t<div class=\"slide\">\n\t\t\t\t\t\t\t\t\t\t\t\t\t<a href=\"https:\/\/www.belfoodservice.ch\/de\/marque-cantafrais\/\">\n\t\t\t\t\t\t\t\t<img width=\"300\" height=\"112\" src=\"https:\/\/www.belfoodservice.ch\/wp-content\/uploads\/2023\/02\/marque-cantafrais.jpg\" class=\"attachment-thumbnail_768 size-thumbnail_768\" alt=\"\" decoding=\"async\" loading=\"lazy\" \/>\t\t\t\t\t\t\t<\/a>\n\t\t\t\t\t\t\t\t\t\t\t<\/div>\n\t\t\t\t\t\t\t\t\t\t\t\t\t\t\t\t\t\t\t\t<div class=\"slide\">\n\t\t\t\t\t\t\t\t\t\t\t\t\t<img width=\"85\" height=\"85\" src=\"https:\/\/www.belfoodservice.ch\/wp-content\/uploads\/2023\/02\/maria-grimal.png\" class=\"attachment-thumbnail_768 size-thumbnail_768\" alt=\"\" decoding=\"async\" loading=\"lazy\" \/>\t\t\t\t\t\t\t\t\t\t\t<\/div>\n\t\t\t\t\t\t\t\t\t\t\t\t\t\t\t\t\t\t\t\t<div class=\"slide\">\n\t\t\t\t\t\t\t\t\t\t\t\t\t<img width=\"123\" height=\"52\" src=\"https:\/\/www.belfoodservice.ch\/wp-content\/uploads\/2023\/02\/xetabel.png\" class=\"attachment-thumbnail_768 size-thumbnail_768\" alt=\"\" decoding=\"async\" loading=\"lazy\" \/>\t\t\t\t\t\t\t\t\t\t\t<\/div>\n\t\t\t\t\t\t\t\t\t<\/div>\n\t<\/section>\n","protected":false},"excerpt":{"rendered":"<p>Ultra-facile \u00e0 tartiner, CANTAFRAIS\u00ae apporte une touche de fra\u00eecheur suppl\u00e9mentaire \u00e0 vos cr\u00e9ations. Son go\u00fbt naturel est id\u00e9al comme base \u00e0 surmonter d&#8217;herbes et d&#8217;\u00e9pices. D\u00e9couvrez sans plus attendre l&#8217;ensemble des produits de la gamme Cantafrais\u00ae.<\/p>\n","protected":false},"author":1,"featured_media":0,"parent":0,"menu_order":0,"comment_status":"closed","ping_status":"closed","template":"","meta":{"inline_featured_image":false},"acf":[],"yoast_head":"<!-- This site is optimized with the Yoast SEO plugin v20.7 - https:\/\/yoast.com\/wordpress\/plugins\/seo\/ -->\n<title>Cantafrais\u00ae - Bel Foodservice<\/title>\n<meta name=\"robots\" content=\"index, follow, max-snippet:-1, max-image-preview:large, max-video-preview:-1\" \/>\n<link rel=\"canonical\" href=\"https:\/\/www.belfoodservice.ch\/de\/marque-cantafrais\/\" \/>\n<meta property=\"og:locale\" content=\"de_DE\" \/>\n<meta property=\"og:type\" content=\"article\" \/>\n<meta property=\"og:title\" content=\"Cantafrais\u00ae - Bel Foodservice\" \/>\n<meta property=\"og:description\" content=\"Ultra-facile \u00e0 tartiner, CANTAFRAIS\u00ae apporte une touche de fra\u00eecheur suppl\u00e9mentaire \u00e0 vos cr\u00e9ations. Son go\u00fbt naturel est id\u00e9al comme base \u00e0 surmonter d&#8217;herbes et d&#8217;\u00e9pices. D\u00e9couvrez sans plus attendre l&#8217;ensemble des produits de la gamme Cantafrais\u00ae.\" \/>\n<meta property=\"og:url\" content=\"https:\/\/www.belfoodservice.ch\/de\/marque-cantafrais\/\" \/>\n<meta property=\"og:site_name\" content=\"Bel Foodservice\" \/>\n<meta property=\"article:modified_time\" content=\"2023-03-06T08:50:23+00:00\" \/>\n<meta property=\"og:image\" content=\"https:\/\/www.belfoodservice.ch\/wp-content\/uploads\/2023\/02\/marque-cantafrais.jpg\" \/>\n<meta name=\"twitter:card\" content=\"summary_large_image\" \/>\n<script type=\"application\/ld+json\" class=\"yoast-schema-graph\">{\"@context\":\"https:\/\/schema.org\",\"@graph\":[{\"@type\":\"WebPage\",\"@id\":\"https:\/\/www.belfoodservice.ch\/de\/marque-cantafrais\/\",\"url\":\"https:\/\/www.belfoodservice.ch\/de\/marque-cantafrais\/\",\"name\":\"Cantafrais\u00ae - Bel Foodservice\",\"isPartOf\":{\"@id\":\"https:\/\/www.belfoodservice.ch\/de\/#website\"},\"datePublished\":\"2023-02-07T10:33:22+00:00\",\"dateModified\":\"2023-03-06T08:50:23+00:00\",\"breadcrumb\":{\"@id\":\"https:\/\/www.belfoodservice.ch\/de\/marque-cantafrais\/#breadcrumb\"},\"inLanguage\":\"de-DE\",\"potentialAction\":[{\"@type\":\"ReadAction\",\"target\":[\"https:\/\/www.belfoodservice.ch\/de\/marque-cantafrais\/\"]}]},{\"@type\":\"BreadcrumbList\",\"@id\":\"https:\/\/www.belfoodservice.ch\/de\/marque-cantafrais\/#breadcrumb\",\"itemListElement\":[{\"@type\":\"ListItem\",\"position\":1,\"name\":\"Home\",\"item\":\"https:\/\/www.belfoodservice.ch\/de\/\"},{\"@type\":\"ListItem\",\"position\":2,\"name\":\"Cantafrais\u00ae\"}]},{\"@type\":\"WebSite\",\"@id\":\"https:\/\/www.belfoodservice.ch\/de\/#website\",\"url\":\"https:\/\/www.belfoodservice.ch\/de\/\",\"name\":\"Bel Foodservice\",\"description\":\"\",\"publisher\":{\"@id\":\"https:\/\/www.belfoodservice.ch\/de\/#organization\"},\"potentialAction\":[{\"@type\":\"SearchAction\",\"target\":{\"@type\":\"EntryPoint\",\"urlTemplate\":\"https:\/\/www.belfoodservice.ch\/de\/?s={search_term_string}\"},\"query-input\":\"required name=search_term_string\"}],\"inLanguage\":\"de-DE\"},{\"@type\":\"Organization\",\"@id\":\"https:\/\/www.belfoodservice.ch\/de\/#organization\",\"name\":\"Bel Foodservice\",\"url\":\"https:\/\/www.belfoodservice.ch\/de\/\",\"logo\":{\"@type\":\"ImageObject\",\"inLanguage\":\"de-DE\",\"@id\":\"https:\/\/www.belfoodservice.ch\/de\/#\/schema\/logo\/image\/\",\"url\":\"https:\/\/www.belfoodservice.ch\/wp-content\/uploads\/2023\/02\/logo.png\",\"contentUrl\":\"https:\/\/www.belfoodservice.ch\/wp-content\/uploads\/2023\/02\/logo.png\",\"width\":450,\"height\":140,\"caption\":\"Bel Foodservice\"},\"image\":{\"@id\":\"https:\/\/www.belfoodservice.ch\/de\/#\/schema\/logo\/image\/\"}}]}<\/script>\n<!-- \/ Yoast SEO plugin. -->","yoast_head_json":{"title":"Cantafrais\u00ae - Bel Foodservice","robots":{"index":"index","follow":"follow","max-snippet":"max-snippet:-1","max-image-preview":"max-image-preview:large","max-video-preview":"max-video-preview:-1"},"canonical":"https:\/\/www.belfoodservice.ch\/de\/marque-cantafrais\/","og_locale":"de_DE","og_type":"article","og_title":"Cantafrais\u00ae - Bel Foodservice","og_description":"Ultra-facile \u00e0 tartiner, CANTAFRAIS\u00ae apporte une touche de fra\u00eecheur suppl\u00e9mentaire \u00e0 vos cr\u00e9ations. Son go\u00fbt naturel est id\u00e9al comme base \u00e0 surmonter d&#8217;herbes et d&#8217;\u00e9pices. D\u00e9couvrez sans plus attendre l&#8217;ensemble des produits de la gamme Cantafrais\u00ae.","og_url":"https:\/\/www.belfoodservice.ch\/de\/marque-cantafrais\/","og_site_name":"Bel Foodservice","article_modified_time":"2023-03-06T08:50:23+00:00","og_image":[{"url":"https:\/\/www.belfoodservice.ch\/wp-content\/uploads\/2023\/02\/marque-cantafrais.jpg"}],"twitter_card":"summary_large_image","schema":{"@context":"https:\/\/schema.org","@graph":[{"@type":"WebPage","@id":"https:\/\/www.belfoodservice.ch\/de\/marque-cantafrais\/","url":"https:\/\/www.belfoodservice.ch\/de\/marque-cantafrais\/","name":"Cantafrais\u00ae - Bel Foodservice","isPartOf":{"@id":"https:\/\/www.belfoodservice.ch\/de\/#website"},"datePublished":"2023-02-07T10:33:22+00:00","dateModified":"2023-03-06T08:50:23+00:00","breadcrumb":{"@id":"https:\/\/www.belfoodservice.ch\/de\/marque-cantafrais\/#breadcrumb"},"inLanguage":"de-DE","potentialAction":[{"@type":"ReadAction","target":["https:\/\/www.belfoodservice.ch\/de\/marque-cantafrais\/"]}]},{"@type":"BreadcrumbList","@id":"https:\/\/www.belfoodservice.ch\/de\/marque-cantafrais\/#breadcrumb","itemListElement":[{"@type":"ListItem","position":1,"name":"Home","item":"https:\/\/www.belfoodservice.ch\/de\/"},{"@type":"ListItem","position":2,"name":"Cantafrais\u00ae"}]},{"@type":"WebSite","@id":"https:\/\/www.belfoodservice.ch\/de\/#website","url":"https:\/\/www.belfoodservice.ch\/de\/","name":"Bel Foodservice","description":"","publisher":{"@id":"https:\/\/www.belfoodservice.ch\/de\/#organization"},"potentialAction":[{"@type":"SearchAction","target":{"@type":"EntryPoint","urlTemplate":"https:\/\/www.belfoodservice.ch\/de\/?s={search_term_string}"},"query-input":"required name=search_term_string"}],"inLanguage":"de-DE"},{"@type":"Organization","@id":"https:\/\/www.belfoodservice.ch\/de\/#organization","name":"Bel Foodservice","url":"https:\/\/www.belfoodservice.ch\/de\/","logo":{"@type":"ImageObject","inLanguage":"de-DE","@id":"https:\/\/www.belfoodservice.ch\/de\/#\/schema\/logo\/image\/","url":"https:\/\/www.belfoodservice.ch\/wp-content\/uploads\/2023\/02\/logo.png","contentUrl":"https:\/\/www.belfoodservice.ch\/wp-content\/uploads\/2023\/02\/logo.png","width":450,"height":140,"caption":"Bel Foodservice"},"image":{"@id":"https:\/\/www.belfoodservice.ch\/de\/#\/schema\/logo\/image\/"}}]}},"_links":{"self":[{"href":"https:\/\/www.belfoodservice.ch\/de\/wp-json\/wp\/v2\/pages\/523"}],"collection":[{"href":"https:\/\/www.belfoodservice.ch\/de\/wp-json\/wp\/v2\/pages"}],"about":[{"href":"https:\/\/www.belfoodservice.ch\/de\/wp-json\/wp\/v2\/types\/page"}],"author":[{"embeddable":true,"href":"https:\/\/www.belfoodservice.ch\/de\/wp-json\/wp\/v2\/users\/1"}],"replies":[{"embeddable":true,"href":"https:\/\/www.belfoodservice.ch\/de\/wp-json\/wp\/v2\/comments?post=523"}],"version-history":[{"count":1,"href":"https:\/\/www.belfoodservice.ch\/de\/wp-json\/wp\/v2\/pages\/523\/revisions"}],"predecessor-version":[{"id":524,"href":"https:\/\/www.belfoodservice.ch\/de\/wp-json\/wp\/v2\/pages\/523\/revisions\/524"}],"wp:attachment":[{"href":"https:\/\/www.belfoodservice.ch\/de\/wp-json\/wp\/v2\/media?parent=523"}],"curies":[{"name":"wp","href":"https:\/\/api.w.org\/{rel}","templated":true}]}}