{"id":517,"date":"2023-02-06T16:06:42","date_gmt":"2023-02-06T16:06:42","guid":{"rendered":"https:\/\/www.belfoodservice.ch\/histoire\/"},"modified":"2024-02-20T07:39:29","modified_gmt":"2024-02-20T07:39:29","slug":"histoire","status":"publish","type":"page","link":"https:\/\/www.belfoodservice.ch\/de\/histoire\/","title":{"rendered":"Geschichte"},"content":{"rendered":"\n<h2 class=\"wp-block-heading\">Familienabenteuer oder globale Erfolgsstory?<\/h2>\n\n\n\n<p>Die Geschichte des Markenk\u00e4sehersteller Bel ist beides: Im Jahr 1865 begann Jules Bel im franz\u00f6sischen Jura mit der Herstellung und dem Handel von Comt\u00e9, einem regionalen Hart-Rohmilchk\u00e4se. Heute, \u00fcber 150 Jahre und f\u00fcnf Generationen sp\u00e4ter, tragen mehr als 12.000 Mitarbeiter in \u00fcber 30 L\u00e4ndern und 30 Produktionsst\u00e4tten t\u00e4glich zum Erfolg der Bel Gruppe bei. Das Unternehmen ist der drittgr\u00f6\u00dfte Hersteller von Markenk\u00e4se weltweit. Im Jahr 2015 wurde Bel 150 Jahre jung.<\/p>\n\n\n\n<figure class=\"wp-block-image size-full\"><img decoding=\"async\" loading=\"lazy\" width=\"728\" height=\"262\" src=\"https:\/\/www.belfoodservice.ch\/wp-content\/uploads\/2023\/02\/geschichte_bel.jpg\" alt=\"\" class=\"wp-image-243\" srcset=\"https:\/\/www.belfoodservice.ch\/wp-content\/uploads\/2023\/02\/geschichte_bel.jpg 728w, https:\/\/www.belfoodservice.ch\/wp-content\/uploads\/2023\/02\/geschichte_bel-300x108.jpg 300w\" sizes=\"(max-width: 728px) 100vw, 728px\" \/><\/figure>\n\n\n<div class=\"wp-block-image\">\n<figure class=\"alignleft size-full\"><img decoding=\"async\" loading=\"lazy\" width=\"224\" height=\"192\" src=\"https:\/\/www.belfoodservice.ch\/wp-content\/uploads\/2023\/02\/Jules_Bel_high.jpg\" alt=\"\" class=\"wp-image-247\"\/><\/figure><\/div>\n\n\n<p>Im Jahr 1865 begann Jules Bel mit der Herstellung, Reifung und dem Handel von Comt\u00e9 (franz\u00f6sischer Hart-Rohmilchk\u00e4se) in der franz\u00f6sischen Jura-Region. Sein Sohn, L\u00e9on Bel, \u00fcbernahm das Gesch\u00e4ft nach dem Tod von Jules Bel im Jahr 1904. Nach dem Ersten Weltkrieg als die industrielle K\u00e4seherstellung begann, entdeckte L\u00e9on Bel das gro\u00dfe Potenzial von Schmelzk\u00e4se: Lecker, erschwinglich, einfach mitzunehmen und aufzubewahren. Im Jahr 1922 l\u00e4sst er sich auf das Abenteuer der industriellen K\u00e4seherstellung ein und gr\u00fcndet die Fromageries Bel.<\/p>\n\n\n<div class=\"wp-block-image\">\n<figure class=\"alignright size-full\"><img decoding=\"async\" loading=\"lazy\" width=\"222\" height=\"174\" src=\"https:\/\/www.belfoodservice.ch\/wp-content\/uploads\/2023\/02\/geschichte_lvqr.jpg\" alt=\"\" class=\"wp-image-246\"\/><\/figure><\/div>\n\n\n<p>Bereits 1921 lie\u00df L\u00e9on Bel La Vache qui rit\u00ae als Markenzeichen eintragen. Parallel dazu errichtete er im franz\u00f6sischen Lons-le-Saunier das erste Werk zur Herstellung von Schmelzk\u00e4se. Unter Robert Fievet, Schwiegersohn von L\u00e9on Bel, wurde ab 1937 eine konsequente Markenpolitik betrieben. Die internationale Expansion spielte dabei eine wesentliche Rolle. Demzufolge lie\u00df sich das Unternehmen auch verst\u00e4rkt im Ausland nieder. Nach Grossbritannien, Belgien, Deutschland und weiteren EU-L\u00e4ndern wurde 1973 in der Schweiz die Tochtergesellschaft Bel Suisse SA gegr\u00fcndet.<\/p>\n\n\n<div class=\"wp-block-image\">\n<figure class=\"alignleft size-full\"><img decoding=\"async\" loading=\"lazy\" width=\"221\" height=\"254\" src=\"https:\/\/www.belfoodservice.ch\/wp-content\/uploads\/2023\/02\/csm_geschichte_wiedemann_ae734e8fdc.jpg\" alt=\"\" class=\"wp-image-245\"\/><\/figure><\/div>\n\n\n<p>Die Geschichte der Bel Suisse SA begann in einem kleinen B\u00fcro in Cham mit nur einer Angestellten. Kurze Zeit nach der Gr\u00fcndung wurde ein Chauffeuer eingestellt, der w\u00f6chentlich nach Lons-Le Saunier im franz\u00f6sischen Jura fuhr, um bei der Firma Lacroix die Produkte abzuholen. Diese wurden anschliessend an alle Grossisten in der ganzen Schweiz ausgeliefert. Das Bel Sortiment umfasste damals La vache qui rit, Kiri, Babybel und Cantadou. Aufgrund des kontinuierlichen Wachstums und des immer gr\u00f6sser werdenden Sortiments (Boursin und Leerdammer) wurden im Laufe der Jahre weitere Mitarbeiter eingestellt. Ausserdem mussten sowohl f\u00fcr das Lager als auch f\u00fcr das B\u00fcro aus Knappheitsgr\u00fcnden mehrere Male neue R\u00e4umlichkeiten gesucht werden.<\/p>\n\n\n\n<p>Heute befindet sich die Bel Suisse SA an der Hinterbergstrasse 19 in Cham, besch\u00e4ftigt rund 25 Mitarbeiter\/innen und geh\u00f6rt in der Schweiz zu den f\u00fchrenden Anbietern von Markenk\u00e4se. Die Geschichte hat gerade erst begonnen&#8230;<\/p>\n\n\n\n\n\t<section id=\"block_646b9d15d50d6d2b86b5a334d4a3690c\" class=\"brands-section\">\n\t\t<div class=\"brands-carousel\">\n\t\t\t\t\t\t\t\t\t\t\t\t\t\t\t\t<div class=\"slide\">\n\t\t\t\t\t\t\t\t\t\t\t\t\t<a href=\"https:\/\/www.belfoodservice.ch\/de\/marque-alpenhain\/\">\n\t\t\t\t\t\t\t\t<img width=\"300\" height=\"166\" src=\"https:\/\/www.belfoodservice.ch\/wp-content\/uploads\/2023\/02\/marque-alpenhain.jpg\" class=\"attachment-thumbnail_768 size-thumbnail_768\" alt=\"\" decoding=\"async\" loading=\"lazy\" \/>\t\t\t\t\t\t\t<\/a>\n\t\t\t\t\t\t\t\t\t\t\t<\/div>\n\t\t\t\t\t\t\t\t\t\t\t\t\t\t\t\t\t\t\t\t<div class=\"slide\">\n\t\t\t\t\t\t\t\t\t\t\t\t\t<a href=\"https:\/\/www.belfoodservice.ch\/de\/marque-babybel\/\">\n\t\t\t\t\t\t\t\t<img width=\"300\" height=\"262\" src=\"https:\/\/www.belfoodservice.ch\/wp-content\/uploads\/2023\/05\/marque-mini-babybel.png\" class=\"attachment-thumbnail_768 size-thumbnail_768\" alt=\"\" decoding=\"async\" loading=\"lazy\" srcset=\"https:\/\/www.belfoodservice.ch\/wp-content\/uploads\/2023\/05\/marque-mini-babybel.png 300w, https:\/\/www.belfoodservice.ch\/wp-content\/uploads\/2023\/05\/marque-mini-babybel-100x87.png 100w\" sizes=\"(max-width: 300px) 100vw, 300px\" \/>\t\t\t\t\t\t\t<\/a>\n\t\t\t\t\t\t\t\t\t\t\t<\/div>\n\t\t\t\t\t\t\t\t\t\t\t\t\t\t\t\t\t\t\t\t<div class=\"slide\">\n\t\t\t\t\t\t\t\t\t\t\t\t\t<a href=\"https:\/\/www.belfoodservice.ch\/de\/marque-cantadou\/\">\n\t\t\t\t\t\t\t\t<img width=\"300\" height=\"120\" src=\"https:\/\/www.belfoodservice.ch\/wp-content\/uploads\/2023\/02\/marque-cantadou.jpg\" class=\"attachment-thumbnail_768 size-thumbnail_768\" alt=\"\" decoding=\"async\" loading=\"lazy\" \/>\t\t\t\t\t\t\t<\/a>\n\t\t\t\t\t\t\t\t\t\t\t<\/div>\n\t\t\t\t\t\t\t\t\t\t\t\t\t\t\t\t\t\t\t\t<div class=\"slide\">\n\t\t\t\t\t\t\t\t\t\t\t\t\t<a href=\"https:\/\/www.belfoodservice.ch\/de\/marque-kiri\/\">\n\t\t\t\t\t\t\t\t<img width=\"300\" height=\"180\" src=\"https:\/\/www.belfoodservice.ch\/wp-content\/uploads\/2023\/02\/marque-kiri.jpg\" class=\"attachment-thumbnail_768 size-thumbnail_768\" alt=\"\" decoding=\"async\" loading=\"lazy\" \/>\t\t\t\t\t\t\t<\/a>\n\t\t\t\t\t\t\t\t\t\t\t<\/div>\n\t\t\t\t\t\t\t\t\t\t\t\t\t\t\t\t\t\t\t\t<div class=\"slide\">\n\t\t\t\t\t\t\t\t\t\t\t\t\t<a href=\"https:\/\/www.belfoodservice.ch\/de\/marque-vache-qui-rit\/\">\n\t\t\t\t\t\t\t\t<img width=\"300\" height=\"220\" src=\"https:\/\/www.belfoodservice.ch\/wp-content\/uploads\/2023\/02\/marque-lvqr.jpg\" class=\"attachment-thumbnail_768 size-thumbnail_768\" alt=\"\" decoding=\"async\" loading=\"lazy\" \/>\t\t\t\t\t\t\t<\/a>\n\t\t\t\t\t\t\t\t\t\t\t<\/div>\n\t\t\t\t\t\t\t\t\t\t\t\t\t\t\t\t\t\t\t\t<div class=\"slide\">\n\t\t\t\t\t\t\t\t\t\t\t\t\t<a href=\"https:\/\/www.belfoodservice.ch\/de\/marque-cantafrais\/\">\n\t\t\t\t\t\t\t\t<img width=\"300\" height=\"112\" src=\"https:\/\/www.belfoodservice.ch\/wp-content\/uploads\/2023\/02\/marque-cantafrais.jpg\" class=\"attachment-thumbnail_768 size-thumbnail_768\" alt=\"\" decoding=\"async\" loading=\"lazy\" \/>\t\t\t\t\t\t\t<\/a>\n\t\t\t\t\t\t\t\t\t\t\t<\/div>\n\t\t\t\t\t\t\t\t\t\t\t\t\t\t\t\t\t\t\t\t<div class=\"slide\">\n\t\t\t\t\t\t\t\t\t\t\t\t\t<img width=\"85\" height=\"85\" src=\"https:\/\/www.belfoodservice.ch\/wp-content\/uploads\/2023\/02\/maria-grimal.png\" class=\"attachment-thumbnail_768 size-thumbnail_768\" alt=\"\" decoding=\"async\" loading=\"lazy\" \/>\t\t\t\t\t\t\t\t\t\t\t<\/div>\n\t\t\t\t\t\t\t\t\t\t\t\t\t\t\t\t\t\t\t\t<div class=\"slide\">\n\t\t\t\t\t\t\t\t\t\t\t\t\t<img width=\"123\" height=\"52\" src=\"https:\/\/www.belfoodservice.ch\/wp-content\/uploads\/2023\/02\/xetabel.png\" class=\"attachment-thumbnail_768 size-thumbnail_768\" alt=\"\" decoding=\"async\" loading=\"lazy\" \/>\t\t\t\t\t\t\t\t\t\t\t<\/div>\n\t\t\t\t\t\t\t\t\t<\/div>\n\t<\/section>\n","protected":false},"excerpt":{"rendered":"<p>Familienabenteuer oder globale Erfolgsstory? Die Geschichte des Markenk\u00e4sehersteller Bel ist beides: Im Jahr 1865 begann Jules Bel im franz\u00f6sischen Jura mit der Herstellung und dem Handel von Comt\u00e9, einem regionalen Hart-Rohmilchk\u00e4se. Heute, \u00fcber 150 Jahre und f\u00fcnf Generationen sp\u00e4ter, tragen mehr als 12.000 Mitarbeiter in \u00fcber 30 L\u00e4ndern und 30 Produktionsst\u00e4tten t\u00e4glich zum Erfolg der [&hellip;]<\/p>\n","protected":false},"author":1,"featured_media":0,"parent":0,"menu_order":0,"comment_status":"closed","ping_status":"closed","template":"","meta":{"inline_featured_image":false},"acf":[],"yoast_head":"<!-- This site is optimized with the Yoast SEO plugin v20.7 - https:\/\/yoast.com\/wordpress\/plugins\/seo\/ -->\n<title>Geschichte - Bel Foodservice<\/title>\n<meta name=\"robots\" content=\"index, follow, max-snippet:-1, max-image-preview:large, max-video-preview:-1\" \/>\n<link rel=\"canonical\" href=\"https:\/\/www.belfoodservice.ch\/de\/histoire\/\" \/>\n<meta property=\"og:locale\" content=\"de_DE\" \/>\n<meta property=\"og:type\" content=\"article\" \/>\n<meta property=\"og:title\" content=\"Geschichte - Bel Foodservice\" \/>\n<meta property=\"og:description\" content=\"Familienabenteuer oder globale Erfolgsstory? Die Geschichte des Markenk\u00e4sehersteller Bel ist beides: Im Jahr 1865 begann Jules Bel im franz\u00f6sischen Jura mit der Herstellung und dem Handel von Comt\u00e9, einem regionalen Hart-Rohmilchk\u00e4se. Heute, \u00fcber 150 Jahre und f\u00fcnf Generationen sp\u00e4ter, tragen mehr als 12.000 Mitarbeiter in \u00fcber 30 L\u00e4ndern und 30 Produktionsst\u00e4tten t\u00e4glich zum Erfolg der [&hellip;]\" \/>\n<meta property=\"og:url\" content=\"https:\/\/www.belfoodservice.ch\/de\/histoire\/\" \/>\n<meta property=\"og:site_name\" content=\"Bel Foodservice\" \/>\n<meta property=\"article:modified_time\" content=\"2024-02-20T07:39:29+00:00\" \/>\n<meta property=\"og:image\" content=\"https:\/\/www.belfoodservice.ch\/wp-content\/uploads\/2023\/02\/geschichte_bel.jpg\" \/>\n<meta name=\"twitter:card\" content=\"summary_large_image\" \/>\n<meta name=\"twitter:label1\" content=\"Est. reading time\" \/>\n\t<meta name=\"twitter:data1\" content=\"3 Minuten\" \/>\n<script type=\"application\/ld+json\" class=\"yoast-schema-graph\">{\"@context\":\"https:\/\/schema.org\",\"@graph\":[{\"@type\":\"WebPage\",\"@id\":\"https:\/\/www.belfoodservice.ch\/de\/histoire\/\",\"url\":\"https:\/\/www.belfoodservice.ch\/de\/histoire\/\",\"name\":\"Geschichte - Bel Foodservice\",\"isPartOf\":{\"@id\":\"https:\/\/www.belfoodservice.ch\/de\/#website\"},\"datePublished\":\"2023-02-06T16:06:42+00:00\",\"dateModified\":\"2024-02-20T07:39:29+00:00\",\"breadcrumb\":{\"@id\":\"https:\/\/www.belfoodservice.ch\/de\/histoire\/#breadcrumb\"},\"inLanguage\":\"de-DE\",\"potentialAction\":[{\"@type\":\"ReadAction\",\"target\":[\"https:\/\/www.belfoodservice.ch\/de\/histoire\/\"]}]},{\"@type\":\"BreadcrumbList\",\"@id\":\"https:\/\/www.belfoodservice.ch\/de\/histoire\/#breadcrumb\",\"itemListElement\":[{\"@type\":\"ListItem\",\"position\":1,\"name\":\"Home\",\"item\":\"https:\/\/www.belfoodservice.ch\/de\/\"},{\"@type\":\"ListItem\",\"position\":2,\"name\":\"Geschichte\"}]},{\"@type\":\"WebSite\",\"@id\":\"https:\/\/www.belfoodservice.ch\/de\/#website\",\"url\":\"https:\/\/www.belfoodservice.ch\/de\/\",\"name\":\"Bel Foodservice\",\"description\":\"\",\"publisher\":{\"@id\":\"https:\/\/www.belfoodservice.ch\/de\/#organization\"},\"potentialAction\":[{\"@type\":\"SearchAction\",\"target\":{\"@type\":\"EntryPoint\",\"urlTemplate\":\"https:\/\/www.belfoodservice.ch\/de\/?s={search_term_string}\"},\"query-input\":\"required name=search_term_string\"}],\"inLanguage\":\"de-DE\"},{\"@type\":\"Organization\",\"@id\":\"https:\/\/www.belfoodservice.ch\/de\/#organization\",\"name\":\"Bel Foodservice\",\"url\":\"https:\/\/www.belfoodservice.ch\/de\/\",\"logo\":{\"@type\":\"ImageObject\",\"inLanguage\":\"de-DE\",\"@id\":\"https:\/\/www.belfoodservice.ch\/de\/#\/schema\/logo\/image\/\",\"url\":\"https:\/\/www.belfoodservice.ch\/wp-content\/uploads\/2023\/02\/logo.png\",\"contentUrl\":\"https:\/\/www.belfoodservice.ch\/wp-content\/uploads\/2023\/02\/logo.png\",\"width\":450,\"height\":140,\"caption\":\"Bel Foodservice\"},\"image\":{\"@id\":\"https:\/\/www.belfoodservice.ch\/de\/#\/schema\/logo\/image\/\"}}]}<\/script>\n<!-- \/ Yoast SEO plugin. -->","yoast_head_json":{"title":"Geschichte - Bel Foodservice","robots":{"index":"index","follow":"follow","max-snippet":"max-snippet:-1","max-image-preview":"max-image-preview:large","max-video-preview":"max-video-preview:-1"},"canonical":"https:\/\/www.belfoodservice.ch\/de\/histoire\/","og_locale":"de_DE","og_type":"article","og_title":"Geschichte - Bel Foodservice","og_description":"Familienabenteuer oder globale Erfolgsstory? Die Geschichte des Markenk\u00e4sehersteller Bel ist beides: Im Jahr 1865 begann Jules Bel im franz\u00f6sischen Jura mit der Herstellung und dem Handel von Comt\u00e9, einem regionalen Hart-Rohmilchk\u00e4se. Heute, \u00fcber 150 Jahre und f\u00fcnf Generationen sp\u00e4ter, tragen mehr als 12.000 Mitarbeiter in \u00fcber 30 L\u00e4ndern und 30 Produktionsst\u00e4tten t\u00e4glich zum Erfolg der [&hellip;]","og_url":"https:\/\/www.belfoodservice.ch\/de\/histoire\/","og_site_name":"Bel Foodservice","article_modified_time":"2024-02-20T07:39:29+00:00","og_image":[{"url":"https:\/\/www.belfoodservice.ch\/wp-content\/uploads\/2023\/02\/geschichte_bel.jpg"}],"twitter_card":"summary_large_image","twitter_misc":{"Est. reading time":"3 Minuten"},"schema":{"@context":"https:\/\/schema.org","@graph":[{"@type":"WebPage","@id":"https:\/\/www.belfoodservice.ch\/de\/histoire\/","url":"https:\/\/www.belfoodservice.ch\/de\/histoire\/","name":"Geschichte - Bel Foodservice","isPartOf":{"@id":"https:\/\/www.belfoodservice.ch\/de\/#website"},"datePublished":"2023-02-06T16:06:42+00:00","dateModified":"2024-02-20T07:39:29+00:00","breadcrumb":{"@id":"https:\/\/www.belfoodservice.ch\/de\/histoire\/#breadcrumb"},"inLanguage":"de-DE","potentialAction":[{"@type":"ReadAction","target":["https:\/\/www.belfoodservice.ch\/de\/histoire\/"]}]},{"@type":"BreadcrumbList","@id":"https:\/\/www.belfoodservice.ch\/de\/histoire\/#breadcrumb","itemListElement":[{"@type":"ListItem","position":1,"name":"Home","item":"https:\/\/www.belfoodservice.ch\/de\/"},{"@type":"ListItem","position":2,"name":"Geschichte"}]},{"@type":"WebSite","@id":"https:\/\/www.belfoodservice.ch\/de\/#website","url":"https:\/\/www.belfoodservice.ch\/de\/","name":"Bel Foodservice","description":"","publisher":{"@id":"https:\/\/www.belfoodservice.ch\/de\/#organization"},"potentialAction":[{"@type":"SearchAction","target":{"@type":"EntryPoint","urlTemplate":"https:\/\/www.belfoodservice.ch\/de\/?s={search_term_string}"},"query-input":"required name=search_term_string"}],"inLanguage":"de-DE"},{"@type":"Organization","@id":"https:\/\/www.belfoodservice.ch\/de\/#organization","name":"Bel Foodservice","url":"https:\/\/www.belfoodservice.ch\/de\/","logo":{"@type":"ImageObject","inLanguage":"de-DE","@id":"https:\/\/www.belfoodservice.ch\/de\/#\/schema\/logo\/image\/","url":"https:\/\/www.belfoodservice.ch\/wp-content\/uploads\/2023\/02\/logo.png","contentUrl":"https:\/\/www.belfoodservice.ch\/wp-content\/uploads\/2023\/02\/logo.png","width":450,"height":140,"caption":"Bel Foodservice"},"image":{"@id":"https:\/\/www.belfoodservice.ch\/de\/#\/schema\/logo\/image\/"}}]}},"_links":{"self":[{"href":"https:\/\/www.belfoodservice.ch\/de\/wp-json\/wp\/v2\/pages\/517"}],"collection":[{"href":"https:\/\/www.belfoodservice.ch\/de\/wp-json\/wp\/v2\/pages"}],"about":[{"href":"https:\/\/www.belfoodservice.ch\/de\/wp-json\/wp\/v2\/types\/page"}],"author":[{"embeddable":true,"href":"https:\/\/www.belfoodservice.ch\/de\/wp-json\/wp\/v2\/users\/1"}],"replies":[{"embeddable":true,"href":"https:\/\/www.belfoodservice.ch\/de\/wp-json\/wp\/v2\/comments?post=517"}],"version-history":[{"count":3,"href":"https:\/\/www.belfoodservice.ch\/de\/wp-json\/wp\/v2\/pages\/517\/revisions"}],"predecessor-version":[{"id":1128,"href":"https:\/\/www.belfoodservice.ch\/de\/wp-json\/wp\/v2\/pages\/517\/revisions\/1128"}],"wp:attachment":[{"href":"https:\/\/www.belfoodservice.ch\/de\/wp-json\/wp\/v2\/media?parent=517"}],"curies":[{"name":"wp","href":"https:\/\/api.w.org\/{rel}","templated":true}]}}