{"id":513,"date":"2023-02-07T10:31:30","date_gmt":"2023-02-07T10:31:30","guid":{"rendered":"https:\/\/www.belfoodservice.ch\/marque-vache-qui-rit\/"},"modified":"2024-10-22T07:09:19","modified_gmt":"2024-10-22T07:09:19","slug":"marque-vache-qui-rit","status":"publish","type":"page","link":"https:\/\/www.belfoodservice.ch\/de\/marque-vache-qui-rit\/","title":{"rendered":"La Vache qui rit\u00ae"},"content":{"rendered":"<div class=\"wp-block-image\">\n<figure class=\"alignright size-full is-resized\"><img decoding=\"async\" src=\"https:\/\/www.belfoodservice.ch\/wp-content\/uploads\/2023\/02\/marque-lvqr.jpg\" alt=\"\" class=\"wp-image-74\" width=\"150\"\/><\/figure><\/div>\n\n\n<p>La Vache qui rit\u00ae est la marque fondatrice de Bel, qui fait le bonheur de toutes les g\u00e9n\u00e9rations depuis plus de 100&nbsp;ans. C\u2019est avec une r\u00e9volution que L\u00e9on Bel initia cette success story en&nbsp;1921 en France. La Vache qui rit\u00ae fut le premier fromage fondu divis\u00e9 en portions individuelles. Son emballage unique en aluminium pr\u00e9servait le fromage et assurait ainsi une longue dur\u00e9e de conservation. Aujourd\u2019hui, la marque est vendue dans plus de 136&nbsp;pays.<\/p>\n\n\n\n\n\t<section id=\"block_7bc7d1fca3bcbb8f6a67fb11b6516261\" class=\"links-section\">\n\t\t\t\t\t\t\t\t\t\t\t\t<div class=\"link\">\n\t\t\t\t\t<a class=\"btn\" href=\"https:\/\/www.lavachequirit.ch\/fr\/\" target=\"_self\">Plus d&#039;informations sur La Vache qui rit\u00ae<\/a>\t\t\t\t<\/div>\n\t\t\t\t\t\t<\/section>\n\n\n\n<h3 class=\"wp-block-heading\">D\u00e9couvrez sans plus attendre l&#8217;ensemble des produits de la gamme La Vache qui rit<sup>\u00ae<\/sup>.<\/h3>\n\n\n\n\n\t<section id=\"block_da9836ed466271f1c6342a811c37a3ae\" class=\"related-products-section\">\n\t\t<div class=\"products resources-grid\">\n\t\t\t\t\t\t\t\t\t\t\t<div class=\"col\">\n\t<div class=\"product product-block\">\n\t\t<a class=\"img-wrap\" href=\"https:\/\/www.belfoodservice.ch\/produits\/la-vache-qui-rit\/\">\n\t\t\t<img width=\"768\" height=\"768\" src=\"https:\/\/www.belfoodservice.ch\/wp-content\/uploads\/2023\/02\/251967-03_76XXXXXX_ETQ_FDS_ORIGI_175G_VUE_BIAIS_FR_BE_CH_NL_3D-768x768.jpg\" class=\"attachment-thumbnail_768 size-thumbnail_768 wp-post-image\" alt=\"\" decoding=\"async\" loading=\"lazy\" srcset=\"https:\/\/www.belfoodservice.ch\/wp-content\/uploads\/2023\/02\/251967-03_76XXXXXX_ETQ_FDS_ORIGI_175G_VUE_BIAIS_FR_BE_CH_NL_3D-768x768.jpg 768w, https:\/\/www.belfoodservice.ch\/wp-content\/uploads\/2023\/02\/251967-03_76XXXXXX_ETQ_FDS_ORIGI_175G_VUE_BIAIS_FR_BE_CH_NL_3D-300x300.jpg 300w, https:\/\/www.belfoodservice.ch\/wp-content\/uploads\/2023\/02\/251967-03_76XXXXXX_ETQ_FDS_ORIGI_175G_VUE_BIAIS_FR_BE_CH_NL_3D-1024x1024.jpg 1024w, https:\/\/www.belfoodservice.ch\/wp-content\/uploads\/2023\/02\/251967-03_76XXXXXX_ETQ_FDS_ORIGI_175G_VUE_BIAIS_FR_BE_CH_NL_3D-150x150.jpg 150w, https:\/\/www.belfoodservice.ch\/wp-content\/uploads\/2023\/02\/251967-03_76XXXXXX_ETQ_FDS_ORIGI_175G_VUE_BIAIS_FR_BE_CH_NL_3D-100x100.jpg 100w, https:\/\/www.belfoodservice.ch\/wp-content\/uploads\/2023\/02\/251967-03_76XXXXXX_ETQ_FDS_ORIGI_175G_VUE_BIAIS_FR_BE_CH_NL_3D-530x530.jpg 530w, https:\/\/www.belfoodservice.ch\/wp-content\/uploads\/2023\/02\/251967-03_76XXXXXX_ETQ_FDS_ORIGI_175G_VUE_BIAIS_FR_BE_CH_NL_3D-750x750.jpg 750w, https:\/\/www.belfoodservice.ch\/wp-content\/uploads\/2023\/02\/251967-03_76XXXXXX_ETQ_FDS_ORIGI_175G_VUE_BIAIS_FR_BE_CH_NL_3D-500x500.jpg 500w, https:\/\/www.belfoodservice.ch\/wp-content\/uploads\/2023\/02\/251967-03_76XXXXXX_ETQ_FDS_ORIGI_175G_VUE_BIAIS_FR_BE_CH_NL_3D.jpg 1250w\" sizes=\"(max-width: 768px) 100vw, 768px\" \/>\t\t<\/a>\n\n\t\t<h3 class=\"product-title\"><a href=\"https:\/\/www.belfoodservice.ch\/produits\/la-vache-qui-rit\/\" rel=\"bookmark\">La Vache qui rit\u00ae<\/a><\/h3>\n\t\t\t\t\t<div class=\"product-weight\">Gewicht: 1.400 kg<\/div>\n\t\t\n\t\t\t\t\t<div class=\"product-delivery-unit\">VE: 1 carton \u00e0 80 portions de 17.5g<\/div>\n\t\t\n\t\t<a class=\"btn\" href=\"https:\/\/www.belfoodservice.ch\/produits\/la-vache-qui-rit\/\">Entdecken Sie das Produkt<\/a>\n\t<\/div>\n<\/div>\n\n\t\t\t\t\t\t\t\t\t\t\t<div class=\"col\">\n\t<div class=\"product product-block\">\n\t\t<a class=\"img-wrap\" href=\"https:\/\/www.belfoodservice.ch\/produits\/la-vache-qui-rit-legere\/\">\n\t\t\t<img width=\"768\" height=\"768\" src=\"https:\/\/www.belfoodservice.ch\/wp-content\/uploads\/2023\/02\/251661-02_76062605_ETQ_FDS_LIGHT_17.5G_FDS_-_VUE_FACE_EU_3D-768x768.jpg\" class=\"attachment-thumbnail_768 size-thumbnail_768 wp-post-image\" alt=\"\" decoding=\"async\" loading=\"lazy\" srcset=\"https:\/\/www.belfoodservice.ch\/wp-content\/uploads\/2023\/02\/251661-02_76062605_ETQ_FDS_LIGHT_17.5G_FDS_-_VUE_FACE_EU_3D-768x768.jpg 768w, https:\/\/www.belfoodservice.ch\/wp-content\/uploads\/2023\/02\/251661-02_76062605_ETQ_FDS_LIGHT_17.5G_FDS_-_VUE_FACE_EU_3D-300x300.jpg 300w, https:\/\/www.belfoodservice.ch\/wp-content\/uploads\/2023\/02\/251661-02_76062605_ETQ_FDS_LIGHT_17.5G_FDS_-_VUE_FACE_EU_3D-1024x1024.jpg 1024w, https:\/\/www.belfoodservice.ch\/wp-content\/uploads\/2023\/02\/251661-02_76062605_ETQ_FDS_LIGHT_17.5G_FDS_-_VUE_FACE_EU_3D-150x150.jpg 150w, https:\/\/www.belfoodservice.ch\/wp-content\/uploads\/2023\/02\/251661-02_76062605_ETQ_FDS_LIGHT_17.5G_FDS_-_VUE_FACE_EU_3D-100x100.jpg 100w, https:\/\/www.belfoodservice.ch\/wp-content\/uploads\/2023\/02\/251661-02_76062605_ETQ_FDS_LIGHT_17.5G_FDS_-_VUE_FACE_EU_3D-530x530.jpg 530w, https:\/\/www.belfoodservice.ch\/wp-content\/uploads\/2023\/02\/251661-02_76062605_ETQ_FDS_LIGHT_17.5G_FDS_-_VUE_FACE_EU_3D-750x750.jpg 750w, https:\/\/www.belfoodservice.ch\/wp-content\/uploads\/2023\/02\/251661-02_76062605_ETQ_FDS_LIGHT_17.5G_FDS_-_VUE_FACE_EU_3D-500x500.jpg 500w, https:\/\/www.belfoodservice.ch\/wp-content\/uploads\/2023\/02\/251661-02_76062605_ETQ_FDS_LIGHT_17.5G_FDS_-_VUE_FACE_EU_3D.jpg 1250w\" sizes=\"(max-width: 768px) 100vw, 768px\" \/>\t\t<\/a>\n\n\t\t<h3 class=\"product-title\"><a href=\"https:\/\/www.belfoodservice.ch\/produits\/la-vache-qui-rit-legere\/\" rel=\"bookmark\">La Vache qui rit\u00ae l\u00e9g\u00e8re<\/a><\/h3>\n\t\t\t\t\t<div class=\"product-weight\">Gewicht: 1.400 kg<\/div>\n\t\t\n\t\t\t\t\t<div class=\"product-delivery-unit\">VE: 1 carton \u00e0 80 portions de 17.5g<\/div>\n\t\t\n\t\t<a class=\"btn\" href=\"https:\/\/www.belfoodservice.ch\/produits\/la-vache-qui-rit-legere\/\">Entdecken Sie das Produkt<\/a>\n\t<\/div>\n<\/div>\n\n\t\t\t\t\t\t\t\t<\/div>\n\t<\/section>\n\n\n\n\n\t<section id=\"block_604b916a565611247f9cc2d273d0f3ce\" class=\"brands-section\">\n\t\t<div class=\"brands-carousel\">\n\t\t\t\t\t\t\t\t\t\t\t\t\t\t\t\t<div class=\"slide\">\n\t\t\t\t\t\t\t\t\t\t\t\t\t<a href=\"https:\/\/www.belfoodservice.ch\/de\/marque-alpenhain\/\">\n\t\t\t\t\t\t\t\t<img width=\"300\" height=\"166\" src=\"https:\/\/www.belfoodservice.ch\/wp-content\/uploads\/2023\/02\/marque-alpenhain.jpg\" class=\"attachment-thumbnail_768 size-thumbnail_768\" alt=\"\" decoding=\"async\" loading=\"lazy\" \/>\t\t\t\t\t\t\t<\/a>\n\t\t\t\t\t\t\t\t\t\t\t<\/div>\n\t\t\t\t\t\t\t\t\t\t\t\t\t\t\t\t\t\t\t\t<div class=\"slide\">\n\t\t\t\t\t\t\t\t\t\t\t\t\t<a href=\"https:\/\/www.belfoodservice.ch\/de\/marque-babybel\/\">\n\t\t\t\t\t\t\t\t<img width=\"300\" height=\"262\" src=\"https:\/\/www.belfoodservice.ch\/wp-content\/uploads\/2023\/05\/marque-mini-babybel.png\" class=\"attachment-thumbnail_768 size-thumbnail_768\" alt=\"\" decoding=\"async\" loading=\"lazy\" srcset=\"https:\/\/www.belfoodservice.ch\/wp-content\/uploads\/2023\/05\/marque-mini-babybel.png 300w, https:\/\/www.belfoodservice.ch\/wp-content\/uploads\/2023\/05\/marque-mini-babybel-100x87.png 100w\" sizes=\"(max-width: 300px) 100vw, 300px\" \/>\t\t\t\t\t\t\t<\/a>\n\t\t\t\t\t\t\t\t\t\t\t<\/div>\n\t\t\t\t\t\t\t\t\t\t\t\t\t\t\t\t\t\t\t\t<div class=\"slide\">\n\t\t\t\t\t\t\t\t\t\t\t\t\t<a href=\"https:\/\/www.belfoodservice.ch\/de\/marque-cantadou\/\">\n\t\t\t\t\t\t\t\t<img width=\"300\" height=\"120\" src=\"https:\/\/www.belfoodservice.ch\/wp-content\/uploads\/2023\/02\/marque-cantadou.jpg\" class=\"attachment-thumbnail_768 size-thumbnail_768\" alt=\"\" decoding=\"async\" loading=\"lazy\" \/>\t\t\t\t\t\t\t<\/a>\n\t\t\t\t\t\t\t\t\t\t\t<\/div>\n\t\t\t\t\t\t\t\t\t\t\t\t\t\t\t\t\t\t\t\t<div class=\"slide\">\n\t\t\t\t\t\t\t\t\t\t\t\t\t<a href=\"https:\/\/www.belfoodservice.ch\/de\/marque-kiri\/\">\n\t\t\t\t\t\t\t\t<img width=\"300\" height=\"180\" src=\"https:\/\/www.belfoodservice.ch\/wp-content\/uploads\/2023\/02\/marque-kiri.jpg\" class=\"attachment-thumbnail_768 size-thumbnail_768\" alt=\"\" decoding=\"async\" loading=\"lazy\" \/>\t\t\t\t\t\t\t<\/a>\n\t\t\t\t\t\t\t\t\t\t\t<\/div>\n\t\t\t\t\t\t\t\t\t\t\t\t\t\t\t\t\t\t\t\t<div class=\"slide\">\n\t\t\t\t\t\t\t\t\t\t\t\t\t<a href=\"https:\/\/www.belfoodservice.ch\/de\/marque-vache-qui-rit\/\">\n\t\t\t\t\t\t\t\t<img width=\"300\" height=\"220\" src=\"https:\/\/www.belfoodservice.ch\/wp-content\/uploads\/2023\/02\/marque-lvqr.jpg\" class=\"attachment-thumbnail_768 size-thumbnail_768\" alt=\"\" decoding=\"async\" loading=\"lazy\" \/>\t\t\t\t\t\t\t<\/a>\n\t\t\t\t\t\t\t\t\t\t\t<\/div>\n\t\t\t\t\t\t\t\t\t\t\t\t\t\t\t\t\t\t\t\t<div class=\"slide\">\n\t\t\t\t\t\t\t\t\t\t\t\t\t<a href=\"https:\/\/www.belfoodservice.ch\/de\/marque-cantafrais\/\">\n\t\t\t\t\t\t\t\t<img width=\"300\" height=\"112\" src=\"https:\/\/www.belfoodservice.ch\/wp-content\/uploads\/2023\/02\/marque-cantafrais.jpg\" class=\"attachment-thumbnail_768 size-thumbnail_768\" alt=\"\" decoding=\"async\" loading=\"lazy\" \/>\t\t\t\t\t\t\t<\/a>\n\t\t\t\t\t\t\t\t\t\t\t<\/div>\n\t\t\t\t\t\t\t\t\t\t\t\t\t\t\t\t\t\t\t\t<div class=\"slide\">\n\t\t\t\t\t\t\t\t\t\t\t\t\t<img width=\"85\" height=\"85\" src=\"https:\/\/www.belfoodservice.ch\/wp-content\/uploads\/2023\/02\/maria-grimal.png\" class=\"attachment-thumbnail_768 size-thumbnail_768\" alt=\"\" decoding=\"async\" loading=\"lazy\" \/>\t\t\t\t\t\t\t\t\t\t\t<\/div>\n\t\t\t\t\t\t\t\t\t\t\t\t\t\t\t\t\t\t\t\t<div class=\"slide\">\n\t\t\t\t\t\t\t\t\t\t\t\t\t<img width=\"123\" height=\"52\" src=\"https:\/\/www.belfoodservice.ch\/wp-content\/uploads\/2023\/02\/xetabel.png\" class=\"attachment-thumbnail_768 size-thumbnail_768\" alt=\"\" decoding=\"async\" loading=\"lazy\" \/>\t\t\t\t\t\t\t\t\t\t\t<\/div>\n\t\t\t\t\t\t\t\t\t<\/div>\n\t<\/section>\n","protected":false},"excerpt":{"rendered":"<p>La Vache qui rit\u00ae est la marque fondatrice de Bel, qui fait le bonheur de toutes les g\u00e9n\u00e9rations depuis plus de 100&nbsp;ans. C\u2019est avec une r\u00e9volution que L\u00e9on Bel initia cette success story en&nbsp;1921 en France. La Vache qui rit\u00ae fut le premier fromage fondu divis\u00e9 en portions individuelles. Son emballage unique en aluminium pr\u00e9servait [&hellip;]<\/p>\n","protected":false},"author":1,"featured_media":0,"parent":0,"menu_order":0,"comment_status":"closed","ping_status":"closed","template":"","meta":{"inline_featured_image":false},"acf":[],"yoast_head":"<!-- This site is optimized with the Yoast SEO plugin v20.7 - https:\/\/yoast.com\/wordpress\/plugins\/seo\/ -->\n<title>La Vache qui rit\u00ae - Bel Foodservice<\/title>\n<meta name=\"robots\" content=\"index, follow, max-snippet:-1, max-image-preview:large, max-video-preview:-1\" \/>\n<link rel=\"canonical\" href=\"https:\/\/www.belfoodservice.ch\/de\/marque-vache-qui-rit\/\" \/>\n<meta property=\"og:locale\" content=\"de_DE\" \/>\n<meta property=\"og:type\" content=\"article\" \/>\n<meta property=\"og:title\" content=\"La Vache qui rit\u00ae - Bel Foodservice\" \/>\n<meta property=\"og:description\" content=\"La Vache qui rit\u00ae est la marque fondatrice de Bel, qui fait le bonheur de toutes les g\u00e9n\u00e9rations depuis plus de 100&nbsp;ans. C\u2019est avec une r\u00e9volution que L\u00e9on Bel initia cette success story en&nbsp;1921 en France. La Vache qui rit\u00ae fut le premier fromage fondu divis\u00e9 en portions individuelles. Son emballage unique en aluminium pr\u00e9servait [&hellip;]\" \/>\n<meta property=\"og:url\" content=\"https:\/\/www.belfoodservice.ch\/de\/marque-vache-qui-rit\/\" \/>\n<meta property=\"og:site_name\" content=\"Bel Foodservice\" \/>\n<meta property=\"article:modified_time\" content=\"2024-10-22T07:09:19+00:00\" \/>\n<meta property=\"og:image\" content=\"https:\/\/www.belfoodservice.ch\/wp-content\/uploads\/2023\/02\/marque-lvqr.jpg\" \/>\n<meta name=\"twitter:card\" content=\"summary_large_image\" \/>\n<meta name=\"twitter:label1\" content=\"Est. reading time\" \/>\n\t<meta name=\"twitter:data1\" content=\"1 Minute\" \/>\n<script type=\"application\/ld+json\" class=\"yoast-schema-graph\">{\"@context\":\"https:\/\/schema.org\",\"@graph\":[{\"@type\":\"WebPage\",\"@id\":\"https:\/\/www.belfoodservice.ch\/de\/marque-vache-qui-rit\/\",\"url\":\"https:\/\/www.belfoodservice.ch\/de\/marque-vache-qui-rit\/\",\"name\":\"La Vache qui rit\u00ae - Bel Foodservice\",\"isPartOf\":{\"@id\":\"https:\/\/www.belfoodservice.ch\/de\/#website\"},\"datePublished\":\"2023-02-07T10:31:30+00:00\",\"dateModified\":\"2024-10-22T07:09:19+00:00\",\"breadcrumb\":{\"@id\":\"https:\/\/www.belfoodservice.ch\/de\/marque-vache-qui-rit\/#breadcrumb\"},\"inLanguage\":\"de-DE\",\"potentialAction\":[{\"@type\":\"ReadAction\",\"target\":[\"https:\/\/www.belfoodservice.ch\/de\/marque-vache-qui-rit\/\"]}]},{\"@type\":\"BreadcrumbList\",\"@id\":\"https:\/\/www.belfoodservice.ch\/de\/marque-vache-qui-rit\/#breadcrumb\",\"itemListElement\":[{\"@type\":\"ListItem\",\"position\":1,\"name\":\"Home\",\"item\":\"https:\/\/www.belfoodservice.ch\/de\/\"},{\"@type\":\"ListItem\",\"position\":2,\"name\":\"La Vache qui rit\u00ae\"}]},{\"@type\":\"WebSite\",\"@id\":\"https:\/\/www.belfoodservice.ch\/de\/#website\",\"url\":\"https:\/\/www.belfoodservice.ch\/de\/\",\"name\":\"Bel Foodservice\",\"description\":\"\",\"publisher\":{\"@id\":\"https:\/\/www.belfoodservice.ch\/de\/#organization\"},\"potentialAction\":[{\"@type\":\"SearchAction\",\"target\":{\"@type\":\"EntryPoint\",\"urlTemplate\":\"https:\/\/www.belfoodservice.ch\/de\/?s={search_term_string}\"},\"query-input\":\"required name=search_term_string\"}],\"inLanguage\":\"de-DE\"},{\"@type\":\"Organization\",\"@id\":\"https:\/\/www.belfoodservice.ch\/de\/#organization\",\"name\":\"Bel Foodservice\",\"url\":\"https:\/\/www.belfoodservice.ch\/de\/\",\"logo\":{\"@type\":\"ImageObject\",\"inLanguage\":\"de-DE\",\"@id\":\"https:\/\/www.belfoodservice.ch\/de\/#\/schema\/logo\/image\/\",\"url\":\"https:\/\/www.belfoodservice.ch\/wp-content\/uploads\/2023\/02\/logo.png\",\"contentUrl\":\"https:\/\/www.belfoodservice.ch\/wp-content\/uploads\/2023\/02\/logo.png\",\"width\":450,\"height\":140,\"caption\":\"Bel Foodservice\"},\"image\":{\"@id\":\"https:\/\/www.belfoodservice.ch\/de\/#\/schema\/logo\/image\/\"}}]}<\/script>\n<!-- \/ Yoast SEO plugin. -->","yoast_head_json":{"title":"La Vache qui rit\u00ae - Bel Foodservice","robots":{"index":"index","follow":"follow","max-snippet":"max-snippet:-1","max-image-preview":"max-image-preview:large","max-video-preview":"max-video-preview:-1"},"canonical":"https:\/\/www.belfoodservice.ch\/de\/marque-vache-qui-rit\/","og_locale":"de_DE","og_type":"article","og_title":"La Vache qui rit\u00ae - Bel Foodservice","og_description":"La Vache qui rit\u00ae est la marque fondatrice de Bel, qui fait le bonheur de toutes les g\u00e9n\u00e9rations depuis plus de 100&nbsp;ans. C\u2019est avec une r\u00e9volution que L\u00e9on Bel initia cette success story en&nbsp;1921 en France. La Vache qui rit\u00ae fut le premier fromage fondu divis\u00e9 en portions individuelles. Son emballage unique en aluminium pr\u00e9servait [&hellip;]","og_url":"https:\/\/www.belfoodservice.ch\/de\/marque-vache-qui-rit\/","og_site_name":"Bel Foodservice","article_modified_time":"2024-10-22T07:09:19+00:00","og_image":[{"url":"https:\/\/www.belfoodservice.ch\/wp-content\/uploads\/2023\/02\/marque-lvqr.jpg"}],"twitter_card":"summary_large_image","twitter_misc":{"Est. reading time":"1 Minute"},"schema":{"@context":"https:\/\/schema.org","@graph":[{"@type":"WebPage","@id":"https:\/\/www.belfoodservice.ch\/de\/marque-vache-qui-rit\/","url":"https:\/\/www.belfoodservice.ch\/de\/marque-vache-qui-rit\/","name":"La Vache qui rit\u00ae - Bel Foodservice","isPartOf":{"@id":"https:\/\/www.belfoodservice.ch\/de\/#website"},"datePublished":"2023-02-07T10:31:30+00:00","dateModified":"2024-10-22T07:09:19+00:00","breadcrumb":{"@id":"https:\/\/www.belfoodservice.ch\/de\/marque-vache-qui-rit\/#breadcrumb"},"inLanguage":"de-DE","potentialAction":[{"@type":"ReadAction","target":["https:\/\/www.belfoodservice.ch\/de\/marque-vache-qui-rit\/"]}]},{"@type":"BreadcrumbList","@id":"https:\/\/www.belfoodservice.ch\/de\/marque-vache-qui-rit\/#breadcrumb","itemListElement":[{"@type":"ListItem","position":1,"name":"Home","item":"https:\/\/www.belfoodservice.ch\/de\/"},{"@type":"ListItem","position":2,"name":"La Vache qui rit\u00ae"}]},{"@type":"WebSite","@id":"https:\/\/www.belfoodservice.ch\/de\/#website","url":"https:\/\/www.belfoodservice.ch\/de\/","name":"Bel Foodservice","description":"","publisher":{"@id":"https:\/\/www.belfoodservice.ch\/de\/#organization"},"potentialAction":[{"@type":"SearchAction","target":{"@type":"EntryPoint","urlTemplate":"https:\/\/www.belfoodservice.ch\/de\/?s={search_term_string}"},"query-input":"required name=search_term_string"}],"inLanguage":"de-DE"},{"@type":"Organization","@id":"https:\/\/www.belfoodservice.ch\/de\/#organization","name":"Bel Foodservice","url":"https:\/\/www.belfoodservice.ch\/de\/","logo":{"@type":"ImageObject","inLanguage":"de-DE","@id":"https:\/\/www.belfoodservice.ch\/de\/#\/schema\/logo\/image\/","url":"https:\/\/www.belfoodservice.ch\/wp-content\/uploads\/2023\/02\/logo.png","contentUrl":"https:\/\/www.belfoodservice.ch\/wp-content\/uploads\/2023\/02\/logo.png","width":450,"height":140,"caption":"Bel Foodservice"},"image":{"@id":"https:\/\/www.belfoodservice.ch\/de\/#\/schema\/logo\/image\/"}}]}},"_links":{"self":[{"href":"https:\/\/www.belfoodservice.ch\/de\/wp-json\/wp\/v2\/pages\/513"}],"collection":[{"href":"https:\/\/www.belfoodservice.ch\/de\/wp-json\/wp\/v2\/pages"}],"about":[{"href":"https:\/\/www.belfoodservice.ch\/de\/wp-json\/wp\/v2\/types\/page"}],"author":[{"embeddable":true,"href":"https:\/\/www.belfoodservice.ch\/de\/wp-json\/wp\/v2\/users\/1"}],"replies":[{"embeddable":true,"href":"https:\/\/www.belfoodservice.ch\/de\/wp-json\/wp\/v2\/comments?post=513"}],"version-history":[{"count":8,"href":"https:\/\/www.belfoodservice.ch\/de\/wp-json\/wp\/v2\/pages\/513\/revisions"}],"predecessor-version":[{"id":1163,"href":"https:\/\/www.belfoodservice.ch\/de\/wp-json\/wp\/v2\/pages\/513\/revisions\/1163"}],"wp:attachment":[{"href":"https:\/\/www.belfoodservice.ch\/de\/wp-json\/wp\/v2\/media?parent=513"}],"curies":[{"name":"wp","href":"https:\/\/api.w.org\/{rel}","templated":true}]}}