{"id":509,"date":"2023-02-06T16:04:42","date_gmt":"2023-02-06T16:04:42","guid":{"rendered":"https:\/\/www.belfoodservice.ch\/nos-engagements\/"},"modified":"2023-04-11T12:18:15","modified_gmt":"2023-04-11T12:18:15","slug":"nos-engagements","status":"publish","type":"page","link":"https:\/\/www.belfoodservice.ch\/de\/nos-engagements\/","title":{"rendered":"Unser Engagement"},"content":{"rendered":"\n<p><strong>&#8220;We care in every portion&#8221;<\/strong> &#8211; mit ihrem globalen Nachhaltigkeitsprogramm nimmt die Bel Gruppe ihre Verantwortung gegen\u00fcber Mensch und Umwelt wahr. Schritt f\u00fcr Schritt setzt sie eine nachhaltigere Herstellung f\u00fcr alle K\u00e4sesorten um.<\/p>\n\n\n\n<p>Auch in der Schweiz richtet das Unternehmen seine Produkte best\u00e4ndig auf die sich wandelnden Anforderungen der schweizer Verbraucher an einen bewussten K\u00e4segenuss aus. Bel verbessert seine Prozesse, Produkte, Verpackungen und die Lieferkette kontinuierlich, um die steigenden Anforderungen an Nachhaltigkeit und eine tierfreundliche Haltung zu reflektieren und die sich ver\u00e4ndernden Ern\u00e4hrungsgewohnheiten durch Produkte f\u00fcr eine ausgewogene Ern\u00e4hrung und ein bewusstes Snacking zu ber\u00fccksichtigen.<\/p>\n\n\n\n\n\t<section id=\"block_2910c6cd4efbec0ee433f6763905420e\" class=\"info-blocks-section\">\n\t\t<div class=\"info-blocks\">\n\t\t\t\t\t\t\t\t\t\t\t\t\t\t\t\t<div class=\"col\">\n\t\t\t\t\t\t<div class=\"info-block\">\n\t\t\t\t\t\t\t\t\t\t\t\t\t\t\t<div class=\"image\">\n\t\t\t\t\t\t\t\t\t<img width=\"183\" height=\"184\" src=\"https:\/\/www.belfoodservice.ch\/wp-content\/uploads\/2023\/02\/wecare-icon01.png\" class=\"attachment-thumbnail_768 size-thumbnail_768\" alt=\"\" decoding=\"async\" loading=\"lazy\" srcset=\"https:\/\/www.belfoodservice.ch\/wp-content\/uploads\/2023\/02\/wecare-icon01.png 183w, https:\/\/www.belfoodservice.ch\/wp-content\/uploads\/2023\/02\/wecare-icon01-150x150.png 150w\" sizes=\"(max-width: 183px) 100vw, 183px\" \/>\t\t\t\t\t\t\t\t<\/div>\n\t\t\t\t\t\t\t\n\t\t\t\t\t\t\t\t\t\t\t\t\t\t\t<h3 class=\"title\">Nachhaltige Landwirtschaft<\/h3>\n\t\t\t\t\t\t\t\n\t\t\t\t\t\t\t\t\t\t\t\t\t\t\t<div class=\"text\">Weiterentwicklung im Bereich Nachhaltigkeit, Verminderung der Umwelteinfl\u00fcsse der landwirtschaftlichen Produktion, wegweisende Partnerschaft mit unseren Milchbauern und Definition von Standards, die zum Erfolg von morgen f\u00fchren.<\/div>\n\t\t\t\t\t\t\t\t\t\t\t\t\t<\/div>\n\t\t\t\t\t<\/div>\n\t\t\t\t\t\t\t\t\t\t\t\t\t\t\t\t\t\t\t\t<div class=\"col\">\n\t\t\t\t\t\t<div class=\"info-block\">\n\t\t\t\t\t\t\t\t\t\t\t\t\t\t\t<div class=\"image\">\n\t\t\t\t\t\t\t\t\t<img width=\"183\" height=\"184\" src=\"https:\/\/www.belfoodservice.ch\/wp-content\/uploads\/2023\/02\/wecare-icon02.png\" class=\"attachment-thumbnail_768 size-thumbnail_768\" alt=\"\" decoding=\"async\" loading=\"lazy\" srcset=\"https:\/\/www.belfoodservice.ch\/wp-content\/uploads\/2023\/02\/wecare-icon02.png 183w, https:\/\/www.belfoodservice.ch\/wp-content\/uploads\/2023\/02\/wecare-icon02-150x150.png 150w\" sizes=\"(max-width: 183px) 100vw, 183px\" \/>\t\t\t\t\t\t\t\t<\/div>\n\t\t\t\t\t\t\t\n\t\t\t\t\t\t\t\t\t\t\t\t\t\t\t<h3 class=\"title\">Gesunde, ausgewogene Ern\u00e4hrung<\/h3>\n\t\t\t\t\t\t\t\n\t\t\t\t\t\t\t\t\t\t\t\t\t\t\t<div class=\"text\">Steigerung des N\u00e4hrstoffgehalts unserer Produkte und F\u00f6rderung ges\u00fcnderer Essgewohnheiten &#038; Lebensweisen.<\/div>\n\t\t\t\t\t\t\t\t\t\t\t\t\t<\/div>\n\t\t\t\t\t<\/div>\n\t\t\t\t\t\t\t\t\t\t\t\t\t\t\t\t\t\t\t\t<div class=\"col\">\n\t\t\t\t\t\t<div class=\"info-block\">\n\t\t\t\t\t\t\t\t\t\t\t\t\t\t\t<div class=\"image\">\n\t\t\t\t\t\t\t\t\t<img width=\"183\" height=\"184\" src=\"https:\/\/www.belfoodservice.ch\/wp-content\/uploads\/2023\/02\/wecare-icon03.png\" class=\"attachment-thumbnail_768 size-thumbnail_768\" alt=\"\" decoding=\"async\" loading=\"lazy\" srcset=\"https:\/\/www.belfoodservice.ch\/wp-content\/uploads\/2023\/02\/wecare-icon03.png 183w, https:\/\/www.belfoodservice.ch\/wp-content\/uploads\/2023\/02\/wecare-icon03-150x150.png 150w\" sizes=\"(max-width: 183px) 100vw, 183px\" \/>\t\t\t\t\t\t\t\t<\/div>\n\t\t\t\t\t\t\t\n\t\t\t\t\t\t\t\t\t\t\t\t\t\t\t<h3 class=\"title\">\u00d6kologischer Fu\u00dfabdruck<\/h3>\n\t\t\t\t\t\t\t\n\t\t\t\t\t\t\t\t\t\t\t\t\t\t\t<div class=\"text\">Reduzierung des \u00f6kologischen Fu\u00dfabdrucks rund um Produktion und Verzehr unserer Produkte.<\/div>\n\t\t\t\t\t\t\t\t\t\t\t\t\t<\/div>\n\t\t\t\t\t<\/div>\n\t\t\t\t\t\t\t\t\t\t\t\t\t\t\t\t\t\t\t\t<div class=\"col\">\n\t\t\t\t\t\t<div class=\"info-block\">\n\t\t\t\t\t\t\t\t\t\t\t\t\t\t\t<div class=\"image\">\n\t\t\t\t\t\t\t\t\t<img width=\"183\" height=\"184\" src=\"https:\/\/www.belfoodservice.ch\/wp-content\/uploads\/2023\/02\/wecare-icon04.png\" class=\"attachment-thumbnail_768 size-thumbnail_768\" alt=\"\" decoding=\"async\" loading=\"lazy\" srcset=\"https:\/\/www.belfoodservice.ch\/wp-content\/uploads\/2023\/02\/wecare-icon04.png 183w, https:\/\/www.belfoodservice.ch\/wp-content\/uploads\/2023\/02\/wecare-icon04-150x150.png 150w\" sizes=\"(max-width: 183px) 100vw, 183px\" \/>\t\t\t\t\t\t\t\t<\/div>\n\t\t\t\t\t\t\t\n\t\t\t\t\t\t\t\t\t\t\t\t\t\t\t<h3 class=\"title\">Fokus Mensch<\/h3>\n\t\t\t\t\t\t\t\n\t\t\t\t\t\t\t\t\t\t\t\t\t\t\t<div class=\"text\">Unsere Mitarbeiter, aber auch alle Menschen, mit denen wir t\u00e4glich zusammenarbeiten, stehen im Mittelpunkt. Nur so k\u00f6nnen wir Familien auf der ganzen Welt auf die verantwortungsvollste Art und Weise die besten Produkte bieten.<\/div>\n\t\t\t\t\t\t\t\t\t\t\t\t\t<\/div>\n\t\t\t\t\t<\/div>\n\t\t\t\t\t\t\t\t\t<\/div>\n\t<\/section>\n\n\n\n<p>F\u00fcr weitere Informationen zu unserem Nachhaltigkeitsprogramm besuchen Sie bitte :<\/p>\n\n\n\n\n\t<section id=\"block_de99fb5cd5a0bbd76e22062e8297681e\" class=\"links-section\">\n\t\t\t\t\t\t\t\t\t\t\t\t<div class=\"link\">\n\t\t\t\t\t<a class=\"btn\" href=\"https:\/\/www.groupe-bel.com\/en\/our-commitments\/\" target=\"_blank\">Corporate Social Responsibility<\/a>\t\t\t\t<\/div>\n\t\t\t\t\t\t<\/section>\n\n\n\n\n\t<section id=\"block_ba240abfe817ffb473084909633e0fee\" class=\"brands-section\">\n\t\t<div class=\"brands-carousel\">\n\t\t\t\t\t\t\t\t\t\t\t\t\t\t\t\t<div class=\"slide\">\n\t\t\t\t\t\t\t\t\t\t\t\t\t<a href=\"https:\/\/www.belfoodservice.ch\/de\/marque-alpenhain\/\">\n\t\t\t\t\t\t\t\t<img width=\"300\" height=\"166\" src=\"https:\/\/www.belfoodservice.ch\/wp-content\/uploads\/2023\/02\/marque-alpenhain.jpg\" class=\"attachment-thumbnail_768 size-thumbnail_768\" alt=\"\" decoding=\"async\" loading=\"lazy\" \/>\t\t\t\t\t\t\t<\/a>\n\t\t\t\t\t\t\t\t\t\t\t<\/div>\n\t\t\t\t\t\t\t\t\t\t\t\t\t\t\t\t\t\t\t\t<div class=\"slide\">\n\t\t\t\t\t\t\t\t\t\t\t\t\t<a href=\"https:\/\/www.belfoodservice.ch\/de\/marque-babybel\/\">\n\t\t\t\t\t\t\t\t<img width=\"300\" height=\"262\" src=\"https:\/\/www.belfoodservice.ch\/wp-content\/uploads\/2023\/05\/marque-mini-babybel.png\" class=\"attachment-thumbnail_768 size-thumbnail_768\" alt=\"\" decoding=\"async\" loading=\"lazy\" srcset=\"https:\/\/www.belfoodservice.ch\/wp-content\/uploads\/2023\/05\/marque-mini-babybel.png 300w, https:\/\/www.belfoodservice.ch\/wp-content\/uploads\/2023\/05\/marque-mini-babybel-100x87.png 100w\" sizes=\"(max-width: 300px) 100vw, 300px\" \/>\t\t\t\t\t\t\t<\/a>\n\t\t\t\t\t\t\t\t\t\t\t<\/div>\n\t\t\t\t\t\t\t\t\t\t\t\t\t\t\t\t\t\t\t\t<div class=\"slide\">\n\t\t\t\t\t\t\t\t\t\t\t\t\t<a href=\"https:\/\/www.belfoodservice.ch\/de\/marque-cantadou\/\">\n\t\t\t\t\t\t\t\t<img width=\"300\" height=\"120\" src=\"https:\/\/www.belfoodservice.ch\/wp-content\/uploads\/2023\/02\/marque-cantadou.jpg\" class=\"attachment-thumbnail_768 size-thumbnail_768\" alt=\"\" decoding=\"async\" loading=\"lazy\" \/>\t\t\t\t\t\t\t<\/a>\n\t\t\t\t\t\t\t\t\t\t\t<\/div>\n\t\t\t\t\t\t\t\t\t\t\t\t\t\t\t\t\t\t\t\t<div class=\"slide\">\n\t\t\t\t\t\t\t\t\t\t\t\t\t<a href=\"https:\/\/www.belfoodservice.ch\/de\/marque-kiri\/\">\n\t\t\t\t\t\t\t\t<img width=\"300\" height=\"180\" src=\"https:\/\/www.belfoodservice.ch\/wp-content\/uploads\/2023\/02\/marque-kiri.jpg\" class=\"attachment-thumbnail_768 size-thumbnail_768\" alt=\"\" decoding=\"async\" loading=\"lazy\" \/>\t\t\t\t\t\t\t<\/a>\n\t\t\t\t\t\t\t\t\t\t\t<\/div>\n\t\t\t\t\t\t\t\t\t\t\t\t\t\t\t\t\t\t\t\t<div class=\"slide\">\n\t\t\t\t\t\t\t\t\t\t\t\t\t<a href=\"https:\/\/www.belfoodservice.ch\/de\/marque-vache-qui-rit\/\">\n\t\t\t\t\t\t\t\t<img width=\"300\" height=\"220\" src=\"https:\/\/www.belfoodservice.ch\/wp-content\/uploads\/2023\/02\/marque-lvqr.jpg\" class=\"attachment-thumbnail_768 size-thumbnail_768\" alt=\"\" decoding=\"async\" loading=\"lazy\" \/>\t\t\t\t\t\t\t<\/a>\n\t\t\t\t\t\t\t\t\t\t\t<\/div>\n\t\t\t\t\t\t\t\t\t\t\t\t\t\t\t\t\t\t\t\t<div class=\"slide\">\n\t\t\t\t\t\t\t\t\t\t\t\t\t<a href=\"https:\/\/www.belfoodservice.ch\/de\/marque-cantafrais\/\">\n\t\t\t\t\t\t\t\t<img width=\"300\" height=\"112\" src=\"https:\/\/www.belfoodservice.ch\/wp-content\/uploads\/2023\/02\/marque-cantafrais.jpg\" class=\"attachment-thumbnail_768 size-thumbnail_768\" alt=\"\" decoding=\"async\" loading=\"lazy\" \/>\t\t\t\t\t\t\t<\/a>\n\t\t\t\t\t\t\t\t\t\t\t<\/div>\n\t\t\t\t\t\t\t\t\t\t\t\t\t\t\t\t\t\t\t\t<div class=\"slide\">\n\t\t\t\t\t\t\t\t\t\t\t\t\t<img width=\"85\" height=\"85\" src=\"https:\/\/www.belfoodservice.ch\/wp-content\/uploads\/2023\/02\/maria-grimal.png\" class=\"attachment-thumbnail_768 size-thumbnail_768\" alt=\"\" decoding=\"async\" loading=\"lazy\" \/>\t\t\t\t\t\t\t\t\t\t\t<\/div>\n\t\t\t\t\t\t\t\t\t\t\t\t\t\t\t\t\t\t\t\t<div class=\"slide\">\n\t\t\t\t\t\t\t\t\t\t\t\t\t<img width=\"123\" height=\"52\" src=\"https:\/\/www.belfoodservice.ch\/wp-content\/uploads\/2023\/02\/xetabel.png\" class=\"attachment-thumbnail_768 size-thumbnail_768\" alt=\"\" decoding=\"async\" loading=\"lazy\" \/>\t\t\t\t\t\t\t\t\t\t\t<\/div>\n\t\t\t\t\t\t\t\t\t<\/div>\n\t<\/section>\n","protected":false},"excerpt":{"rendered":"<p>&#8220;We care in every portion&#8221; &#8211; mit ihrem globalen Nachhaltigkeitsprogramm nimmt die Bel Gruppe ihre Verantwortung gegen\u00fcber Mensch und Umwelt wahr. Schritt f\u00fcr Schritt setzt sie eine nachhaltigere Herstellung f\u00fcr alle K\u00e4sesorten um. Auch in der Schweiz richtet das Unternehmen seine Produkte best\u00e4ndig auf die sich wandelnden Anforderungen der schweizer Verbraucher an einen bewussten K\u00e4segenuss [&hellip;]<\/p>\n","protected":false},"author":1,"featured_media":0,"parent":0,"menu_order":0,"comment_status":"closed","ping_status":"closed","template":"","meta":{"inline_featured_image":false},"acf":[],"yoast_head":"<!-- This site is optimized with the Yoast SEO plugin v20.7 - https:\/\/yoast.com\/wordpress\/plugins\/seo\/ -->\n<title>Unser Engagement - Bel Foodservice<\/title>\n<meta name=\"robots\" content=\"index, follow, max-snippet:-1, max-image-preview:large, max-video-preview:-1\" \/>\n<link rel=\"canonical\" href=\"https:\/\/www.belfoodservice.ch\/de\/nos-engagements\/\" \/>\n<meta property=\"og:locale\" content=\"de_DE\" \/>\n<meta property=\"og:type\" content=\"article\" \/>\n<meta property=\"og:title\" content=\"Unser Engagement - Bel Foodservice\" \/>\n<meta property=\"og:description\" content=\"&#8220;We care in every portion&#8221; &#8211; mit ihrem globalen Nachhaltigkeitsprogramm nimmt die Bel Gruppe ihre Verantwortung gegen\u00fcber Mensch und Umwelt wahr. Schritt f\u00fcr Schritt setzt sie eine nachhaltigere Herstellung f\u00fcr alle K\u00e4sesorten um. Auch in der Schweiz richtet das Unternehmen seine Produkte best\u00e4ndig auf die sich wandelnden Anforderungen der schweizer Verbraucher an einen bewussten K\u00e4segenuss [&hellip;]\" \/>\n<meta property=\"og:url\" content=\"https:\/\/www.belfoodservice.ch\/de\/nos-engagements\/\" \/>\n<meta property=\"og:site_name\" content=\"Bel Foodservice\" \/>\n<meta property=\"article:modified_time\" content=\"2023-04-11T12:18:15+00:00\" \/>\n<meta name=\"twitter:card\" content=\"summary_large_image\" \/>\n<meta name=\"twitter:label1\" content=\"Est. reading time\" \/>\n\t<meta name=\"twitter:data1\" content=\"1 Minute\" \/>\n<script type=\"application\/ld+json\" class=\"yoast-schema-graph\">{\"@context\":\"https:\/\/schema.org\",\"@graph\":[{\"@type\":\"WebPage\",\"@id\":\"https:\/\/www.belfoodservice.ch\/de\/nos-engagements\/\",\"url\":\"https:\/\/www.belfoodservice.ch\/de\/nos-engagements\/\",\"name\":\"Unser Engagement - Bel Foodservice\",\"isPartOf\":{\"@id\":\"https:\/\/www.belfoodservice.ch\/de\/#website\"},\"datePublished\":\"2023-02-06T16:04:42+00:00\",\"dateModified\":\"2023-04-11T12:18:15+00:00\",\"breadcrumb\":{\"@id\":\"https:\/\/www.belfoodservice.ch\/de\/nos-engagements\/#breadcrumb\"},\"inLanguage\":\"de-DE\",\"potentialAction\":[{\"@type\":\"ReadAction\",\"target\":[\"https:\/\/www.belfoodservice.ch\/de\/nos-engagements\/\"]}]},{\"@type\":\"BreadcrumbList\",\"@id\":\"https:\/\/www.belfoodservice.ch\/de\/nos-engagements\/#breadcrumb\",\"itemListElement\":[{\"@type\":\"ListItem\",\"position\":1,\"name\":\"Home\",\"item\":\"https:\/\/www.belfoodservice.ch\/de\/\"},{\"@type\":\"ListItem\",\"position\":2,\"name\":\"Unser Engagement\"}]},{\"@type\":\"WebSite\",\"@id\":\"https:\/\/www.belfoodservice.ch\/de\/#website\",\"url\":\"https:\/\/www.belfoodservice.ch\/de\/\",\"name\":\"Bel Foodservice\",\"description\":\"\",\"publisher\":{\"@id\":\"https:\/\/www.belfoodservice.ch\/de\/#organization\"},\"potentialAction\":[{\"@type\":\"SearchAction\",\"target\":{\"@type\":\"EntryPoint\",\"urlTemplate\":\"https:\/\/www.belfoodservice.ch\/de\/?s={search_term_string}\"},\"query-input\":\"required name=search_term_string\"}],\"inLanguage\":\"de-DE\"},{\"@type\":\"Organization\",\"@id\":\"https:\/\/www.belfoodservice.ch\/de\/#organization\",\"name\":\"Bel Foodservice\",\"url\":\"https:\/\/www.belfoodservice.ch\/de\/\",\"logo\":{\"@type\":\"ImageObject\",\"inLanguage\":\"de-DE\",\"@id\":\"https:\/\/www.belfoodservice.ch\/de\/#\/schema\/logo\/image\/\",\"url\":\"https:\/\/www.belfoodservice.ch\/wp-content\/uploads\/2023\/02\/logo.png\",\"contentUrl\":\"https:\/\/www.belfoodservice.ch\/wp-content\/uploads\/2023\/02\/logo.png\",\"width\":450,\"height\":140,\"caption\":\"Bel Foodservice\"},\"image\":{\"@id\":\"https:\/\/www.belfoodservice.ch\/de\/#\/schema\/logo\/image\/\"}}]}<\/script>\n<!-- \/ Yoast SEO plugin. -->","yoast_head_json":{"title":"Unser Engagement - Bel Foodservice","robots":{"index":"index","follow":"follow","max-snippet":"max-snippet:-1","max-image-preview":"max-image-preview:large","max-video-preview":"max-video-preview:-1"},"canonical":"https:\/\/www.belfoodservice.ch\/de\/nos-engagements\/","og_locale":"de_DE","og_type":"article","og_title":"Unser Engagement - Bel Foodservice","og_description":"&#8220;We care in every portion&#8221; &#8211; mit ihrem globalen Nachhaltigkeitsprogramm nimmt die Bel Gruppe ihre Verantwortung gegen\u00fcber Mensch und Umwelt wahr. Schritt f\u00fcr Schritt setzt sie eine nachhaltigere Herstellung f\u00fcr alle K\u00e4sesorten um. Auch in der Schweiz richtet das Unternehmen seine Produkte best\u00e4ndig auf die sich wandelnden Anforderungen der schweizer Verbraucher an einen bewussten K\u00e4segenuss [&hellip;]","og_url":"https:\/\/www.belfoodservice.ch\/de\/nos-engagements\/","og_site_name":"Bel Foodservice","article_modified_time":"2023-04-11T12:18:15+00:00","twitter_card":"summary_large_image","twitter_misc":{"Est. reading time":"1 Minute"},"schema":{"@context":"https:\/\/schema.org","@graph":[{"@type":"WebPage","@id":"https:\/\/www.belfoodservice.ch\/de\/nos-engagements\/","url":"https:\/\/www.belfoodservice.ch\/de\/nos-engagements\/","name":"Unser Engagement - Bel Foodservice","isPartOf":{"@id":"https:\/\/www.belfoodservice.ch\/de\/#website"},"datePublished":"2023-02-06T16:04:42+00:00","dateModified":"2023-04-11T12:18:15+00:00","breadcrumb":{"@id":"https:\/\/www.belfoodservice.ch\/de\/nos-engagements\/#breadcrumb"},"inLanguage":"de-DE","potentialAction":[{"@type":"ReadAction","target":["https:\/\/www.belfoodservice.ch\/de\/nos-engagements\/"]}]},{"@type":"BreadcrumbList","@id":"https:\/\/www.belfoodservice.ch\/de\/nos-engagements\/#breadcrumb","itemListElement":[{"@type":"ListItem","position":1,"name":"Home","item":"https:\/\/www.belfoodservice.ch\/de\/"},{"@type":"ListItem","position":2,"name":"Unser Engagement"}]},{"@type":"WebSite","@id":"https:\/\/www.belfoodservice.ch\/de\/#website","url":"https:\/\/www.belfoodservice.ch\/de\/","name":"Bel Foodservice","description":"","publisher":{"@id":"https:\/\/www.belfoodservice.ch\/de\/#organization"},"potentialAction":[{"@type":"SearchAction","target":{"@type":"EntryPoint","urlTemplate":"https:\/\/www.belfoodservice.ch\/de\/?s={search_term_string}"},"query-input":"required name=search_term_string"}],"inLanguage":"de-DE"},{"@type":"Organization","@id":"https:\/\/www.belfoodservice.ch\/de\/#organization","name":"Bel Foodservice","url":"https:\/\/www.belfoodservice.ch\/de\/","logo":{"@type":"ImageObject","inLanguage":"de-DE","@id":"https:\/\/www.belfoodservice.ch\/de\/#\/schema\/logo\/image\/","url":"https:\/\/www.belfoodservice.ch\/wp-content\/uploads\/2023\/02\/logo.png","contentUrl":"https:\/\/www.belfoodservice.ch\/wp-content\/uploads\/2023\/02\/logo.png","width":450,"height":140,"caption":"Bel Foodservice"},"image":{"@id":"https:\/\/www.belfoodservice.ch\/de\/#\/schema\/logo\/image\/"}}]}},"_links":{"self":[{"href":"https:\/\/www.belfoodservice.ch\/de\/wp-json\/wp\/v2\/pages\/509"}],"collection":[{"href":"https:\/\/www.belfoodservice.ch\/de\/wp-json\/wp\/v2\/pages"}],"about":[{"href":"https:\/\/www.belfoodservice.ch\/de\/wp-json\/wp\/v2\/types\/page"}],"author":[{"embeddable":true,"href":"https:\/\/www.belfoodservice.ch\/de\/wp-json\/wp\/v2\/users\/1"}],"replies":[{"embeddable":true,"href":"https:\/\/www.belfoodservice.ch\/de\/wp-json\/wp\/v2\/comments?post=509"}],"version-history":[{"count":7,"href":"https:\/\/www.belfoodservice.ch\/de\/wp-json\/wp\/v2\/pages\/509\/revisions"}],"predecessor-version":[{"id":773,"href":"https:\/\/www.belfoodservice.ch\/de\/wp-json\/wp\/v2\/pages\/509\/revisions\/773"}],"wp:attachment":[{"href":"https:\/\/www.belfoodservice.ch\/de\/wp-json\/wp\/v2\/media?parent=509"}],"curies":[{"name":"wp","href":"https:\/\/api.w.org\/{rel}","templated":true}]}}