{"id":507,"date":"2023-02-06T16:07:07","date_gmt":"2023-02-06T16:07:07","guid":{"rendered":"https:\/\/www.belfoodservice.ch\/produits\/"},"modified":"2023-03-08T13:17:48","modified_gmt":"2023-03-08T13:17:48","slug":"produkte","status":"publish","type":"page","link":"https:\/\/www.belfoodservice.ch\/de\/produkte\/","title":{"rendered":"Produkte"},"content":{"rendered":"\n<p class=\"intro\">Finden Sie die Produkte, die Sie ben\u00f6tigen, indem Sie die Kriterien Ihrer Wahl ausw\u00e4hlen.<\/p>\n\n\n\n\n<section id=\"block_09a94a13a5504d14ac2441100056238b\" class=\"products-filter-section\">\n\t\t\t<h2 class=\"title\">Produkt-Suche<\/h2>\n\t\n\t<div class=\"ajax-post-loader\">\n\t\t\n\n\t<form class=\"ajax-post-filter\" action=\"https:\/\/www.belfoodservice.ch\/wp-admin\/admin-ajax.php?action=load_products\">\n\t\t<div class=\"select-group\">\n\t\t\t\t\t\t\t<div class=\"col-select\">\n\t\t\t\t\t<div class=\"select\">\t\t\t\t\t\n\t\t\t\t\t\t<select name=\"market\" class=\"custom-select\">\n\t\t\t\t\t\t\t<option selected value=\"\">Alle Marken<\/option>\n\n\t\t\t\t\t\t\t\t\t\t\t\t\t\t\t\t\t\t\t\t\t\t\t<option  value=\"68\">Nurishh\u00ae<\/option>\n\t\t\t\t\t\t\t\t\t\t\t\t\t\t\t\t\t\t\t\t\t\t\t<option  value=\"46\">Alpenhain\u00ae<\/option>\n\t\t\t\t\t\t\t\t\t\t\t\t\t\t\t\t\t\t\t\t\t\t\t<option  value=\"47\">Cantadou\u00ae<\/option>\n\t\t\t\t\t\t\t\t\t\t\t\t\t\t\t\t\t\t\t\t\t\t\t<option  value=\"48\">Cantafrais\u00ae<\/option>\n\t\t\t\t\t\t\t\t\t\t\t\t\t\t\t\t\t\t\t\t\t\t\t<option  value=\"49\">Kiri\u00ae<\/option>\n\t\t\t\t\t\t\t\t\t\t\t\t\t\t\t\t\t\t\t\t\t\t\t<option  value=\"50\">La Vache qui rit\u00ae<\/option>\n\t\t\t\t\t\t\t\t\t\t\t\t\t\t\t\t\t\t\t\t\t\t\t<option  value=\"51\">Maria Grimal\u00ae Roquefort<\/option>\n\t\t\t\t\t\t\t\t\t\t\t\t\t\t\t\t\t\t\t\t\t\t\t<option  value=\"52\">Mini Babybel\u00ae<\/option>\n\t\t\t\t\t\t\t\t\t\t\t\t\t\t\t\t\t\t\t\t\t\t\t<option  value=\"53\">Multi-Marken\/Marques<\/option>\n\t\t\t\t\t\t\t\t\t\t\t\t\t\t\t\t\t\t\t\t\t\t\t<option  value=\"54\">Six de Savoie\u00ae<\/option>\n\t\t\t\t\t\t\t\t\t\t\t\t\t\t\t\t\t\t\t\t\t\t\t<option  value=\"55\">Xetabel\u00ae<\/option>\n\t\t\t\t\t\t\t\t\t\t\t\t\t\t\t\t\t\t\t\t\t\t\t<option  value=\"8\">Chanteneige\u00ae<\/option>\n\t\t\t\t\t\t\t\t\t\t\t\t\t\t\t\t\t\t\t\t\t\t\t<option  value=\"11\">Leerdammer\u00ae<\/option>\n\t\t\t\t\t\t\t\t\t\t\t\t\t<\/select>\n\t\t\t\t\t<\/div>\n\t\t\t\t<\/div>\n\t\t\t\n\t\t\t\t\t\t\t<div class=\"col-select\">\n\t\t\t\t\t<div class=\"select\">\n\t\t\t\t\t\t<select name=\"family\" class=\"custom-select\">\n\t\t\t\t\t\t\t<option selected value=\"\">Alle K\u00e4sesorten<\/option>\n\n\t\t\t\t\t\t\t\t\t\t\t\t\t\t\t\t\t\t\t\t\t\t\t<option  value=\"69\">Vegan<\/option>\n\t\t\t\t\t\t\t\t\t\t\t\t\t\t\t\t\t\t\t\t\t\t\t<option  value=\"59\">Frischk\u00e4se<\/option>\n\t\t\t\t\t\t\t\t\t\t\t\t\t\t\t\t\t\t\t\t\t\t\t<option  value=\"60\">Schmelzk\u00e4se<\/option>\n\t\t\t\t\t\t\t\t\t\t\t\t\t\t\t\t\t\t\t\t\t\t\t<option  value=\"61\">Halbhartk\u00e4se<\/option>\n\t\t\t\t\t\t\t\t\t\t\t\t\t\t\t\t\t\t\t\t\t\t\t<option  value=\"62\">Weichk\u00e4se<\/option>\n\t\t\t\t\t\t\t\t\t\t\t\t\t\t\t\t\t\t\t\t\t\t\t<option  value=\"63\">Sp\u00e9cialit\u00e9s fromag\u00e8res<\/option>\n\t\t\t\t\t\t\t\t\t\t\t\t\t<\/select>\n\t\t\t\t\t<\/div>\n\t\t\t\t<\/div>\n\t\t\t\n\t\t\t\t\t\t\t<div class=\"col-select\">\n\t\t\t\t\t<div class=\"select\">\n\t\t\t\t\t\t<select name=\"type\" class=\"custom-select\">\n\t\t\t\t\t\t\t<option selected value=\"\">Alle Formate<\/option>\n\n\t\t\t\t\t\t\t\t\t\t\t\t\t\t\t\t\t\t\t\t\t\t\t<option  value=\"80\">Tiefgek\u00fchlt<\/option>\n\t\t\t\t\t\t\t\t\t\t\t\t\t\t\t\t\t\t\t\t\t\t\t<option  value=\"56\">Portionen<\/option>\n\t\t\t\t\t\t\t\t\t\t\t\t\t\t\t\t\t\t\t\t\t\t\t<option  value=\"71\">Scheiben<\/option>\n\t\t\t\t\t\t\t\t\t\t\t\t\t\t\t\t\t\t\t\t\t\t\t<option  value=\"57\">Schale \/ Terrine<\/option>\n\t\t\t\t\t\t\t\t\t\t\t\t\t\t\t\t\t\t\t\t\t\t\t<option  value=\"58\">K\u00e4seblock<\/option>\n\t\t\t\t\t\t\t\t\t\t\t\t\t\t\t\t\t\t\t\t\t\t\t<option  value=\"73\">\u00dcberbacken<\/option>\n\t\t\t\t\t\t\t\t\t\t\t\t\t\t\t\t\t\t\t\t\t\t\t<option  value=\"72\">Diverses<\/option>\n\t\t\t\t\t\t\t\t\t\t\t\t\t<\/select>\n\t\t\t\t\t<\/div>\n\t\t\t\t<\/div>\n\t\t\t\n\t\t\t<div class=\"col-submit\">\n\t\t\t\t<input type=\"submit\" value=\"Suchen\">\n\t\t\t<\/div>\n\t\t<\/div>\n\t\t<input type=\"hidden\" name=\"number-posts\" value=\"20\">\n\t<\/form>\n\t\t\n<!-- DEBUG products-posts.php: Paged = 1 --><!-- DEBUG query_var paged =  --><!-- DEBUG GET paged = nicht gesetzt -->\n\t<div class=\"load-more-holder\">\n\t\t<div class=\"new-content-target resources-grid\">\n\t\t\t\t\t\t\t<div class=\"col\">\n\t<div class=\"product product-block\">\n\t\t<a class=\"img-wrap\" href=\"https:\/\/www.belfoodservice.ch\/de\/produkte\/cantadou-ail-et-fines-herbes\/\">\n\t\t\t<img width=\"768\" height=\"768\" src=\"https:\/\/www.belfoodservice.ch\/wp-content\/uploads\/2023\/02\/picture.1642673434-768x768.png\" class=\"attachment-thumbnail_768 size-thumbnail_768 wp-post-image\" alt=\"\" decoding=\"async\" loading=\"lazy\" srcset=\"https:\/\/www.belfoodservice.ch\/wp-content\/uploads\/2023\/02\/picture.1642673434-768x768.png 768w, https:\/\/www.belfoodservice.ch\/wp-content\/uploads\/2023\/02\/picture.1642673434-300x300.png 300w, https:\/\/www.belfoodservice.ch\/wp-content\/uploads\/2023\/02\/picture.1642673434-1024x1024.png 1024w, https:\/\/www.belfoodservice.ch\/wp-content\/uploads\/2023\/02\/picture.1642673434-150x150.png 150w, https:\/\/www.belfoodservice.ch\/wp-content\/uploads\/2023\/02\/picture.1642673434.png 1200w\" sizes=\"(max-width: 768px) 100vw, 768px\" \/>\t\t<\/a>\n\n\t\t<h3 class=\"product-title\"><a href=\"https:\/\/www.belfoodservice.ch\/de\/produkte\/cantadou-ail-et-fines-herbes\/\" rel=\"bookmark\">Cantadou\u00ae Knoblauch &#038; Kr\u00e4uter<\/a><\/h3>\n\t\t\t\t\t<div class=\"product-weight\">Gewicht: 1.250 kg<\/div>\n\t\t\n\t\t\t\t\t<div class=\"product-delivery-unit\">VE: 1 Terrine \u00e0 1.250 kg<\/div>\n\t\t\n\t\t<a class=\"btn\" href=\"https:\/\/www.belfoodservice.ch\/de\/produkte\/cantadou-ail-et-fines-herbes\/\">Entdecken Sie das Produkt<\/a>\n\t<\/div>\n<\/div>\n\n\t\t\t\t\t\t\t<div class=\"col\">\n\t<div class=\"product product-block\">\n\t\t<a class=\"img-wrap\" href=\"https:\/\/www.belfoodservice.ch\/de\/produkte\/cantadou-raifort\/\">\n\t\t\t<img width=\"768\" height=\"768\" src=\"https:\/\/www.belfoodservice.ch\/wp-content\/uploads\/2023\/02\/picture.1642673459-768x768.png\" class=\"attachment-thumbnail_768 size-thumbnail_768 wp-post-image\" alt=\"\" decoding=\"async\" loading=\"lazy\" srcset=\"https:\/\/www.belfoodservice.ch\/wp-content\/uploads\/2023\/02\/picture.1642673459-768x768.png 768w, https:\/\/www.belfoodservice.ch\/wp-content\/uploads\/2023\/02\/picture.1642673459-300x300.png 300w, https:\/\/www.belfoodservice.ch\/wp-content\/uploads\/2023\/02\/picture.1642673459-1024x1024.png 1024w, https:\/\/www.belfoodservice.ch\/wp-content\/uploads\/2023\/02\/picture.1642673459-150x150.png 150w, https:\/\/www.belfoodservice.ch\/wp-content\/uploads\/2023\/02\/picture.1642673459.png 1200w\" sizes=\"(max-width: 768px) 100vw, 768px\" \/>\t\t<\/a>\n\n\t\t<h3 class=\"product-title\"><a href=\"https:\/\/www.belfoodservice.ch\/de\/produkte\/cantadou-raifort\/\" rel=\"bookmark\">Cantadou\u00ae Meerrettich<\/a><\/h3>\n\t\t\t\t\t<div class=\"product-weight\">Gewicht: 1.250 kg<\/div>\n\t\t\n\t\t\t\t\t<div class=\"product-delivery-unit\">VE: 1 Terrine \u00e0 1.250 kg<\/div>\n\t\t\n\t\t<a class=\"btn\" href=\"https:\/\/www.belfoodservice.ch\/de\/produkte\/cantadou-raifort\/\">Entdecken Sie das Produkt<\/a>\n\t<\/div>\n<\/div>\n\n\t\t\t\t\t\t\t<div class=\"col\">\n\t<div class=\"product product-block\">\n\t\t<a class=\"img-wrap\" href=\"https:\/\/www.belfoodservice.ch\/de\/produkte\/cantadou-nature\/\">\n\t\t\t<img width=\"768\" height=\"768\" src=\"https:\/\/www.belfoodservice.ch\/wp-content\/uploads\/2023\/02\/picture.1642673478-768x768.png\" class=\"attachment-thumbnail_768 size-thumbnail_768 wp-post-image\" alt=\"\" decoding=\"async\" loading=\"lazy\" srcset=\"https:\/\/www.belfoodservice.ch\/wp-content\/uploads\/2023\/02\/picture.1642673478-768x768.png 768w, https:\/\/www.belfoodservice.ch\/wp-content\/uploads\/2023\/02\/picture.1642673478-300x300.png 300w, https:\/\/www.belfoodservice.ch\/wp-content\/uploads\/2023\/02\/picture.1642673478-1024x1024.png 1024w, https:\/\/www.belfoodservice.ch\/wp-content\/uploads\/2023\/02\/picture.1642673478-150x150.png 150w, https:\/\/www.belfoodservice.ch\/wp-content\/uploads\/2023\/02\/picture.1642673478.png 1200w\" sizes=\"(max-width: 768px) 100vw, 768px\" \/>\t\t<\/a>\n\n\t\t<h3 class=\"product-title\"><a href=\"https:\/\/www.belfoodservice.ch\/de\/produkte\/cantadou-nature\/\" rel=\"bookmark\">Cantadou\u00ae Nature<\/a><\/h3>\n\t\t\t\t\t<div class=\"product-weight\">Gewicht: 1.250 kg<\/div>\n\t\t\n\t\t\t\t\t<div class=\"product-delivery-unit\">VE: 1 Terrine \u00e0 1.250 kg<\/div>\n\t\t\n\t\t<a class=\"btn\" href=\"https:\/\/www.belfoodservice.ch\/de\/produkte\/cantadou-nature\/\">Entdecken Sie das Produkt<\/a>\n\t<\/div>\n<\/div>\n\n\t\t\t\t\t\t\t<div class=\"col\">\n\t<div class=\"product product-block\">\n\t\t<a class=\"img-wrap\" href=\"https:\/\/www.belfoodservice.ch\/de\/produkte\/cantadou-ail-et-fines-herbes-2\/\">\n\t\t\t<img width=\"768\" height=\"768\" src=\"https:\/\/www.belfoodservice.ch\/wp-content\/uploads\/2023\/02\/picture.1623336166-768x768.jpg\" class=\"attachment-thumbnail_768 size-thumbnail_768 wp-post-image\" alt=\"\" decoding=\"async\" loading=\"lazy\" srcset=\"https:\/\/www.belfoodservice.ch\/wp-content\/uploads\/2023\/02\/picture.1623336166-768x768.jpg 768w, https:\/\/www.belfoodservice.ch\/wp-content\/uploads\/2023\/02\/picture.1623336166-300x300.jpg 300w, https:\/\/www.belfoodservice.ch\/wp-content\/uploads\/2023\/02\/picture.1623336166-1024x1024.jpg 1024w, https:\/\/www.belfoodservice.ch\/wp-content\/uploads\/2023\/02\/picture.1623336166-150x150.jpg 150w, https:\/\/www.belfoodservice.ch\/wp-content\/uploads\/2023\/02\/picture.1623336166.jpg 1200w\" sizes=\"(max-width: 768px) 100vw, 768px\" \/>\t\t<\/a>\n\n\t\t<h3 class=\"product-title\"><a href=\"https:\/\/www.belfoodservice.ch\/de\/produkte\/cantadou-ail-et-fines-herbes-2\/\" rel=\"bookmark\">Cantadou\u00ae Knoblauch &#038; Kr\u00e4uter<\/a><\/h3>\n\t\t\t\t\t<div class=\"product-weight\">Gewicht: 900 g<\/div>\n\t\t\n\t\t\t\t\t<div class=\"product-delivery-unit\">VE: 1 carton \u00e0 54 portions de 16.66g<\/div>\n\t\t\n\t\t<a class=\"btn\" href=\"https:\/\/www.belfoodservice.ch\/de\/produkte\/cantadou-ail-et-fines-herbes-2\/\">Entdecken Sie das Produkt<\/a>\n\t<\/div>\n<\/div>\n\n\t\t\t\t\t\t\t<div class=\"col\">\n\t<div class=\"product product-block\">\n\t\t<a class=\"img-wrap\" href=\"https:\/\/www.belfoodservice.ch\/de\/produkte\/cantafrais-nature\/\">\n\t\t\t<img width=\"768\" height=\"768\" src=\"https:\/\/www.belfoodservice.ch\/wp-content\/uploads\/2023\/02\/picture.16233361661-768x768.jpg\" class=\"attachment-thumbnail_768 size-thumbnail_768 wp-post-image\" alt=\"\" decoding=\"async\" loading=\"lazy\" srcset=\"https:\/\/www.belfoodservice.ch\/wp-content\/uploads\/2023\/02\/picture.16233361661-768x768.jpg 768w, https:\/\/www.belfoodservice.ch\/wp-content\/uploads\/2023\/02\/picture.16233361661-300x300.jpg 300w, https:\/\/www.belfoodservice.ch\/wp-content\/uploads\/2023\/02\/picture.16233361661-1024x1024.jpg 1024w, https:\/\/www.belfoodservice.ch\/wp-content\/uploads\/2023\/02\/picture.16233361661-150x150.jpg 150w, https:\/\/www.belfoodservice.ch\/wp-content\/uploads\/2023\/02\/picture.16233361661.jpg 1200w\" sizes=\"(max-width: 768px) 100vw, 768px\" \/>\t\t<\/a>\n\n\t\t<h3 class=\"product-title\"><a href=\"https:\/\/www.belfoodservice.ch\/de\/produkte\/cantafrais-nature\/\" rel=\"bookmark\">Cantafrais\u00ae Nature<\/a><\/h3>\n\t\t\t\t\t<div class=\"product-weight\">Gewicht: 500 g<\/div>\n\t\t\n\t\t\t\t\t<div class=\"product-delivery-unit\">VE: 1 Terrine \u00e0 500g<\/div>\n\t\t\n\t\t<a class=\"btn\" href=\"https:\/\/www.belfoodservice.ch\/de\/produkte\/cantafrais-nature\/\">Entdecken Sie das Produkt<\/a>\n\t<\/div>\n<\/div>\n\n\t\t\t\t\t\t\t<div class=\"col\">\n\t<div class=\"product product-block\">\n\t\t<a class=\"img-wrap\" href=\"https:\/\/www.belfoodservice.ch\/de\/produkte\/kiri-creme\/\">\n\t\t\t<img width=\"768\" height=\"768\" src=\"https:\/\/www.belfoodservice.ch\/wp-content\/uploads\/2023\/02\/picture.1623336165-768x768.jpg\" class=\"attachment-thumbnail_768 size-thumbnail_768 wp-post-image\" alt=\"\" decoding=\"async\" loading=\"lazy\" srcset=\"https:\/\/www.belfoodservice.ch\/wp-content\/uploads\/2023\/02\/picture.1623336165-768x768.jpg 768w, https:\/\/www.belfoodservice.ch\/wp-content\/uploads\/2023\/02\/picture.1623336165-300x300.jpg 300w, https:\/\/www.belfoodservice.ch\/wp-content\/uploads\/2023\/02\/picture.1623336165-1024x1024.jpg 1024w, https:\/\/www.belfoodservice.ch\/wp-content\/uploads\/2023\/02\/picture.1623336165-150x150.jpg 150w, https:\/\/www.belfoodservice.ch\/wp-content\/uploads\/2023\/02\/picture.1623336165.jpg 1200w\" sizes=\"(max-width: 768px) 100vw, 768px\" \/>\t\t<\/a>\n\n\t\t<h3 class=\"product-title\"><a href=\"https:\/\/www.belfoodservice.ch\/de\/produkte\/kiri-creme\/\" rel=\"bookmark\">Kiri\u00ae Cr\u00e8me<\/a><\/h3>\n\t\t\t\t\t<div class=\"product-weight\">Gewicht: 1.440 kg<\/div>\n\t\t\n\t\t\t\t\t<div class=\"product-delivery-unit\">VE: 1 Karton mit 80 Portionen \u00e0 18g<\/div>\n\t\t\n\t\t<a class=\"btn\" href=\"https:\/\/www.belfoodservice.ch\/de\/produkte\/kiri-creme\/\">Entdecken Sie das Produkt<\/a>\n\t<\/div>\n<\/div>\n\n\t\t\t\t\t\t\t<div class=\"col\">\n\t<div class=\"product product-block\">\n\t\t<a class=\"img-wrap\" href=\"https:\/\/www.belfoodservice.ch\/de\/produkte\/kiri-creme-block-1kg\/\">\n\t\t\t<img width=\"768\" height=\"356\" src=\"https:\/\/www.belfoodservice.ch\/wp-content\/uploads\/2024\/04\/Kiri\u00aeProfessional-Block-1kg-768x356.jpg\" class=\"attachment-thumbnail_768 size-thumbnail_768 wp-post-image\" alt=\"\" decoding=\"async\" loading=\"lazy\" srcset=\"https:\/\/www.belfoodservice.ch\/wp-content\/uploads\/2024\/04\/Kiri\u00aeProfessional-Block-1kg-768x356.jpg 768w, https:\/\/www.belfoodservice.ch\/wp-content\/uploads\/2024\/04\/Kiri\u00aeProfessional-Block-1kg-300x139.jpg 300w, https:\/\/www.belfoodservice.ch\/wp-content\/uploads\/2024\/04\/Kiri\u00aeProfessional-Block-1kg-1024x475.jpg 1024w, https:\/\/www.belfoodservice.ch\/wp-content\/uploads\/2024\/04\/Kiri\u00aeProfessional-Block-1kg-1536x712.jpg 1536w, https:\/\/www.belfoodservice.ch\/wp-content\/uploads\/2024\/04\/Kiri\u00aeProfessional-Block-1kg-2048x949.jpg 2048w, https:\/\/www.belfoodservice.ch\/wp-content\/uploads\/2024\/04\/Kiri\u00aeProfessional-Block-1kg-1920x890.jpg 1920w, https:\/\/www.belfoodservice.ch\/wp-content\/uploads\/2024\/04\/Kiri\u00aeProfessional-Block-1kg-100x46.jpg 100w, https:\/\/www.belfoodservice.ch\/wp-content\/uploads\/2024\/04\/Kiri\u00aeProfessional-Block-1kg-750x348.jpg 750w\" sizes=\"(max-width: 768px) 100vw, 768px\" \/>\t\t<\/a>\n\n\t\t<h3 class=\"product-title\"><a href=\"https:\/\/www.belfoodservice.ch\/de\/produkte\/kiri-creme-block-1kg\/\" rel=\"bookmark\">Kiri\u00ae Cr\u00e8me Professionnel Block 1kg<\/a><\/h3>\n\t\t\t\t\t<div class=\"product-weight\">Gewicht: 1kg<\/div>\n\t\t\n\t\t\t\t\t<div class=\"product-delivery-unit\">VE: 1 Karton mit 12 Blocks \u00e0 1kg<\/div>\n\t\t\n\t\t<a class=\"btn\" href=\"https:\/\/www.belfoodservice.ch\/de\/produkte\/kiri-creme-block-1kg\/\">Entdecken Sie das Produkt<\/a>\n\t<\/div>\n<\/div>\n\n\t\t\t\t\t\t\t<div class=\"col\">\n\t<div class=\"product product-block\">\n\t\t<a class=\"img-wrap\" href=\"https:\/\/www.belfoodservice.ch\/de\/produkte\/kiri-creme-2\/\">\n\t\t\t<img width=\"768\" height=\"768\" src=\"https:\/\/www.belfoodservice.ch\/wp-content\/uploads\/2023\/02\/picture.16233361662-768x768.jpg\" class=\"attachment-thumbnail_768 size-thumbnail_768 wp-post-image\" alt=\"\" decoding=\"async\" loading=\"lazy\" srcset=\"https:\/\/www.belfoodservice.ch\/wp-content\/uploads\/2023\/02\/picture.16233361662-768x768.jpg 768w, https:\/\/www.belfoodservice.ch\/wp-content\/uploads\/2023\/02\/picture.16233361662-300x300.jpg 300w, https:\/\/www.belfoodservice.ch\/wp-content\/uploads\/2023\/02\/picture.16233361662-1024x1024.jpg 1024w, https:\/\/www.belfoodservice.ch\/wp-content\/uploads\/2023\/02\/picture.16233361662-150x150.jpg 150w, https:\/\/www.belfoodservice.ch\/wp-content\/uploads\/2023\/02\/picture.16233361662.jpg 1200w\" sizes=\"(max-width: 768px) 100vw, 768px\" \/>\t\t<\/a>\n\n\t\t<h3 class=\"product-title\"><a href=\"https:\/\/www.belfoodservice.ch\/de\/produkte\/kiri-creme-2\/\" rel=\"bookmark\">Kiri\u00ae Cr\u00e8me<\/a><\/h3>\n\t\t\t\t\t<div class=\"product-weight\">Gewicht: 576 g<\/div>\n\t\t\n\t\t\t\t\t<div class=\"product-delivery-unit\">VE: 1 Karton mit 32 Portionen \u00e0 18g<\/div>\n\t\t\n\t\t<a class=\"btn\" href=\"https:\/\/www.belfoodservice.ch\/de\/produkte\/kiri-creme-2\/\">Entdecken Sie das Produkt<\/a>\n\t<\/div>\n<\/div>\n\n\t\t\t\t\t\t\t<div class=\"col\">\n\t<div class=\"product product-block\">\n\t\t<a class=\"img-wrap\" href=\"https:\/\/www.belfoodservice.ch\/de\/produkte\/alpenhain-rotter-klosterkase\/\">\n\t\t\t<img width=\"768\" height=\"432\" src=\"https:\/\/www.belfoodservice.ch\/wp-content\/uploads\/2023\/02\/2023.11._Alpenhain-Rotterkaese-Layout-mit-Laktosefrei-Icon-1-pdf.jpg\" class=\"attachment-thumbnail_768 size-thumbnail_768 wp-post-image\" alt=\"\" decoding=\"async\" loading=\"lazy\" \/>\t\t<\/a>\n\n\t\t<h3 class=\"product-title\"><a href=\"https:\/\/www.belfoodservice.ch\/de\/produkte\/alpenhain-rotter-klosterkase\/\" rel=\"bookmark\">Alpenhain\u00ae Rotter Klosterk\u00e4se<\/a><\/h3>\n\t\t\t\t\t<div class=\"product-weight\">Gewicht: 850 g<\/div>\n\t\t\n\t\t\t\t\t<div class=\"product-delivery-unit\">VE: 1 Block \u00e0 850g<\/div>\n\t\t\n\t\t<a class=\"btn\" href=\"https:\/\/www.belfoodservice.ch\/de\/produkte\/alpenhain-rotter-klosterkase\/\">Entdecken Sie das Produkt<\/a>\n\t<\/div>\n<\/div>\n\n\t\t\t\t\t\t\t<div class=\"col\">\n\t<div class=\"product product-block\">\n\t\t<a class=\"img-wrap\" href=\"https:\/\/www.belfoodservice.ch\/de\/produkte\/alpenhain-back-camembert-donuts-tiefgekuehlt\/\">\n\t\t\t<img width=\"768\" height=\"446\" src=\"https:\/\/www.belfoodservice.ch\/wp-content\/uploads\/2025\/09\/AH_Donuts_frei_Anschnitt-768x446.jpg\" class=\"attachment-thumbnail_768 size-thumbnail_768 wp-post-image\" alt=\"\" decoding=\"async\" loading=\"lazy\" srcset=\"https:\/\/www.belfoodservice.ch\/wp-content\/uploads\/2025\/09\/AH_Donuts_frei_Anschnitt-768x446.jpg 768w, https:\/\/www.belfoodservice.ch\/wp-content\/uploads\/2025\/09\/AH_Donuts_frei_Anschnitt-300x174.jpg 300w, https:\/\/www.belfoodservice.ch\/wp-content\/uploads\/2025\/09\/AH_Donuts_frei_Anschnitt-1024x595.jpg 1024w, https:\/\/www.belfoodservice.ch\/wp-content\/uploads\/2025\/09\/AH_Donuts_frei_Anschnitt-1536x892.jpg 1536w, https:\/\/www.belfoodservice.ch\/wp-content\/uploads\/2025\/09\/AH_Donuts_frei_Anschnitt-2048x1189.jpg 2048w, https:\/\/www.belfoodservice.ch\/wp-content\/uploads\/2025\/09\/AH_Donuts_frei_Anschnitt-1920x1115.jpg 1920w, https:\/\/www.belfoodservice.ch\/wp-content\/uploads\/2025\/09\/AH_Donuts_frei_Anschnitt-100x58.jpg 100w, https:\/\/www.belfoodservice.ch\/wp-content\/uploads\/2025\/09\/AH_Donuts_frei_Anschnitt-750x436.jpg 750w\" sizes=\"(max-width: 768px) 100vw, 768px\" \/>\t\t<\/a>\n\n\t\t<h3 class=\"product-title\"><a href=\"https:\/\/www.belfoodservice.ch\/de\/produkte\/alpenhain-back-camembert-donuts-tiefgekuehlt\/\" rel=\"bookmark\">Alpenhain\u00ae Back-Camembert Donuts, tiefgek\u00fchlt<\/a><\/h3>\n\t\t\t\t\t<div class=\"product-weight\">Gewicht: 2.250 kg<\/div>\n\t\t\n\t\t\t\t\t<div class=\"product-delivery-unit\">VE: 1 Karton \u00e0 2.250kg mit ca. 90Stk. \u00e0 25g<\/div>\n\t\t\n\t\t<a class=\"btn\" href=\"https:\/\/www.belfoodservice.ch\/de\/produkte\/alpenhain-back-camembert-donuts-tiefgekuehlt\/\">Entdecken Sie das Produkt<\/a>\n\t<\/div>\n<\/div>\n\n\t\t\t\t\t\t\t<div class=\"col\">\n\t<div class=\"product product-block\">\n\t\t<a class=\"img-wrap\" href=\"https:\/\/www.belfoodservice.ch\/de\/produkte\/alpenhain-tomaten-mozzarella-bites-tiefgekuehlt\/\">\n\t\t\t<img width=\"768\" height=\"535\" src=\"https:\/\/www.belfoodservice.ch\/wp-content\/uploads\/2025\/09\/AH_MozzarelleBalls_frei_Anschnitt-768x535.jpg\" class=\"attachment-thumbnail_768 size-thumbnail_768 wp-post-image\" alt=\"\" decoding=\"async\" loading=\"lazy\" srcset=\"https:\/\/www.belfoodservice.ch\/wp-content\/uploads\/2025\/09\/AH_MozzarelleBalls_frei_Anschnitt-768x535.jpg 768w, https:\/\/www.belfoodservice.ch\/wp-content\/uploads\/2025\/09\/AH_MozzarelleBalls_frei_Anschnitt-300x209.jpg 300w, https:\/\/www.belfoodservice.ch\/wp-content\/uploads\/2025\/09\/AH_MozzarelleBalls_frei_Anschnitt-1024x714.jpg 1024w, https:\/\/www.belfoodservice.ch\/wp-content\/uploads\/2025\/09\/AH_MozzarelleBalls_frei_Anschnitt-1536x1071.jpg 1536w, https:\/\/www.belfoodservice.ch\/wp-content\/uploads\/2025\/09\/AH_MozzarelleBalls_frei_Anschnitt-2048x1427.jpg 2048w, https:\/\/www.belfoodservice.ch\/wp-content\/uploads\/2025\/09\/AH_MozzarelleBalls_frei_Anschnitt-1920x1338.jpg 1920w, https:\/\/www.belfoodservice.ch\/wp-content\/uploads\/2025\/09\/AH_MozzarelleBalls_frei_Anschnitt-100x70.jpg 100w, https:\/\/www.belfoodservice.ch\/wp-content\/uploads\/2025\/09\/AH_MozzarelleBalls_frei_Anschnitt-750x523.jpg 750w\" sizes=\"(max-width: 768px) 100vw, 768px\" \/>\t\t<\/a>\n\n\t\t<h3 class=\"product-title\"><a href=\"https:\/\/www.belfoodservice.ch\/de\/produkte\/alpenhain-tomaten-mozzarella-bites-tiefgekuehlt\/\" rel=\"bookmark\">Alpenhain\u00ae Tomaten-Mozzarella Bites, tiefgek\u00fchlt<\/a><\/h3>\n\t\t\t\t\t<div class=\"product-weight\">Gewicht: 2.250 kg<\/div>\n\t\t\n\t\t\t\t\t<div class=\"product-delivery-unit\">VE: 1 Karton \u00e0 2.250kg mit ca. 150 Stk. \u00e0 15g<\/div>\n\t\t\n\t\t<a class=\"btn\" href=\"https:\/\/www.belfoodservice.ch\/de\/produkte\/alpenhain-tomaten-mozzarella-bites-tiefgekuehlt\/\">Entdecken Sie das Produkt<\/a>\n\t<\/div>\n<\/div>\n\n\t\t\t\t\t\t\t<div class=\"col\">\n\t<div class=\"product product-block\">\n\t\t<a class=\"img-wrap\" href=\"https:\/\/www.belfoodservice.ch\/de\/produkte\/alpenhain-camembert-pane\/\">\n\t\t\t<img width=\"768\" height=\"768\" src=\"https:\/\/www.belfoodservice.ch\/wp-content\/uploads\/2023\/02\/picture.16233361694-768x768.jpg\" class=\"attachment-thumbnail_768 size-thumbnail_768 wp-post-image\" alt=\"\" decoding=\"async\" loading=\"lazy\" srcset=\"https:\/\/www.belfoodservice.ch\/wp-content\/uploads\/2023\/02\/picture.16233361694-768x768.jpg 768w, https:\/\/www.belfoodservice.ch\/wp-content\/uploads\/2023\/02\/picture.16233361694-300x300.jpg 300w, https:\/\/www.belfoodservice.ch\/wp-content\/uploads\/2023\/02\/picture.16233361694-150x150.jpg 150w, https:\/\/www.belfoodservice.ch\/wp-content\/uploads\/2023\/02\/picture.16233361694.jpg 785w\" sizes=\"(max-width: 768px) 100vw, 768px\" \/>\t\t<\/a>\n\n\t\t<h3 class=\"product-title\"><a href=\"https:\/\/www.belfoodservice.ch\/de\/produkte\/alpenhain-camembert-pane\/\" rel=\"bookmark\">Alpenhain\u00ae Back-Camembert<\/a><\/h3>\n\t\t\t\t\t<div class=\"product-weight\">Gewicht: 2.250 kg<\/div>\n\t\t\n\t\t\t\t\t<div class=\"product-delivery-unit\">VE: 1 Karton mit 30 Portionen \u00e0 75g<\/div>\n\t\t\n\t\t<a class=\"btn\" href=\"https:\/\/www.belfoodservice.ch\/de\/produkte\/alpenhain-camembert-pane\/\">Entdecken Sie das Produkt<\/a>\n\t<\/div>\n<\/div>\n\n\t\t\t\t\t\t\t<div class=\"col\">\n\t<div class=\"product product-block\">\n\t\t<a class=\"img-wrap\" href=\"https:\/\/www.belfoodservice.ch\/de\/produkte\/la-vache-qui-rit\/\">\n\t\t\t<img width=\"768\" height=\"768\" src=\"https:\/\/www.belfoodservice.ch\/wp-content\/uploads\/2023\/02\/251967-03_76XXXXXX_ETQ_FDS_ORIGI_175G_VUE_BIAIS_FR_BE_CH_NL_3D-768x768.jpg\" class=\"attachment-thumbnail_768 size-thumbnail_768 wp-post-image\" alt=\"\" decoding=\"async\" loading=\"lazy\" srcset=\"https:\/\/www.belfoodservice.ch\/wp-content\/uploads\/2023\/02\/251967-03_76XXXXXX_ETQ_FDS_ORIGI_175G_VUE_BIAIS_FR_BE_CH_NL_3D-768x768.jpg 768w, https:\/\/www.belfoodservice.ch\/wp-content\/uploads\/2023\/02\/251967-03_76XXXXXX_ETQ_FDS_ORIGI_175G_VUE_BIAIS_FR_BE_CH_NL_3D-300x300.jpg 300w, https:\/\/www.belfoodservice.ch\/wp-content\/uploads\/2023\/02\/251967-03_76XXXXXX_ETQ_FDS_ORIGI_175G_VUE_BIAIS_FR_BE_CH_NL_3D-1024x1024.jpg 1024w, https:\/\/www.belfoodservice.ch\/wp-content\/uploads\/2023\/02\/251967-03_76XXXXXX_ETQ_FDS_ORIGI_175G_VUE_BIAIS_FR_BE_CH_NL_3D-150x150.jpg 150w, https:\/\/www.belfoodservice.ch\/wp-content\/uploads\/2023\/02\/251967-03_76XXXXXX_ETQ_FDS_ORIGI_175G_VUE_BIAIS_FR_BE_CH_NL_3D-100x100.jpg 100w, https:\/\/www.belfoodservice.ch\/wp-content\/uploads\/2023\/02\/251967-03_76XXXXXX_ETQ_FDS_ORIGI_175G_VUE_BIAIS_FR_BE_CH_NL_3D-530x530.jpg 530w, https:\/\/www.belfoodservice.ch\/wp-content\/uploads\/2023\/02\/251967-03_76XXXXXX_ETQ_FDS_ORIGI_175G_VUE_BIAIS_FR_BE_CH_NL_3D-750x750.jpg 750w, https:\/\/www.belfoodservice.ch\/wp-content\/uploads\/2023\/02\/251967-03_76XXXXXX_ETQ_FDS_ORIGI_175G_VUE_BIAIS_FR_BE_CH_NL_3D-500x500.jpg 500w, https:\/\/www.belfoodservice.ch\/wp-content\/uploads\/2023\/02\/251967-03_76XXXXXX_ETQ_FDS_ORIGI_175G_VUE_BIAIS_FR_BE_CH_NL_3D.jpg 1250w\" sizes=\"(max-width: 768px) 100vw, 768px\" \/>\t\t<\/a>\n\n\t\t<h3 class=\"product-title\"><a href=\"https:\/\/www.belfoodservice.ch\/de\/produkte\/la-vache-qui-rit\/\" rel=\"bookmark\">La Vache qui rit\u00ae<\/a><\/h3>\n\t\t\t\t\t<div class=\"product-weight\">Gewicht: 1.400 kg<\/div>\n\t\t\n\t\t\t\t\t<div class=\"product-delivery-unit\">VE: 1 Karton mit 80 Portionen \u00e0 17.5g<\/div>\n\t\t\n\t\t<a class=\"btn\" href=\"https:\/\/www.belfoodservice.ch\/de\/produkte\/la-vache-qui-rit\/\">Entdecken Sie das Produkt<\/a>\n\t<\/div>\n<\/div>\n\n\t\t\t\t\t\t\t<div class=\"col\">\n\t<div class=\"product product-block\">\n\t\t<a class=\"img-wrap\" href=\"https:\/\/www.belfoodservice.ch\/de\/produkte\/la-vache-qui-rit-legere\/\">\n\t\t\t<img width=\"768\" height=\"768\" src=\"https:\/\/www.belfoodservice.ch\/wp-content\/uploads\/2023\/02\/251661-02_76062605_ETQ_FDS_LIGHT_17.5G_FDS_-_VUE_FACE_EU_3D-768x768.jpg\" class=\"attachment-thumbnail_768 size-thumbnail_768 wp-post-image\" alt=\"\" decoding=\"async\" loading=\"lazy\" srcset=\"https:\/\/www.belfoodservice.ch\/wp-content\/uploads\/2023\/02\/251661-02_76062605_ETQ_FDS_LIGHT_17.5G_FDS_-_VUE_FACE_EU_3D-768x768.jpg 768w, https:\/\/www.belfoodservice.ch\/wp-content\/uploads\/2023\/02\/251661-02_76062605_ETQ_FDS_LIGHT_17.5G_FDS_-_VUE_FACE_EU_3D-300x300.jpg 300w, https:\/\/www.belfoodservice.ch\/wp-content\/uploads\/2023\/02\/251661-02_76062605_ETQ_FDS_LIGHT_17.5G_FDS_-_VUE_FACE_EU_3D-1024x1024.jpg 1024w, https:\/\/www.belfoodservice.ch\/wp-content\/uploads\/2023\/02\/251661-02_76062605_ETQ_FDS_LIGHT_17.5G_FDS_-_VUE_FACE_EU_3D-150x150.jpg 150w, https:\/\/www.belfoodservice.ch\/wp-content\/uploads\/2023\/02\/251661-02_76062605_ETQ_FDS_LIGHT_17.5G_FDS_-_VUE_FACE_EU_3D-100x100.jpg 100w, https:\/\/www.belfoodservice.ch\/wp-content\/uploads\/2023\/02\/251661-02_76062605_ETQ_FDS_LIGHT_17.5G_FDS_-_VUE_FACE_EU_3D-530x530.jpg 530w, https:\/\/www.belfoodservice.ch\/wp-content\/uploads\/2023\/02\/251661-02_76062605_ETQ_FDS_LIGHT_17.5G_FDS_-_VUE_FACE_EU_3D-750x750.jpg 750w, https:\/\/www.belfoodservice.ch\/wp-content\/uploads\/2023\/02\/251661-02_76062605_ETQ_FDS_LIGHT_17.5G_FDS_-_VUE_FACE_EU_3D-500x500.jpg 500w, https:\/\/www.belfoodservice.ch\/wp-content\/uploads\/2023\/02\/251661-02_76062605_ETQ_FDS_LIGHT_17.5G_FDS_-_VUE_FACE_EU_3D.jpg 1250w\" sizes=\"(max-width: 768px) 100vw, 768px\" \/>\t\t<\/a>\n\n\t\t<h3 class=\"product-title\"><a href=\"https:\/\/www.belfoodservice.ch\/de\/produkte\/la-vache-qui-rit-legere\/\" rel=\"bookmark\">La Vache qui rit\u00ae light<\/a><\/h3>\n\t\t\t\t\t<div class=\"product-weight\">Gewicht: 1.400 kg<\/div>\n\t\t\n\t\t\t\t\t<div class=\"product-delivery-unit\">VE: 1 Karton mit 80 Portionen \u00e0 17.5g<\/div>\n\t\t\n\t\t<a class=\"btn\" href=\"https:\/\/www.belfoodservice.ch\/de\/produkte\/la-vache-qui-rit-legere\/\">Entdecken Sie das Produkt<\/a>\n\t<\/div>\n<\/div>\n\n\t\t\t\t\t\t\t<div class=\"col\">\n\t<div class=\"product product-block\">\n\t\t<a class=\"img-wrap\" href=\"https:\/\/www.belfoodservice.ch\/de\/produkte\/assortiment-de-fromages-a-tartiner\/\">\n\t\t\t<img width=\"768\" height=\"544\" src=\"https:\/\/www.belfoodservice.ch\/wp-content\/uploads\/2023\/02\/NEU_Streichkaese_Auswahl_ab2023-mit-Cantadou-768x544.jpg\" class=\"attachment-thumbnail_768 size-thumbnail_768 wp-post-image\" alt=\"\" decoding=\"async\" loading=\"lazy\" srcset=\"https:\/\/www.belfoodservice.ch\/wp-content\/uploads\/2023\/02\/NEU_Streichkaese_Auswahl_ab2023-mit-Cantadou-768x544.jpg 768w, https:\/\/www.belfoodservice.ch\/wp-content\/uploads\/2023\/02\/NEU_Streichkaese_Auswahl_ab2023-mit-Cantadou-300x213.jpg 300w, https:\/\/www.belfoodservice.ch\/wp-content\/uploads\/2023\/02\/NEU_Streichkaese_Auswahl_ab2023-mit-Cantadou-1024x725.jpg 1024w, https:\/\/www.belfoodservice.ch\/wp-content\/uploads\/2023\/02\/NEU_Streichkaese_Auswahl_ab2023-mit-Cantadou-1536x1088.jpg 1536w, https:\/\/www.belfoodservice.ch\/wp-content\/uploads\/2023\/02\/NEU_Streichkaese_Auswahl_ab2023-mit-Cantadou-2048x1451.jpg 2048w, https:\/\/www.belfoodservice.ch\/wp-content\/uploads\/2023\/02\/NEU_Streichkaese_Auswahl_ab2023-mit-Cantadou-1920x1360.jpg 1920w, https:\/\/www.belfoodservice.ch\/wp-content\/uploads\/2023\/02\/NEU_Streichkaese_Auswahl_ab2023-mit-Cantadou-100x71.jpg 100w, https:\/\/www.belfoodservice.ch\/wp-content\/uploads\/2023\/02\/NEU_Streichkaese_Auswahl_ab2023-mit-Cantadou-750x531.jpg 750w\" sizes=\"(max-width: 768px) 100vw, 768px\" \/>\t\t<\/a>\n\n\t\t<h3 class=\"product-title\"><a href=\"https:\/\/www.belfoodservice.ch\/de\/produkte\/assortiment-de-fromages-a-tartiner\/\" rel=\"bookmark\">Streichk\u00e4se-Auswahl<\/a><\/h3>\n\t\t\t\t\t<div class=\"product-weight\">Gewicht: 2.165kg<\/div>\n\t\t\n\t\t\t\t\t<div class=\"product-delivery-unit\">VE: 1 Karton mit 120 Portionen<\/div>\n\t\t\n\t\t<a class=\"btn\" href=\"https:\/\/www.belfoodservice.ch\/de\/produkte\/assortiment-de-fromages-a-tartiner\/\">Entdecken Sie das Produkt<\/a>\n\t<\/div>\n<\/div>\n\n\t\t\t\t\t\t\t<div class=\"col\">\n\t<div class=\"product product-block\">\n\t\t<a class=\"img-wrap\" href=\"https:\/\/www.belfoodservice.ch\/de\/produkte\/mini-babybel\/\">\n\t\t\t<img width=\"768\" height=\"768\" src=\"https:\/\/www.belfoodservice.ch\/wp-content\/uploads\/2023\/02\/picture.1623336171-768x768.jpg\" class=\"attachment-thumbnail_768 size-thumbnail_768 wp-post-image\" alt=\"\" decoding=\"async\" loading=\"lazy\" srcset=\"https:\/\/www.belfoodservice.ch\/wp-content\/uploads\/2023\/02\/picture.1623336171-768x768.jpg 768w, https:\/\/www.belfoodservice.ch\/wp-content\/uploads\/2023\/02\/picture.1623336171-300x300.jpg 300w, https:\/\/www.belfoodservice.ch\/wp-content\/uploads\/2023\/02\/picture.1623336171-1024x1024.jpg 1024w, https:\/\/www.belfoodservice.ch\/wp-content\/uploads\/2023\/02\/picture.1623336171-150x150.jpg 150w, https:\/\/www.belfoodservice.ch\/wp-content\/uploads\/2023\/02\/picture.1623336171.jpg 1200w\" sizes=\"(max-width: 768px) 100vw, 768px\" \/>\t\t<\/a>\n\n\t\t<h3 class=\"product-title\"><a href=\"https:\/\/www.belfoodservice.ch\/de\/produkte\/mini-babybel\/\" rel=\"bookmark\">Mini Babybel\u00ae<\/a><\/h3>\n\t\t\t\t\t<div class=\"product-weight\">Gewicht: 1.920 kg<\/div>\n\t\t\n\t\t\t\t\t<div class=\"product-delivery-unit\">VE: 1 Karton mit 96 Portionen \u00e0 20g<\/div>\n\t\t\n\t\t<a class=\"btn\" href=\"https:\/\/www.belfoodservice.ch\/de\/produkte\/mini-babybel\/\">Entdecken Sie das Produkt<\/a>\n\t<\/div>\n<\/div>\n\n\t\t\t\t\t\t\t<div class=\"col\">\n\t<div class=\"product product-block\">\n\t\t<a class=\"img-wrap\" href=\"https:\/\/www.belfoodservice.ch\/de\/produkte\/mini-babybel-vegan\/\">\n\t\t\t<img width=\"768\" height=\"768\" src=\"https:\/\/www.belfoodservice.ch\/wp-content\/uploads\/2023\/04\/mini-babybel-vegan-768x768.jpg\" class=\"attachment-thumbnail_768 size-thumbnail_768 wp-post-image\" alt=\"\" decoding=\"async\" loading=\"lazy\" srcset=\"https:\/\/www.belfoodservice.ch\/wp-content\/uploads\/2023\/04\/mini-babybel-vegan-768x768.jpg 768w, https:\/\/www.belfoodservice.ch\/wp-content\/uploads\/2023\/04\/mini-babybel-vegan-300x300.jpg 300w, https:\/\/www.belfoodservice.ch\/wp-content\/uploads\/2023\/04\/mini-babybel-vegan-1024x1024.jpg 1024w, https:\/\/www.belfoodservice.ch\/wp-content\/uploads\/2023\/04\/mini-babybel-vegan-150x150.jpg 150w, https:\/\/www.belfoodservice.ch\/wp-content\/uploads\/2023\/04\/mini-babybel-vegan-100x100.jpg 100w, https:\/\/www.belfoodservice.ch\/wp-content\/uploads\/2023\/04\/mini-babybel-vegan-530x530.jpg 530w, https:\/\/www.belfoodservice.ch\/wp-content\/uploads\/2023\/04\/mini-babybel-vegan-750x750.jpg 750w, https:\/\/www.belfoodservice.ch\/wp-content\/uploads\/2023\/04\/mini-babybel-vegan-500x500.jpg 500w, https:\/\/www.belfoodservice.ch\/wp-content\/uploads\/2023\/04\/mini-babybel-vegan.jpg 1200w\" sizes=\"(max-width: 768px) 100vw, 768px\" \/>\t\t<\/a>\n\n\t\t<h3 class=\"product-title\"><a href=\"https:\/\/www.belfoodservice.ch\/de\/produkte\/mini-babybel-vegan\/\" rel=\"bookmark\">Mini Babybel\u00ae Vegan<\/a><\/h3>\n\t\t\t\t\t<div class=\"product-weight\">Gewicht: 100g<\/div>\n\t\t\n\t\t\t\t\t<div class=\"product-delivery-unit\">VE: 1 Karton \u00e0  8 Beutel \u00e0 5x20g<\/div>\n\t\t\n\t\t<a class=\"btn\" href=\"https:\/\/www.belfoodservice.ch\/de\/produkte\/mini-babybel-vegan\/\">Entdecken Sie das Produkt<\/a>\n\t<\/div>\n<\/div>\n\n\t\t\t\t\t\t\t<div class=\"col\">\n\t<div class=\"product product-block\">\n\t\t<a class=\"img-wrap\" href=\"https:\/\/www.belfoodservice.ch\/de\/produkte\/coffret-mini-babybel\/\">\n\t\t\t<img width=\"768\" height=\"768\" src=\"https:\/\/www.belfoodservice.ch\/wp-content\/uploads\/2023\/02\/BEL-P1732-PACKSHOT-CARTON-MBY-3D-BIS-768x768.png\" class=\"attachment-thumbnail_768 size-thumbnail_768 wp-post-image\" alt=\"\" decoding=\"async\" loading=\"lazy\" srcset=\"https:\/\/www.belfoodservice.ch\/wp-content\/uploads\/2023\/02\/BEL-P1732-PACKSHOT-CARTON-MBY-3D-BIS-768x768.png 768w, https:\/\/www.belfoodservice.ch\/wp-content\/uploads\/2023\/02\/BEL-P1732-PACKSHOT-CARTON-MBY-3D-BIS-300x300.png 300w, https:\/\/www.belfoodservice.ch\/wp-content\/uploads\/2023\/02\/BEL-P1732-PACKSHOT-CARTON-MBY-3D-BIS-1024x1024.png 1024w, https:\/\/www.belfoodservice.ch\/wp-content\/uploads\/2023\/02\/BEL-P1732-PACKSHOT-CARTON-MBY-3D-BIS-150x150.png 150w, https:\/\/www.belfoodservice.ch\/wp-content\/uploads\/2023\/02\/BEL-P1732-PACKSHOT-CARTON-MBY-3D-BIS-1536x1536.png 1536w, https:\/\/www.belfoodservice.ch\/wp-content\/uploads\/2023\/02\/BEL-P1732-PACKSHOT-CARTON-MBY-3D-BIS-100x100.png 100w, https:\/\/www.belfoodservice.ch\/wp-content\/uploads\/2023\/02\/BEL-P1732-PACKSHOT-CARTON-MBY-3D-BIS-530x530.png 530w, https:\/\/www.belfoodservice.ch\/wp-content\/uploads\/2023\/02\/BEL-P1732-PACKSHOT-CARTON-MBY-3D-BIS-750x750.png 750w, https:\/\/www.belfoodservice.ch\/wp-content\/uploads\/2023\/02\/BEL-P1732-PACKSHOT-CARTON-MBY-3D-BIS-500x500.png 500w, https:\/\/www.belfoodservice.ch\/wp-content\/uploads\/2023\/02\/BEL-P1732-PACKSHOT-CARTON-MBY-3D-BIS.png 1667w\" sizes=\"(max-width: 768px) 100vw, 768px\" \/>\t\t<\/a>\n\n\t\t<h3 class=\"product-title\"><a href=\"https:\/\/www.belfoodservice.ch\/de\/produkte\/coffret-mini-babybel\/\" rel=\"bookmark\">Mini Babybel\u00ae<\/a><\/h3>\n\t\t\t\t\t<div class=\"product-weight\">Gewicht: 640 g<\/div>\n\t\t\n\t\t\t\t\t<div class=\"product-delivery-unit\">VE: Formateinheit : 1 Karton mit 32 Portionen \u00e0 20g<\/div>\n\t\t\n\t\t<a class=\"btn\" href=\"https:\/\/www.belfoodservice.ch\/de\/produkte\/coffret-mini-babybel\/\">Entdecken Sie das Produkt<\/a>\n\t<\/div>\n<\/div>\n\n\t\t\t\t\t\t\t<div class=\"col\">\n\t<div class=\"product product-block\">\n\t\t<a class=\"img-wrap\" href=\"https:\/\/www.belfoodservice.ch\/de\/produkte\/six-de-savoie\/\">\n\t\t\t<img width=\"768\" height=\"768\" src=\"https:\/\/www.belfoodservice.ch\/wp-content\/uploads\/2023\/02\/picture16233361718-768x768.jpeg\" class=\"attachment-thumbnail_768 size-thumbnail_768 wp-post-image\" alt=\"\" decoding=\"async\" loading=\"lazy\" srcset=\"https:\/\/www.belfoodservice.ch\/wp-content\/uploads\/2023\/02\/picture16233361718-768x768.jpeg 768w, https:\/\/www.belfoodservice.ch\/wp-content\/uploads\/2023\/02\/picture16233361718-300x300.jpeg 300w, https:\/\/www.belfoodservice.ch\/wp-content\/uploads\/2023\/02\/picture16233361718-1024x1024.jpeg 1024w, https:\/\/www.belfoodservice.ch\/wp-content\/uploads\/2023\/02\/picture16233361718-150x150.jpeg 150w, https:\/\/www.belfoodservice.ch\/wp-content\/uploads\/2023\/02\/picture16233361718-100x100.jpeg 100w, https:\/\/www.belfoodservice.ch\/wp-content\/uploads\/2023\/02\/picture16233361718-530x530.jpeg 530w, https:\/\/www.belfoodservice.ch\/wp-content\/uploads\/2023\/02\/picture16233361718-750x750.jpeg 750w, https:\/\/www.belfoodservice.ch\/wp-content\/uploads\/2023\/02\/picture16233361718-500x500.jpeg 500w, https:\/\/www.belfoodservice.ch\/wp-content\/uploads\/2023\/02\/picture16233361718.jpeg 1200w\" sizes=\"(max-width: 768px) 100vw, 768px\" \/>\t\t<\/a>\n\n\t\t<h3 class=\"product-title\"><a href=\"https:\/\/www.belfoodservice.ch\/de\/produkte\/six-de-savoie\/\" rel=\"bookmark\">Six de Savoie\u00ae<\/a><\/h3>\n\t\t\t\t\t<div class=\"product-weight\">Gewicht: 1.600 kg<\/div>\n\t\t\n\t\t\t\t\t<div class=\"product-delivery-unit\">VE: 1 Karton mit 80 Portionen \u00e0 20g<\/div>\n\t\t\n\t\t<a class=\"btn\" href=\"https:\/\/www.belfoodservice.ch\/de\/produkte\/six-de-savoie\/\">Entdecken Sie das Produkt<\/a>\n\t<\/div>\n<\/div>\n\n\t\t\t\t\t\t\t<div class=\"col\">\n\t<div class=\"product product-block\">\n\t\t<a class=\"img-wrap\" href=\"https:\/\/www.belfoodservice.ch\/de\/produkte\/xetabel-100-lait-de-brebis\/\">\n\t\t\t<img width=\"768\" height=\"768\" src=\"https:\/\/www.belfoodservice.ch\/wp-content\/uploads\/2023\/02\/picture.16233361709-768x768.jpg\" class=\"attachment-thumbnail_768 size-thumbnail_768 wp-post-image\" alt=\"\" decoding=\"async\" loading=\"lazy\" srcset=\"https:\/\/www.belfoodservice.ch\/wp-content\/uploads\/2023\/02\/picture.16233361709-768x768.jpg 768w, https:\/\/www.belfoodservice.ch\/wp-content\/uploads\/2023\/02\/picture.16233361709-300x300.jpg 300w, https:\/\/www.belfoodservice.ch\/wp-content\/uploads\/2023\/02\/picture.16233361709-150x150.jpg 150w, https:\/\/www.belfoodservice.ch\/wp-content\/uploads\/2023\/02\/picture.16233361709.jpg 785w\" sizes=\"(max-width: 768px) 100vw, 768px\" \/>\t\t<\/a>\n\n\t\t<h3 class=\"product-title\"><a href=\"https:\/\/www.belfoodservice.ch\/de\/produkte\/xetabel-100-lait-de-brebis\/\" rel=\"bookmark\">Xetabel\u00ae 100% Schafmilch<\/a><\/h3>\n\t\t\t\t\t<div class=\"product-weight\">Gewicht: 2.000 kg<\/div>\n\t\t\n\t\t\t\t\t<div class=\"product-delivery-unit\">VE: 1 Block \u00e0 2.000 kg<\/div>\n\t\t\n\t\t<a class=\"btn\" href=\"https:\/\/www.belfoodservice.ch\/de\/produkte\/xetabel-100-lait-de-brebis\/\">Entdecken Sie das Produkt<\/a>\n\t<\/div>\n<\/div>\n\n\t\t\t\n\t\t\t\t\t\t\t\t\t\t\t<div class=\"posts-more\">\n\t\t\t\t\t<a class=\"load-more btn\" href=\"https:\/\/www.belfoodservice.ch\/wp-admin\/admin-ajax.php?action=load_products&#038;paged=2&#038;number-posts=20\">Mehr laden<\/a>\n\t\t\t\t<\/div>\n\t\t\t\t\t\t\t\t<\/div>\n\t<\/div>\n\t<\/div>\n<\/section>\n\n\n\n\n\t<section id=\"block_4c8bfaf09bc0fc738c77a6b79c06d935\" class=\"brands-section\">\n\t\t<div class=\"brands-carousel\">\n\t\t\t\t\t\t\t\t\t\t\t\t\t\t\t\t<div class=\"slide\">\n\t\t\t\t\t\t\t\t\t\t\t\t\t<a href=\"https:\/\/www.belfoodservice.ch\/de\/marque-alpenhain\/\">\n\t\t\t\t\t\t\t\t<img width=\"300\" height=\"166\" src=\"https:\/\/www.belfoodservice.ch\/wp-content\/uploads\/2023\/02\/marque-alpenhain.jpg\" class=\"attachment-thumbnail_768 size-thumbnail_768\" alt=\"\" decoding=\"async\" loading=\"lazy\" \/>\t\t\t\t\t\t\t<\/a>\n\t\t\t\t\t\t\t\t\t\t\t<\/div>\n\t\t\t\t\t\t\t\t\t\t\t\t\t\t\t\t\t\t\t\t<div class=\"slide\">\n\t\t\t\t\t\t\t\t\t\t\t\t\t<a href=\"https:\/\/www.belfoodservice.ch\/de\/marque-babybel\/\">\n\t\t\t\t\t\t\t\t<img width=\"300\" height=\"262\" src=\"https:\/\/www.belfoodservice.ch\/wp-content\/uploads\/2023\/05\/marque-mini-babybel.png\" class=\"attachment-thumbnail_768 size-thumbnail_768\" alt=\"\" decoding=\"async\" loading=\"lazy\" srcset=\"https:\/\/www.belfoodservice.ch\/wp-content\/uploads\/2023\/05\/marque-mini-babybel.png 300w, https:\/\/www.belfoodservice.ch\/wp-content\/uploads\/2023\/05\/marque-mini-babybel-100x87.png 100w\" sizes=\"(max-width: 300px) 100vw, 300px\" \/>\t\t\t\t\t\t\t<\/a>\n\t\t\t\t\t\t\t\t\t\t\t<\/div>\n\t\t\t\t\t\t\t\t\t\t\t\t\t\t\t\t\t\t\t\t<div class=\"slide\">\n\t\t\t\t\t\t\t\t\t\t\t\t\t<a href=\"https:\/\/www.belfoodservice.ch\/de\/marque-cantadou\/\">\n\t\t\t\t\t\t\t\t<img width=\"300\" height=\"120\" src=\"https:\/\/www.belfoodservice.ch\/wp-content\/uploads\/2023\/02\/marque-cantadou.jpg\" class=\"attachment-thumbnail_768 size-thumbnail_768\" alt=\"\" decoding=\"async\" loading=\"lazy\" \/>\t\t\t\t\t\t\t<\/a>\n\t\t\t\t\t\t\t\t\t\t\t<\/div>\n\t\t\t\t\t\t\t\t\t\t\t\t\t\t\t\t\t\t\t\t<div class=\"slide\">\n\t\t\t\t\t\t\t\t\t\t\t\t\t<a href=\"https:\/\/www.belfoodservice.ch\/de\/marque-kiri\/\">\n\t\t\t\t\t\t\t\t<img width=\"300\" height=\"180\" src=\"https:\/\/www.belfoodservice.ch\/wp-content\/uploads\/2023\/02\/marque-kiri.jpg\" class=\"attachment-thumbnail_768 size-thumbnail_768\" alt=\"\" decoding=\"async\" loading=\"lazy\" \/>\t\t\t\t\t\t\t<\/a>\n\t\t\t\t\t\t\t\t\t\t\t<\/div>\n\t\t\t\t\t\t\t\t\t\t\t\t\t\t\t\t\t\t\t\t<div class=\"slide\">\n\t\t\t\t\t\t\t\t\t\t\t\t\t<a href=\"https:\/\/www.belfoodservice.ch\/de\/marque-vache-qui-rit\/\">\n\t\t\t\t\t\t\t\t<img width=\"300\" height=\"220\" src=\"https:\/\/www.belfoodservice.ch\/wp-content\/uploads\/2023\/02\/marque-lvqr.jpg\" class=\"attachment-thumbnail_768 size-thumbnail_768\" alt=\"\" decoding=\"async\" loading=\"lazy\" \/>\t\t\t\t\t\t\t<\/a>\n\t\t\t\t\t\t\t\t\t\t\t<\/div>\n\t\t\t\t\t\t\t\t\t\t\t\t\t\t\t\t\t\t\t\t<div class=\"slide\">\n\t\t\t\t\t\t\t\t\t\t\t\t\t<a href=\"https:\/\/www.belfoodservice.ch\/de\/marque-cantafrais\/\">\n\t\t\t\t\t\t\t\t<img width=\"300\" height=\"112\" src=\"https:\/\/www.belfoodservice.ch\/wp-content\/uploads\/2023\/02\/marque-cantafrais.jpg\" class=\"attachment-thumbnail_768 size-thumbnail_768\" alt=\"\" decoding=\"async\" loading=\"lazy\" \/>\t\t\t\t\t\t\t<\/a>\n\t\t\t\t\t\t\t\t\t\t\t<\/div>\n\t\t\t\t\t\t\t\t\t\t\t\t\t\t\t\t\t\t\t\t<div class=\"slide\">\n\t\t\t\t\t\t\t\t\t\t\t\t\t<img width=\"85\" height=\"85\" src=\"https:\/\/www.belfoodservice.ch\/wp-content\/uploads\/2023\/02\/maria-grimal.png\" class=\"attachment-thumbnail_768 size-thumbnail_768\" alt=\"\" decoding=\"async\" loading=\"lazy\" \/>\t\t\t\t\t\t\t\t\t\t\t<\/div>\n\t\t\t\t\t\t\t\t\t\t\t\t\t\t\t\t\t\t\t\t<div class=\"slide\">\n\t\t\t\t\t\t\t\t\t\t\t\t\t<img width=\"123\" height=\"52\" src=\"https:\/\/www.belfoodservice.ch\/wp-content\/uploads\/2023\/02\/xetabel.png\" class=\"attachment-thumbnail_768 size-thumbnail_768\" alt=\"\" decoding=\"async\" loading=\"lazy\" \/>\t\t\t\t\t\t\t\t\t\t\t<\/div>\n\t\t\t\t\t\t\t\t\t<\/div>\n\t<\/section>\n","protected":false},"excerpt":{"rendered":"<p>Finden Sie die Produkte, die Sie ben\u00f6tigen, indem Sie die Kriterien Ihrer Wahl ausw\u00e4hlen.<\/p>\n","protected":false},"author":1,"featured_media":0,"parent":0,"menu_order":0,"comment_status":"closed","ping_status":"closed","template":"","meta":{"inline_featured_image":false},"acf":[],"yoast_head":"<!-- This site is optimized with the Yoast SEO plugin v20.7 - https:\/\/yoast.com\/wordpress\/plugins\/seo\/ -->\n<title>Produkte - Bel Foodservice<\/title>\n<meta name=\"robots\" content=\"index, follow, max-snippet:-1, max-image-preview:large, max-video-preview:-1\" \/>\n<link rel=\"canonical\" href=\"https:\/\/www.belfoodservice.ch\/de\/produkte\/\" \/>\n<meta property=\"og:locale\" content=\"de_DE\" \/>\n<meta property=\"og:type\" content=\"article\" \/>\n<meta property=\"og:title\" content=\"Produkte - Bel Foodservice\" \/>\n<meta property=\"og:description\" content=\"Finden Sie die Produkte, die Sie ben\u00f6tigen, indem Sie die Kriterien Ihrer Wahl ausw\u00e4hlen.\" \/>\n<meta property=\"og:url\" content=\"https:\/\/www.belfoodservice.ch\/de\/produkte\/\" \/>\n<meta property=\"og:site_name\" content=\"Bel Foodservice\" \/>\n<meta property=\"article:modified_time\" content=\"2023-03-08T13:17:48+00:00\" \/>\n<meta name=\"twitter:card\" content=\"summary_large_image\" \/>\n<script type=\"application\/ld+json\" class=\"yoast-schema-graph\">{\"@context\":\"https:\/\/schema.org\",\"@graph\":[{\"@type\":\"WebPage\",\"@id\":\"https:\/\/www.belfoodservice.ch\/de\/produkte\/\",\"url\":\"https:\/\/www.belfoodservice.ch\/de\/produkte\/\",\"name\":\"Produkte - Bel Foodservice\",\"isPartOf\":{\"@id\":\"https:\/\/www.belfoodservice.ch\/de\/#website\"},\"datePublished\":\"2023-02-06T16:07:07+00:00\",\"dateModified\":\"2023-03-08T13:17:48+00:00\",\"breadcrumb\":{\"@id\":\"https:\/\/www.belfoodservice.ch\/de\/produkte\/#breadcrumb\"},\"inLanguage\":\"de-DE\",\"potentialAction\":[{\"@type\":\"ReadAction\",\"target\":[\"https:\/\/www.belfoodservice.ch\/de\/produkte\/\"]}]},{\"@type\":\"BreadcrumbList\",\"@id\":\"https:\/\/www.belfoodservice.ch\/de\/produkte\/#breadcrumb\",\"itemListElement\":[{\"@type\":\"ListItem\",\"position\":1,\"name\":\"Home\",\"item\":\"https:\/\/www.belfoodservice.ch\/de\/\"},{\"@type\":\"ListItem\",\"position\":2,\"name\":\"Produkte\"}]},{\"@type\":\"WebSite\",\"@id\":\"https:\/\/www.belfoodservice.ch\/de\/#website\",\"url\":\"https:\/\/www.belfoodservice.ch\/de\/\",\"name\":\"Bel Foodservice\",\"description\":\"\",\"publisher\":{\"@id\":\"https:\/\/www.belfoodservice.ch\/de\/#organization\"},\"potentialAction\":[{\"@type\":\"SearchAction\",\"target\":{\"@type\":\"EntryPoint\",\"urlTemplate\":\"https:\/\/www.belfoodservice.ch\/de\/?s={search_term_string}\"},\"query-input\":\"required name=search_term_string\"}],\"inLanguage\":\"de-DE\"},{\"@type\":\"Organization\",\"@id\":\"https:\/\/www.belfoodservice.ch\/de\/#organization\",\"name\":\"Bel Foodservice\",\"url\":\"https:\/\/www.belfoodservice.ch\/de\/\",\"logo\":{\"@type\":\"ImageObject\",\"inLanguage\":\"de-DE\",\"@id\":\"https:\/\/www.belfoodservice.ch\/de\/#\/schema\/logo\/image\/\",\"url\":\"https:\/\/www.belfoodservice.ch\/wp-content\/uploads\/2023\/02\/logo.png\",\"contentUrl\":\"https:\/\/www.belfoodservice.ch\/wp-content\/uploads\/2023\/02\/logo.png\",\"width\":450,\"height\":140,\"caption\":\"Bel Foodservice\"},\"image\":{\"@id\":\"https:\/\/www.belfoodservice.ch\/de\/#\/schema\/logo\/image\/\"}}]}<\/script>\n<!-- \/ Yoast SEO plugin. -->","yoast_head_json":{"title":"Produkte - Bel Foodservice","robots":{"index":"index","follow":"follow","max-snippet":"max-snippet:-1","max-image-preview":"max-image-preview:large","max-video-preview":"max-video-preview:-1"},"canonical":"https:\/\/www.belfoodservice.ch\/de\/produkte\/","og_locale":"de_DE","og_type":"article","og_title":"Produkte - Bel Foodservice","og_description":"Finden Sie die Produkte, die Sie ben\u00f6tigen, indem Sie die Kriterien Ihrer Wahl ausw\u00e4hlen.","og_url":"https:\/\/www.belfoodservice.ch\/de\/produkte\/","og_site_name":"Bel Foodservice","article_modified_time":"2023-03-08T13:17:48+00:00","twitter_card":"summary_large_image","schema":{"@context":"https:\/\/schema.org","@graph":[{"@type":"WebPage","@id":"https:\/\/www.belfoodservice.ch\/de\/produkte\/","url":"https:\/\/www.belfoodservice.ch\/de\/produkte\/","name":"Produkte - Bel Foodservice","isPartOf":{"@id":"https:\/\/www.belfoodservice.ch\/de\/#website"},"datePublished":"2023-02-06T16:07:07+00:00","dateModified":"2023-03-08T13:17:48+00:00","breadcrumb":{"@id":"https:\/\/www.belfoodservice.ch\/de\/produkte\/#breadcrumb"},"inLanguage":"de-DE","potentialAction":[{"@type":"ReadAction","target":["https:\/\/www.belfoodservice.ch\/de\/produkte\/"]}]},{"@type":"BreadcrumbList","@id":"https:\/\/www.belfoodservice.ch\/de\/produkte\/#breadcrumb","itemListElement":[{"@type":"ListItem","position":1,"name":"Home","item":"https:\/\/www.belfoodservice.ch\/de\/"},{"@type":"ListItem","position":2,"name":"Produkte"}]},{"@type":"WebSite","@id":"https:\/\/www.belfoodservice.ch\/de\/#website","url":"https:\/\/www.belfoodservice.ch\/de\/","name":"Bel Foodservice","description":"","publisher":{"@id":"https:\/\/www.belfoodservice.ch\/de\/#organization"},"potentialAction":[{"@type":"SearchAction","target":{"@type":"EntryPoint","urlTemplate":"https:\/\/www.belfoodservice.ch\/de\/?s={search_term_string}"},"query-input":"required name=search_term_string"}],"inLanguage":"de-DE"},{"@type":"Organization","@id":"https:\/\/www.belfoodservice.ch\/de\/#organization","name":"Bel Foodservice","url":"https:\/\/www.belfoodservice.ch\/de\/","logo":{"@type":"ImageObject","inLanguage":"de-DE","@id":"https:\/\/www.belfoodservice.ch\/de\/#\/schema\/logo\/image\/","url":"https:\/\/www.belfoodservice.ch\/wp-content\/uploads\/2023\/02\/logo.png","contentUrl":"https:\/\/www.belfoodservice.ch\/wp-content\/uploads\/2023\/02\/logo.png","width":450,"height":140,"caption":"Bel Foodservice"},"image":{"@id":"https:\/\/www.belfoodservice.ch\/de\/#\/schema\/logo\/image\/"}}]}},"_links":{"self":[{"href":"https:\/\/www.belfoodservice.ch\/de\/wp-json\/wp\/v2\/pages\/507"}],"collection":[{"href":"https:\/\/www.belfoodservice.ch\/de\/wp-json\/wp\/v2\/pages"}],"about":[{"href":"https:\/\/www.belfoodservice.ch\/de\/wp-json\/wp\/v2\/types\/page"}],"author":[{"embeddable":true,"href":"https:\/\/www.belfoodservice.ch\/de\/wp-json\/wp\/v2\/users\/1"}],"replies":[{"embeddable":true,"href":"https:\/\/www.belfoodservice.ch\/de\/wp-json\/wp\/v2\/comments?post=507"}],"version-history":[{"count":3,"href":"https:\/\/www.belfoodservice.ch\/de\/wp-json\/wp\/v2\/pages\/507\/revisions"}],"predecessor-version":[{"id":585,"href":"https:\/\/www.belfoodservice.ch\/de\/wp-json\/wp\/v2\/pages\/507\/revisions\/585"}],"wp:attachment":[{"href":"https:\/\/www.belfoodservice.ch\/de\/wp-json\/wp\/v2\/media?parent=507"}],"curies":[{"name":"wp","href":"https:\/\/api.w.org\/{rel}","templated":true}]}}